{"id":21247043,"date":"2023-11-23T16:41:27","date_gmt":"2023-11-23T16:41:27","guid":{"rendered":"https:\/\/improactif.com\/quienes-somos\/"},"modified":"2024-11-15T13:39:55","modified_gmt":"2024-11-15T13:39:55","slug":"quienes-somos","status":"publish","type":"page","link":"https:\/\/improactif.com\/es\/quienes-somos\/","title":{"rendered":"Qui\u00e9nes somos"},"content":{"rendered":"<p>[et_pb_section fb_built=\u00bb1&#8243; _builder_version=\u00bb4.24.0&#8243; _module_preset=\u00bbdefault\u00bb background_enable_color=\u00bboff\u00bb use_background_color_gradient=\u00bbon\u00bb background_color_gradient_direction=\u00bb90deg\u00bb background_color_gradient_stops=\u00bb#f32774 1%|rgba(216,72,113,0.95) 50%|#eb8a72 100%\u00bb background_color_gradient_overlays_image=\u00bbon\u00bb background_image=\u00bbhttps:\/\/improactif.com\/wp-content\/uploads\/2023\/12\/img_4900-1.webp\u00bb background_position=\u00bbtop_center\u00bb background_vertical_offset=\u00bb25%\u00bb custom_padding=\u00bb7%||7%||true|false\u00bb da_disable_devices=\u00bboff|off|off\u00bb locked=\u00bboff\u00bb global_colors_info=\u00bb{}\u00bb da_is_popup=\u00bboff\u00bb da_exit_intent=\u00bboff\u00bb da_has_close=\u00bbon\u00bb da_alt_close=\u00bboff\u00bb da_dark_close=\u00bboff\u00bb da_not_modal=\u00bbon\u00bb da_is_singular=\u00bboff\u00bb da_with_loader=\u00bboff\u00bb da_has_shadow=\u00bbon\u00bb][et_pb_row _builder_version=\u00bb4.24.0&#8243; _module_preset=\u00bbdefault\u00bb global_colors_info=\u00bb{}\u00bb][et_pb_column type=\u00bb4_4&#8243; _builder_version=\u00bb4.24.0&#8243; _module_preset=\u00bbdefault\u00bb global_colors_info=\u00bb{}\u00bb][ba_animated_text prefix=\u00bbAPASIONADOS DEL SECTOR\u00bb animated_text=\u00bb%91{%22valor%22:%22%22,%22comprobado%22:0,%22dragID%22:-1}%93&#8243; animation_type=\u00bbslide\u00bb slide_animation=\u00bbfadeIn\u00bb slide_gap=\u00bb2000ms\u00bb text_alignment=\u00bbcenter\u00bb layout=\u00bbblock\u00bb prefix_padding=\u00bb10px|10px|10px|0px|true|false\u00bb animated_padding=\u00bb10px|10px|10px|10px|true|true\u00bb animated_bg=\u00bbRGBA(255,255,255,0)\u00bb text_alignment_tablet=\u00bbleft\u00bb text_alignment_phone=\u00bbleft\u00bb text_alignment_last_edited=\u00bbon|tablet\u00bb animated_padding_tablet=\u00bb10px|10px|0px|10px|false|true\u00bb animated_padding_phone=\u00bb10px|10px|0px|10px|false|true\u00bb animated_padding_last_edited=\u00bbon|tablet\u00bb disabled_on=\u00bboff|off|off\u00bb _builder_version=\u00bb4.27.0&#8243; _module_preset=\u00bbdefault\u00bb animated_level=\u00bbh1&#8243; animated_font=\u00bb|700||on|||||\u00bb animated_text_color=\u00bb#000000&#8243; animated_font_size=\u00bb36px\u00bb prefix_font=\u00bb|800|||||||\u00bb custom_margin=\u00bb||-3%||false|false\u00bb custom_margin_tablet=\u00bb||-3%||false|false\u00bb custom_margin_phone=\u00bb||-6%||false|false\u00bb custom_margin_last_edited=\u00bbon|phone\u00bb custom_padding=\u00bb||||false|false\u00bb animated_font_size_tablet=\u00bb30px\u00bb animated_font_size_phone=\u00bb20px\u00bb animated_font_size_last_edited=\u00bbon|phone\u00bb global_colors_info=\u00bb{}\u00bb][\/ba_animated_text][ba_animated_text animated_text=\u00bb%91{%22valor%22:%22escuchar tus necesidades%22,%22comprobado%22:0,%22dragID%22:-1,%22value%22:%22a la escucha de sus necesidades%22,%22checked%22:0}%93&#8243; animation_type=\u00bbslide\u00bb slide_animation=\u00bbfadeIn\u00bb slide_gap=\u00bb2000ms\u00bb text_alignment=\u00bbcenter\u00bb prefix_padding=\u00bb10px|10px|10px|0px|true|false\u00bb animated_padding=\u00bb10px|10px|10px|10px|true|true\u00bb animated_bg=\u00bb#000000&#8243; animated_stroke_color=\u00bb#FFFFFF\u00bb text_alignment_tablet=\u00bbleft\u00bb text_alignment_phone=\u00bbleft\u00bb text_alignment_last_edited=\u00bbon|tablet\u00bb disabled_on=\u00bboff|off|off\u00bb _builder_version=\u00bb4.27.0&#8243; _module_preset=\u00bbdefault\u00bb animated_level=\u00bbh1&#8243; animated_font=\u00bb|800||on|||||\u00bb animated_text_color=\u00bb#FFFFFF\u00bb animated_font_size=\u00bb33px\u00bb main_font=\u00bbInter Black||||||||\u00bb custom_margin_tablet=\u00bb||||false|false\u00bb custom_margin_phone=\u00bb||||false|false\u00bb custom_margin_last_edited=\u00bbon|tablet\u00bb animated_font_size_tablet=\u00bb30px\u00bb animated_font_size_phone=\u00bb18px\u00bb animated_font_size_last_edited=\u00bbon|phone\u00bb locked=\u00bboff\u00bb global_colors_info=\u00bb{}\u00bb][\/ba_animated_text][\/et_pb_column][\/et_pb_row][et_pb_row _builder_version=\u00bb4.24.0&#8243; _module_preset=\u00bbdefault\u00bb custom_padding=\u00bb0px||0px||true|false\u00bb locked=\u00bboff\u00bb global_colors_info=\u00bb{}\u00bb][et_pb_column type=\u00bb4_4&#8243; _builder_version=\u00bb4.24.0&#8243; _module_preset=\u00bbdefault\u00bb global_colors_info=\u00bb{}\u00bb][et_pb_text content_tablet=\u00bb<\/p>\n<div style=%22display: flex; align-items: center; justify-content: center;%22><img src=%22https:\/\/improactif.com\/wp-content\/uploads\/2024\/01\/ImproActif-Icone-20-14.svg%22 width=%2250%22 height=%22300%22 alt=%22%22 class=%22wp-image-6286 alignnone size-medium%22><br \/><strong>EVENTOS DE FORMACI\u00d3N <\/strong><br \/><span style=%22font-size: 3em; font-weight: 300;%22> |<\/span><br \/><a href=%22https:\/\/improactif.com\/wp-content\/uploads\/2024\/03\/ImproActif-rechercheGraphique-562842.svg%22><img src=%22https:\/\/improactif.com\/wp-content\/uploads\/2024\/03\/ImproActif-rechercheGraphique-562842.svg%22 width=%2250%22 height=%22300%22 alt=%22%22 class=%22wp-image-18811428 alignnone size-medium%22><\/a><br \/><strong>DESARROLLO DE HABILIDADES<\/strong><br \/><span style=%22font-size: 3em; font-weight: 300;%22> |<\/span><br \/><img src=%22https:\/\/improactif.com\/wp-content\/uploads\/2024\/03\/ImproActif-Icone-2.svg%22 width=%2250%22 height=%22300%22 alt=%22%22 class=%22wp-image-18811008 alignnone size-medium%22><br \/><strong>M\u00c9TODO CERTIFICADO<\/strong><\/div>\n<p>\u00bb content_phone=\u00bb<\/p>\n<div style=%22display: flex; align-items: center; justify-content: flex-start;%22><img src=%22https:\/\/improactif.com\/wp-content\/uploads\/2024\/01\/ImproActif-Icone-20-14.svg%22 width=%2250%22 height=%22300%22 alt=%22%22 class=%22wp-image-6286 alignnone size-medium%22><br \/>\n<strong>EVENTOS DE FORMACI\u00d3N  <\/strong><\/div>\n<div style=%22display: flex; align-items: center; justify-content: flex-start;%22><a href=%22https:\/\/improactif.com\/wp-content\/uploads\/2024\/03\/ImproActif-rechercheGraphique-562842.svg%22><img src=%22https:\/\/improactif.com\/wp-content\/uploads\/2024\/03\/ImproActif-rechercheGraphique-562842.svg%22 width=%2250%22 height=%22300%22 alt=%22%22 class=%22wp-image-18811428 alignnone size-medium%22><\/a><br \/>\n<strong>DESARROLLO DE COMPETENCIAS<\/strong><\/div>\n<div style=%22display: flex; align-items: center; justify-content: flex-start;%22><img src=%22https:\/\/improactif.com\/wp-content\/uploads\/2024\/03\/ImproActif-Icone-2.svg%22 width=%2250%22 height=%22300%22 alt=%22%22 class=%22wp-image-18811008 alignnone size-medium%22><br \/>\n<strong>M\u00c9TODO CERTIFICADO<\/strong><\/div>\n<p>\u00bb content_last_edited=\u00bbon|phone\u00bb _builder_version=\u00bb4.24.0&#8243; _module_preset=\u00bbdefault\u00bb text_orientation=\u00bbcenter\u00bb global_colors_info=\u00bb{}\u00bb]<\/p>\n<div style=\"display: flex; align-items: center; justify-content: center;\"><img loading=\"lazy\" decoding=\"async\" src=\"https:\/\/improactif.com\/wp-content\/uploads\/2024\/01\/ImproActif-Icone-20-14.svg\" width=\"50\" height=\"300\" alt=\"\" class=\"wp-image-6286 alignnone size-medium\"><br \/><strong>EVENTOS DE FORMACI\u00d3N <\/strong><br \/><span style=\"font-size: 3em; font-weight: 300;\"> |<\/span><br \/><a href=\"https:\/\/improactif.com\/wp-content\/uploads\/2024\/03\/ImproActif-rechercheGraphique-562842.svg\"><img loading=\"lazy\" decoding=\"async\" src=\"https:\/\/improactif.com\/wp-content\/uploads\/2024\/03\/ImproActif-rechercheGraphique-562842.svg\" width=\"50\" height=\"300\" alt=\"\" class=\"wp-image-18811428 alignnone size-medium\"><\/a><br \/><strong>DESARROLLO DE HABILIDADES<\/strong><br \/><span style=\"font-size: 3em; font-weight: 300;\"> |<\/span><br \/><img loading=\"lazy\" decoding=\"async\" src=\"https:\/\/improactif.com\/wp-content\/uploads\/2024\/03\/ImproActif-Icone-2.svg\" width=\"50\" height=\"300\" alt=\"\" class=\"wp-image-18811008 alignnone size-medium\"><br \/><strong>M\u00c9TODO CERTIFICADO<\/strong><\/div>\n<p>[\/et_pb_text][\/et_pb_column][\/et_pb_row][et_pb_row _builder_version=\u00bb4.24.0&#8243; _module_preset=\u00bbdefault\u00bb custom_padding=\u00bb2px||1px|||\u00bb global_colors_info=\u00bb{}\u00bb][et_pb_column type=\u00bb4_4&#8243; _builder_version=\u00bb4.24.0&#8243; _module_preset=\u00bbdefault\u00bb global_colors_info=\u00bb{}\u00bb][et_pb_button button_url=\u00bbhttp:\/\/helene-farret-improactif.neocamino.fr\/13112-estas-a-un-solo-clic-de-amar-a-atreverse?neo_campaign=demande-de-contact-es&#038;neo_medium=click_popup&#038;uuid=068c8639-2952-4747-a063-551125558827&#8243; button_text=\u00bbContacta con nosotros\u00bb button_alignment=\u00bbcenter\u00bb button_alignment_tablet=\u00bbleft\u00bb button_alignment_phone=\u00bbleft\u00bb button_alignment_last_edited=\u00bbon|tablet\u00bb _builder_version=\u00bb4.27.3&#8243; _module_preset=\u00bbdefault\u00bb custom_button=\u00bbon\u00bb button_text_color=\u00bb#FFFFFF\u00bb button_bg_color=\u00bb#000000&#8243; button_border_color=\u00bb#000000&#8243; button_font=\u00bb|600|||||||\u00bb button_use_icon=\u00bboff\u00bb custom_margin=\u00bb49px||0px||false|false\u00bb custom_padding=\u00bb10px|20px|10px|20px|true|true\u00bb hover_enabled=\u00bb0&#8243; global_colors_info=\u00bb{}\u00bb button_border_color__hover_enabled=\u00bboff|hover\u00bb button_border_color__hover=\u00bb#FFFFFF\u00bb button_bg_color__hover_enabled=\u00bbon|hover\u00bb button_bg_color__hover=\u00bb#000000&#8243; button_bg_enable_color__hover=\u00bbon\u00bb button_text_color__hover_enabled=\u00bboff|hover\u00bb button_text_color__hover=\u00bb#FFFFFF\u00bb sticky_enabled=\u00bb0&#8243;][\/et_pb_button][\/et_pb_column][\/et_pb_row][\/et_pb_section][et_pb_section fb_built=\u00bb1&#8243; custom_padding_last_edited=\u00bbon|phone\u00bb _builder_version=\u00bb4.27.0&#8243; _module_preset=\u00bbdefault\u00bb background_color=\u00bb#F8F0F5&#8243; custom_padding_tablet=\u00bb\u00bb custom_padding_phone=\u00bb10px||10px||true|false\u00bb da_disable_devices=\u00bboff|off|off\u00bb global_colors_info=\u00bb{}\u00bb da_is_popup=\u00bboff\u00bb da_exit_intent=\u00bboff\u00bb da_has_close=\u00bbon\u00bb da_alt_close=\u00bboff\u00bb da_dark_close=\u00bboff\u00bb da_not_modal=\u00bbon\u00bb da_is_singular=\u00bboff\u00bb da_with_loader=\u00bboff\u00bb da_has_shadow=\u00bbon\u00bb][et_pb_row _builder_version=\u00bb4.24.0&#8243; _module_preset=\u00bbdefault\u00bb global_colors_info=\u00bb{}\u00bb][et_pb_column type=\u00bb4_4&#8243; _builder_version=\u00bb4.24.0&#8243; _module_preset=\u00bbdefault\u00bb global_colors_info=\u00bb{}\u00bb][et_pb_image src=\u00bbhttps:\/\/improactif.com\/wp-content\/uploads\/2024\/10\/osons-etre-ligne-esapce-sans-fond.webp\u00bb alt=\u00bbosons etre ligne esapce sans fond\u00bb title_text=\u00bbosons etre ligne esapce sans fond\u00bb show_bottom_space=\u00bboff\u00bb _builder_version=\u00bb4.27.0&#8243; _module_preset=\u00bbdefault\u00bb width=\u00bb65.5%\u00bb module_alignment=\u00bbcenter\u00bb global_colors_info=\u00bb{}\u00bb][\/et_pb_image][et_pb_text _builder_version=\u00bb4.27.0&#8243; _module_preset=\u00bbdefault\u00bb text_font=\u00bb|600|||||||\u00bb text_text_color=\u00bb#000000&#8243; text_font_size=\u00bb15px\u00bb text_line_height=\u00bb1.3em\u00bb header_2_font=\u00bb|800|||||||\u00bb header_2_text_align=\u00bbcenter\u00bb header_2_font_size=\u00bb33px\u00bb text_orientation=\u00bbcenter\u00bb max_width=\u00bb65%\u00bb max_width_tablet=\u00bb65%\u00bb max_width_phone=\u00bb100%\u00bb max_width_last_edited=\u00bbon|phone\u00bb module_alignment=\u00bbcenter\u00bb custom_margin=\u00bb||0.9px||false|false\u00bb locked=\u00bboff\u00bb global_colors_info=\u00bb{}\u00bb]<\/p>\n<p class=\"p1\" style=\"text-align: justify;\">IMPROACTIF naci\u00f3 de esta idea. Y creemos en <strong><span style=\"background-color: #eeaac8; padding: 1px;\">ti<\/span><\/strong>. Optimistas, alarmistas, serenos, ansiosos, impulsivos, reservados, entusiastas, esc\u00e9pticos&#8230; todos somos as\u00ed en un momento u otro. Y creemos que eso es lo que nos hace <strong><span style=\"background-color: #eeaac8; padding: 1px;\">nuestra riqueza<\/span><\/strong>. Creemos en la responsabilidad individual y colectiva. Creemos en <strong><span style=\"background-color: #eeaac8; padding: 1px;\">la magia<\/span><\/strong> de la improvisaci\u00f3n teatral. Creemos en la risa, en los cuerpos en movimiento y en nuestra <strong><span style=\"background-color: #eeaac8; padding: 1px;\">imaginaci\u00f3n<\/span><\/strong> imaginaci\u00f3n. Creemos que un coraz\u00f3n palpitante, unas piernas tambaleantes y una garganta seca son se\u00f1ales de que est\u00e1s trabajando y progresando. Tambi\u00e9n creemos que salir de tu zona de confort puede ser <strong><span style=\"background-color: #eeaac8; padding: 1px;\">divertido<\/span><\/strong>. Creemos en Marshall Rosenberg, Kabat-Zinn, Keith Johnstone, Donella Meadows, Lev Vygotski y Eric Berne. Creemos en <strong><span style=\"background-color: #eeaac8; padding: 1px;\">reuni\u00f3n<\/span><\/strong> del teatro de improvisaci\u00f3n y la ciencia cognitiva. Creemos que nos limitamos con frenos innecesarios. Creemos que la improvisaci\u00f3n es una terapia. Creemos en la oxitocina y las endorfinas, y en que la ciencia debe sacarse del laboratorio. Creemos en <strong><span style=\"background-color: #eeaac8; padding: 1px;\">Probar y Aprender<\/span><\/strong> y en que nuestros fracasos forman parte del camino.               Creemos que <strong><span style=\"background-color: #eeaac8; padding: 1px;\">ya eres la mejor versi\u00f3n de ti mismo<\/span><\/strong>. Y sobre todo&#8230;   <\/p>\n<p>[\/et_pb_text][et_pb_image src=\u00bbhttps:\/\/improactif.com\/wp-content\/uploads\/2024\/10\/aimer-oser-etroit.webp\u00bb alt=\u00bbamar atreverse a ser estrecho\u00bb title_text=\u00bbamar atreverse a ser estrecho\u00bb _builder_version=\u00bb4.27.0&#8243; _module_preset=\u00bbdefault\u00bb width=\u00bb65.5%\u00bb module_alignment=\u00bbcenter\u00bb global_colors_info=\u00bb{}\u00bb][\/et_pb_image][\/et_pb_column][\/et_pb_row][\/et_pb_section][et_pb_section fb_built=\u00bb1&#8243; custom_padding_last_edited=\u00bbon|phone\u00bb admin_label=\u00bbSection\u00bb _builder_version=\u00bb4.27.0&#8243; _module_preset=\u00bbdefault\u00bb custom_padding_tablet=\u00bb\u00bb custom_padding_phone=\u00bb10px||10px||true|false\u00bb da_disable_devices=\u00bboff|off|off\u00bb global_colors_info=\u00bb{}\u00bb da_is_popup=\u00bboff\u00bb da_exit_intent=\u00bboff\u00bb da_has_close=\u00bbon\u00bb da_alt_close=\u00bboff\u00bb da_dark_close=\u00bboff\u00bb da_not_modal=\u00bbon\u00bb da_is_singular=\u00bboff\u00bb da_with_loader=\u00bboff\u00bb da_has_shadow=\u00bbon\u00bb][et_pb_row custom_padding_last_edited=\u00bbon|phone\u00bb _builder_version=\u00bb4.25.1&#8243; _module_preset=\u00bbdefault\u00bb custom_padding_tablet=\u00bb\u00bb custom_padding_phone=\u00bb||0px||false|false\u00bb global_colors_info=\u00bb{}\u00bb][et_pb_column type=\u00bb4_4&#8243; _builder_version=\u00bb4.24.0&#8243; _module_preset=\u00bbdefault\u00bb global_colors_info=\u00bb{}\u00bb][et_pb_text _builder_version=\u00bb4.24.0&#8243; _module_preset=\u00bbdefault\u00bb header_2_font=\u00bbInter Black|800|||||||\u00bb header_2_text_align=\u00bbcenter\u00bb header_2_font_size=\u00bb33px\u00bb header_2_font_size_tablet=\u00bb26px\u00bb header_2_font_size_phone=\u00bb20px\u00bb header_2_font_size_last_edited=\u00bbon|tablet\u00bb locked=\u00bboff\u00bb global_colors_info=\u00bb{}\u00bb]<\/p>\n<h2>Pasi\u00f3n + calidad<br \/>\u00a1un equipo irresistible de entrenadores de improvisaci\u00f3n!<\/h2>\n<p>[\/et_pb_text][\/et_pb_column][\/et_pb_row][et_pb_row _builder_version=\u00bb4.24.0&#8243; _module_preset=\u00bbdefault\u00bb width=\u00bb90%\u00bb width_tablet=\u00bb\u00bb width_phone=\u00bb100%\u00bb width_last_edited=\u00bbon|phone\u00bb global_colors_info=\u00bb{}\u00bb][et_pb_column type=\u00bb4_4&#8243; _builder_version=\u00bb4.24.0&#8243; _module_preset=\u00bbdefault\u00bb global_colors_info=\u00bb{}\u00bb][dipi_image_hotspot img_src=\u00bbhttps:\/\/improactif.com\/wp-content\/uploads\/2024\/04\/ImproActif-Equipe-2.svg\u00bb disabled_on=\u00bbon|off|off\u00bb _builder_version=\u00bb4.27.0&#8243; _module_preset=\u00bbdefault\u00bb max_width=\u00bb100%\u00bb max_width_tablet=\u00bb100%\u00bb max_width_phone=\u00bb100%\u00bb max_width_last_edited=\u00bbon|phone\u00bb module_alignment=\u00bbcenter\u00bb global_colors_info=\u00bb{}\u00bb][dipi_image_hotspot_child title=\u00bb\u00cele-de-France\u00bb use_hotspot_icon=\u00bbon\u00bb hotspot_icon=\u00bb&#x5c;||divi||400&#8243; hotspot_icon_color=\u00bb#FFFFFF\u00bb hotspot_icon_padding=\u00bb15px|15px|15px|15px|true|true\u00bb hotspot_ripple_effect=\u00bbon\u00bb hotspot_ripple_effect_style=\u00bbstyle-2&#8243; hotspot_ripple_effect_color=\u00bb#FFFFFF\u00bb hotspot_position_vertical=\u00bb39.3%\u00bb hotspot_position_horizontal=\u00bb39.5%\u00bb tooltip_img_src=\u00bbhttps:\/\/improactif.com\/wp-content\/uploads\/2024\/02\/paris.webp\u00bb tooltip_image_width=\u00bb300px\u00bb tooltip_title=\u00bb\u00cele-de-France\u00bb show_tooltip_button=\u00bbon\u00bb tooltip_button_text=\u00bbM\u00e1s informaci\u00f3n\u00bb tooltip_button_link=\u00bb#paris\u00bb tooltip_position=\u00bbbottom\u00bb use_tooltip_arrow=\u00bbon\u00bb arrow_color=\u00bb#FFFFFF\u00bb tooltip_padding=\u00bb20px|20px|20px|20px|true|true\u00bb hotspot_position_vertical_tablet=\u00bb31%\u00bb hotspot_position_vertical_phone=\u00bb29%\u00bb hotspot_position_vertical_last_edited=\u00bbon|phone\u00bb hotspot_position_horizontal_tablet=\u00bb38%\u00bb hotspot_position_horizontal_phone=\u00bb47.5%\u00bb hotspot_position_horizontal_last_edited=\u00bbon|tablet\u00bb _builder_version=\u00bb4.24.0&#8243; _module_preset=\u00bbdefault\u00bb tooltip_title_level=\u00bbh3&#8243; tooltip_title_font_size=\u00bb20px\u00bb custom_tooltip_button=\u00bbon\u00bb tooltip_button_text_size=\u00bb16px\u00bb tooltip_button_text_color=\u00bb#FFFFFF\u00bb tooltip_button_bg_color=\u00bb#000000&#8243; tooltip_button_use_icon=\u00bboff\u00bb custom_padding=\u00bb||||false|false\u00bb box_shadow_style_tooltip_box=\u00bbpreset1&#8243; box_shadow_color_tooltip_box=\u00bbrgba(0,0,0,0.2)\u00bb global_colors_info=\u00bb{}\u00bb][\/dipi_image_hotspot_child][dipi_image_hotspot_child title=\u00bbNoroeste\u00bb use_hotspot_icon=\u00bbon\u00bb hotspot_icon=\u00bb&#x5c;||divi||400&#8243; hotspot_icon_color=\u00bb#FFFFFF\u00bb hotspot_icon_padding=\u00bb15px|15px|15px|15px|true|true\u00bb hotspot_ripple_effect=\u00bbon\u00bb hotspot_ripple_effect_style=\u00bbstyle-2&#8243; hotspot_ripple_effect_color=\u00bb#FFFFFF\u00bb hotspot_position_vertical=\u00bb41%\u00bb hotspot_position_horizontal=\u00bb35.5%\u00bb tooltip_img_src=\u00bbhttps:\/\/improactif.com\/wp-content\/uploads\/2024\/03\/nord-ouest-01.webp\u00bb tooltip_image_width=\u00bb300px\u00bb tooltip_title=\u00bbNoroeste\u00bb show_tooltip_button=\u00bbon\u00bb tooltip_button_text=\u00bbM\u00e1s informaci\u00f3n\u00bb tooltip_button_link=\u00bb#nord-ouest\u00bb tooltip_position=\u00bbbottom\u00bb use_tooltip_arrow=\u00bbon\u00bb arrow_color=\u00bb#FFFFFF\u00bb tooltip_padding=\u00bb20px|20px|20px|20px|true|true\u00bb hotspot_position_vertical_tablet=\u00bb33.3%\u00bb hotspot_position_vertical_phone=\u00bb30%\u00bb hotspot_position_vertical_last_edited=\u00bbon|phone\u00bb hotspot_position_horizontal_tablet=\u00bb33.3%\u00bb hotspot_position_horizontal_phone=\u00bb29%\u00bb hotspot_position_horizontal_last_edited=\u00bbon|phone\u00bb _builder_version=\u00bb4.24.0&#8243; _module_preset=\u00bbdefault\u00bb tooltip_title_level=\u00bbh3&#8243; tooltip_title_font_size=\u00bb20px\u00bb custom_tooltip_button=\u00bbon\u00bb tooltip_button_text_size=\u00bb16px\u00bb tooltip_button_text_color=\u00bb#FFFFFF\u00bb tooltip_button_bg_color=\u00bb#000000&#8243; tooltip_button_use_icon=\u00bboff\u00bb custom_padding=\u00bb||||false|false\u00bb box_shadow_style_tooltip_box=\u00bbpreset1&#8243; box_shadow_color_tooltip_box=\u00bbrgba(0,0,0,0.2)\u00bb global_colors_info=\u00bb{}\u00bb][\/dipi_image_hotspot_child][dipi_image_hotspot_child title=\u00bbNoreste\u00bb use_hotspot_icon=\u00bbon\u00bb hotspot_icon=\u00bb&#x5c;||divi||400&#8243; hotspot_icon_color=\u00bb#FFFFFF\u00bb hotspot_icon_padding=\u00bb15px|15px|15px|15px|true|true\u00bb hotspot_ripple_effect=\u00bbon\u00bb hotspot_ripple_effect_style=\u00bbstyle-2&#8243; hotspot_ripple_effect_color=\u00bb#FFFFFF\u00bb hotspot_position_vertical=\u00bb41.3%\u00bb hotspot_position_horizontal=\u00bb44%\u00bb tooltip_img_src=\u00bbhttps:\/\/improactif.com\/wp-content\/uploads\/2024\/02\/nord-est.webp\u00bb tooltip_image_width=\u00bb300px\u00bb tooltip_title=\u00bbNoreste\u00bb show_tooltip_button=\u00bbon\u00bb tooltip_button_text=\u00bbM\u00e1s informaci\u00f3n\u00bb tooltip_button_link=\u00bb#nord-est\u00bb tooltip_position=\u00bbbottom\u00bb use_tooltip_arrow=\u00bbon\u00bb arrow_color=\u00bb#FFFFFF\u00bb tooltip_padding=\u00bb20px|20px|20px|20px|true|true\u00bb hotspot_position_vertical_tablet=\u00bb33%\u00bb hotspot_position_vertical_phone=\u00bb29%\u00bb hotspot_position_vertical_last_edited=\u00bbon|phone\u00bb hotspot_position_horizontal_tablet=\u00bb43.2%\u00bb hotspot_position_horizontal_phone=\u00bb66%\u00bb hotspot_position_horizontal_last_edited=\u00bbon|phone\u00bb _builder_version=\u00bb4.24.0&#8243; _module_preset=\u00bbdefault\u00bb tooltip_title_level=\u00bbh3&#8243; tooltip_title_font_size=\u00bb20px\u00bb custom_tooltip_button=\u00bbon\u00bb tooltip_button_text_size=\u00bb16px\u00bb tooltip_button_text_color=\u00bb#FFFFFF\u00bb tooltip_button_bg_color=\u00bb#000000&#8243; tooltip_button_use_icon=\u00bboff\u00bb custom_padding=\u00bb||||false|false\u00bb box_shadow_style_tooltip_box=\u00bbpreset1&#8243; box_shadow_color_tooltip_box=\u00bbrgba(0,0,0,0.2)\u00bb global_colors_info=\u00bb{}\u00bb][\/dipi_image_hotspot_child][dipi_image_hotspot_child title=\u00bbSureste\u00bb use_hotspot_icon=\u00bbon\u00bb hotspot_icon=\u00bb&#x5c;||divi||400&#8243; hotspot_icon_color=\u00bb#FFFFFF\u00bb hotspot_icon_padding=\u00bb15px|15px|15px|15px|true|true\u00bb hotspot_ripple_effect=\u00bbon\u00bb hotspot_ripple_effect_style=\u00bbstyle-2&#8243; hotspot_ripple_effect_color=\u00bb#FFFFFF\u00bb hotspot_position_vertical=\u00bb53.4%\u00bb hotspot_position_horizontal=\u00bb44%\u00bb tooltip_img_src=\u00bbhttps:\/\/improactif.com\/wp-content\/uploads\/2024\/02\/sud-est.webp\u00bb tooltip_image_width=\u00bb300px\u00bb tooltip_title=\u00bbSureste\u00bb show_tooltip_button=\u00bbon\u00bb tooltip_button_text=\u00bbM\u00e1s informaci\u00f3n\u00bb tooltip_button_link=\u00bb#sud-est\u00bb tooltip_position=\u00bbbottom\u00bb use_tooltip_arrow=\u00bbon\u00bb arrow_color=\u00bb#FFFFFF\u00bb tooltip_padding=\u00bb20px|20px|20px|20px|true|true\u00bb hotspot_position_vertical_tablet=\u00bb45.7%\u00bb hotspot_position_vertical_phone=\u00bb57%\u00bb hotspot_position_vertical_last_edited=\u00bbon|phone\u00bb hotspot_position_horizontal_tablet=\u00bb42.3%\u00bb hotspot_position_horizontal_phone=\u00bb64%\u00bb hotspot_position_horizontal_last_edited=\u00bbon|phone\u00bb _builder_version=\u00bb4.24.0&#8243; _module_preset=\u00bbdefault\u00bb tooltip_title_level=\u00bbh3&#8243; tooltip_title_font_size=\u00bb20px\u00bb custom_tooltip_button=\u00bbon\u00bb tooltip_button_text_size=\u00bb16px\u00bb tooltip_button_text_color=\u00bb#FFFFFF\u00bb tooltip_button_bg_color=\u00bb#000000&#8243; tooltip_button_use_icon=\u00bboff\u00bb custom_padding=\u00bb||||false|false\u00bb box_shadow_style_tooltip_box=\u00bbpreset1&#8243; box_shadow_color_tooltip_box=\u00bbrgba(0,0,0,0.2)\u00bb global_colors_info=\u00bb{}\u00bb][\/dipi_image_hotspot_child][dipi_image_hotspot_child title=\u00bbSuroeste\u00bb use_hotspot_icon=\u00bbon\u00bb hotspot_icon=\u00bb&#x5c;||divi||400&#8243; hotspot_icon_color=\u00bb#FFFFFF\u00bb hotspot_icon_padding=\u00bb15px|15px|15px|15px|true|true\u00bb hotspot_ripple_effect=\u00bbon\u00bb hotspot_ripple_effect_style=\u00bbstyle-2&#8243; hotspot_ripple_effect_color=\u00bb#FFFFFF\u00bb hotspot_position_vertical=\u00bb56%\u00bb hotspot_position_horizontal=\u00bb37%\u00bb tooltip_img_src=\u00bbhttps:\/\/improactif.com\/wp-content\/uploads\/2024\/09\/sud-ouest-1-scaled.webp\u00bb tooltip_image_width=\u00bb300px\u00bb tooltip_title=\u00bbSuroeste\u00bb show_tooltip_button=\u00bbon\u00bb tooltip_button_text=\u00bbM\u00e1s informaci\u00f3n\u00bb tooltip_button_link=\u00bb#sud-ouest\u00bb tooltip_position=\u00bbbottom\u00bb use_tooltip_arrow=\u00bbon\u00bb arrow_color=\u00bb#FFFFFF\u00bb tooltip_padding=\u00bb20px|20px|20px|20px|true|true\u00bb hotspot_position_vertical_tablet=\u00bb48%\u00bb hotspot_position_vertical_phone=\u00bb58.5%\u00bb hotspot_position_vertical_last_edited=\u00bbon|phone\u00bb hotspot_position_horizontal_tablet=\u00bb35.1%\u00bb hotspot_position_horizontal_phone=\u00bb32.7%\u00bb hotspot_position_horizontal_last_edited=\u00bbon|phone\u00bb _builder_version=\u00bb4.27.0&#8243; _module_preset=\u00bbdefault\u00bb tooltip_title_level=\u00bbh3&#8243; tooltip_title_font_size=\u00bb20px\u00bb custom_tooltip_button=\u00bbon\u00bb tooltip_button_text_size=\u00bb16px\u00bb tooltip_button_text_color=\u00bb#FFFFFF\u00bb tooltip_button_bg_color=\u00bb#000000&#8243; tooltip_button_use_icon=\u00bboff\u00bb custom_padding=\u00bb||||false|false\u00bb box_shadow_style_tooltip_box=\u00bbpreset1&#8243; box_shadow_color_tooltip_box=\u00bbrgba(0,0,0,0.2)\u00bb global_colors_info=\u00bb{}\u00bb][\/dipi_image_hotspot_child][dipi_image_hotspot_child title=\u00bbComit\u00e9 de Direcci\u00f3n\u00bb use_hotspot_icon=\u00bbon\u00bb hotspot_icon=\u00bb&#x5c;||divi||400&#8243; hotspot_icon_color=\u00bb#D02B71&#8243; hotspot_icon_padding=\u00bb15px|15px|15px|15px|true|true\u00bb hotspot_ripple_effect=\u00bbon\u00bb hotspot_ripple_effect_style=\u00bbstyle-2&#8243; hotspot_ripple_effect_color=\u00bb#D02B71&#8243; hotspot_position_vertical=\u00bb21%\u00bb hotspot_position_horizontal=\u00bb11.5%\u00bb tooltip_img_src=\u00bbhttps:\/\/improactif.com\/wp-content\/uploads\/2024\/02\/equipe-de-direction_-1.webp\u00bb tooltip_image_width=\u00bb300px\u00bb tooltip_title=\u00bbEl comit\u00e9 directivo\u00bb tooltip_desc=\u00bb<\/p>\n<p>Desarrollar y supervisar tus proyectos, garantizar la coherencia pedag\u00f3gica, la innovaci\u00f3n, la comunicaci\u00f3n, la calidad de<br \/>y el seguimiento administrativo, hacer que se respete tu misi\u00f3n&#8230; \u00a1a tu servicio cada d\u00eda,<br \/>es el equipo 100% IMPROACTIVO!<\/p>\n<p>\u00bb show_tooltip_button=\u00bbon\u00bb tooltip_button_text=\u00bbM\u00e1s informaci\u00f3n\u00bb tooltip_button_link=\u00bb#pilotage\u00bb tooltip_position=\u00bbbottom\u00bb use_tooltip_arrow=\u00bbon\u00bb arrow_color=\u00bb#FFFFFF\u00bb tooltip_padding=\u00bb20px|20px|20px|20px|true|true\u00bb hotspot_position_vertical_tablet=\u00bb13.6%\u00bb hotspot_position_vertical_phone=\u00bb58.5%\u00bb hotspot_position_vertical_last_edited=\u00bbon|phone\u00bb hotspot_position_horizontal_tablet=\u00bb10%\u00bb hotspot_position_horizontal_phone=\u00bb32.7%\u00bb hotspot_position_horizontal_last_edited=\u00bbon|phone\u00bb _builder_version=\u00bb4.27.0&#8243; _module_preset=\u00bbdefault\u00bb tooltip_title_level=\u00bbh3&#8243; tooltip_title_font_size=\u00bb20px\u00bb custom_tooltip_button=\u00bbon\u00bb tooltip_button_text_size=\u00bb16px\u00bb tooltip_button_text_color=\u00bb#FFFFFF\u00bb tooltip_button_bg_color=\u00bb#000000&#8243; tooltip_button_use_icon=\u00bboff\u00bb custom_padding=\u00bb||||false|false\u00bb box_shadow_style_tooltip_box=\u00bbpreset1&#8243; box_shadow_color_tooltip_box=\u00bbrgba(0,0,0,0.2)\u00bb global_colors_info=\u00bb{}\u00bb][\/dipi_image_hotspot_child][dipi_image_hotspot_child title=\u00bbConsejo de expertos\u00bb use_hotspot_icon=\u00bbon\u00bb hotspot_icon=\u00bb&#x5c;||divi||400&#8243; hotspot_icon_color=\u00bb#D02B71&#8243; hotspot_icon_padding=\u00bb15px|15px|15px|15px|true|true\u00bb hotspot_ripple_effect=\u00bbon\u00bb hotspot_ripple_effect_style=\u00bbstyle-2&#8243; hotspot_ripple_effect_color=\u00bb#D02B71&#8243; hotspot_position_vertical=\u00bb25%\u00bb hotspot_position_horizontal=\u00bb83.5%\u00bb tooltip_img_src=\u00bbhttps:\/\/improactif.com\/wp-content\/uploads\/2024\/09\/tt2-001.webp\u00bb tooltip_image_width=\u00bb300px\u00bb tooltip_title=\u00bbConsejo de expertos\u00bb tooltip_desc=\u00bb<\/p>\n<p>An\u00e1lisis, ideas, recomendaciones sobre sus temas preferidos: medio ambiente,<br \/>recursos humanos, social, educaci\u00f3n. Como asesores estrat\u00e9gicos, nuestros especialistas ofrecen su experiencia para satisfacer tus necesidades.   <\/p>\n<p>\u00bb show_tooltip_button=\u00bbon\u00bb tooltip_button_text=\u00bbM\u00e1s informaci\u00f3n\u00bb tooltip_button_link=\u00bb#expert\u00bb tooltip_position=\u00bbbottom\u00bb use_tooltip_arrow=\u00bbon\u00bb arrow_color=\u00bb#FFFFFF\u00bb tooltip_padding=\u00bb20px|20px|20px|20px|true|true\u00bb hotspot_position_vertical_tablet=\u00bb18.5%\u00bb hotspot_position_vertical_phone=\u00bb58.5%\u00bb hotspot_position_vertical_last_edited=\u00bbon|phone\u00bb hotspot_position_horizontal_tablet=\u00bb81.5%\u00bb hotspot_position_horizontal_phone=\u00bb32.7%\u00bb hotspot_position_horizontal_last_edited=\u00bbon|phone\u00bb _builder_version=\u00bb4.27.0&#8243; _module_preset=\u00bbdefault\u00bb tooltip_title_level=\u00bbh3&#8243; tooltip_title_font_size=\u00bb20px\u00bb custom_tooltip_button=\u00bbon\u00bb tooltip_button_text_size=\u00bb16px\u00bb tooltip_button_text_color=\u00bb#FFFFFF\u00bb tooltip_button_bg_color=\u00bb#000000&#8243; tooltip_button_use_icon=\u00bboff\u00bb custom_padding=\u00bb||||false|false\u00bb box_shadow_style_tooltip_box=\u00bbpreset1&#8243; box_shadow_color_tooltip_box=\u00bbrgba(0,0,0,0.2)\u00bb global_colors_info=\u00bb{}\u00bb][\/dipi_image_hotspot_child][\/dipi_image_hotspot][dipi_image_hotspot img_src=\u00bbhttps:\/\/improactif.com\/wp-content\/uploads\/2024\/02\/ImproActif-Equipe-Small.svg\u00bb disabled_on=\u00bboff|on|on\u00bb _builder_version=\u00bb4.27.0&#8243; _module_preset=\u00bbdefault\u00bb max_width=\u00bb100%\u00bb max_width_tablet=\u00bb100%\u00bb max_width_phone=\u00bb100%\u00bb max_width_last_edited=\u00bbon|phone\u00bb module_alignment=\u00bbcenter\u00bb global_colors_info=\u00bb{}\u00bb][dipi_image_hotspot_child title=\u00bb\u00cele-de-France\u00bb use_hotspot_icon=\u00bbon\u00bb hotspot_icon=\u00bb&#x5c;||divi||400&#8243; hotspot_icon_color=\u00bb#FFFFFF\u00bb hotspot_icon_padding=\u00bb15px|15px|15px|15px|true|true\u00bb hotspot_ripple_effect=\u00bbon\u00bb hotspot_ripple_effect_style=\u00bbstyle-2&#8243; hotspot_ripple_effect_color=\u00bb#FFFFFF\u00bb hotspot_position_vertical=\u00bb34%\u00bb hotspot_position_horizontal=\u00bb39.5%\u00bb tooltip_img_src=\u00bbhttps:\/\/improactif.com\/wp-content\/uploads\/2024\/02\/paris.webp\u00bb tooltip_image_width=\u00bb300px\u00bb tooltip_title=\u00bb\u00cele-de-France\u00bb show_tooltip_button=\u00bbon\u00bb tooltip_button_text=\u00bbM\u00e1s informaci\u00f3n\u00bb tooltip_button_link=\u00bb#paris\u00bb tooltip_position=\u00bbbottom\u00bb use_tooltip_arrow=\u00bbon\u00bb arrow_color=\u00bb#FFFFFF\u00bb tooltip_padding=\u00bb20px|20px|20px|20px|true|true\u00bb hotspot_position_vertical_tablet=\u00bb31%\u00bb hotspot_position_vertical_phone=\u00bb33%\u00bb hotspot_position_vertical_last_edited=\u00bbon|phone\u00bb hotspot_position_horizontal_tablet=\u00bb38%\u00bb hotspot_position_horizontal_phone=\u00bb36.7%\u00bb hotspot_position_horizontal_last_edited=\u00bbon|tablet\u00bb _builder_version=\u00bb4.24.0&#8243; _module_preset=\u00bbdefault\u00bb tooltip_title_level=\u00bbh3&#8243; tooltip_title_font_size=\u00bb20px\u00bb custom_tooltip_button=\u00bbon\u00bb tooltip_button_text_size=\u00bb16px\u00bb tooltip_button_text_color=\u00bb#FFFFFF\u00bb tooltip_button_bg_color=\u00bb#000000&#8243; tooltip_button_use_icon=\u00bboff\u00bb custom_padding=\u00bb||||false|false\u00bb box_shadow_style_tooltip_box=\u00bbpreset1&#8243; box_shadow_color_tooltip_box=\u00bbrgba(0,0,0,0.2)\u00bb global_colors_info=\u00bb{}\u00bb][\/dipi_image_hotspot_child][dipi_image_hotspot_child title=\u00bbNoroeste\u00bb use_hotspot_icon=\u00bbon\u00bb hotspot_icon=\u00bb&#x5c;||divi||400&#8243; hotspot_icon_color=\u00bb#FFFFFF\u00bb hotspot_icon_padding=\u00bb15px|15px|15px|15px|true|true\u00bb hotspot_ripple_effect=\u00bbon\u00bb hotspot_ripple_effect_style=\u00bbstyle-2&#8243; hotspot_ripple_effect_color=\u00bb#FFFFFF\u00bb hotspot_position_vertical=\u00bb35%\u00bb hotspot_position_horizontal=\u00bb35.5%\u00bb tooltip_img_src=\u00bbhttps:\/\/improactif.com\/wp-content\/uploads\/2024\/03\/nord-ouest-01.webp\u00bb tooltip_image_width=\u00bb300px\u00bb tooltip_title=\u00bbNoroeste\u00bb show_tooltip_button=\u00bbon\u00bb tooltip_button_text=\u00bbM\u00e1s informaci\u00f3n\u00bb tooltip_button_link=\u00bb#nord-ouest\u00bb tooltip_position=\u00bbbottom\u00bb use_tooltip_arrow=\u00bbon\u00bb arrow_color=\u00bb#FFFFFF\u00bb tooltip_padding=\u00bb20px|20px|20px|20px|true|true\u00bb hotspot_position_vertical_tablet=\u00bb33.3%\u00bb hotspot_position_vertical_phone=\u00bb35%\u00bb hotspot_position_vertical_last_edited=\u00bbon|phone\u00bb hotspot_position_horizontal_tablet=\u00bb33.3%\u00bb hotspot_position_horizontal_phone=\u00bb27.8%\u00bb hotspot_position_horizontal_last_edited=\u00bbon|phone\u00bb _builder_version=\u00bb4.24.0&#8243; _module_preset=\u00bbdefault\u00bb tooltip_title_level=\u00bbh3&#8243; tooltip_title_font_size=\u00bb20px\u00bb custom_tooltip_button=\u00bbon\u00bb tooltip_button_text_size=\u00bb16px\u00bb tooltip_button_text_color=\u00bb#FFFFFF\u00bb tooltip_button_bg_color=\u00bb#000000&#8243; tooltip_button_use_icon=\u00bboff\u00bb custom_padding=\u00bb||||false|false\u00bb box_shadow_style_tooltip_box=\u00bbpreset1&#8243; box_shadow_color_tooltip_box=\u00bbrgba(0,0,0,0.2)\u00bb global_colors_info=\u00bb{}\u00bb][\/dipi_image_hotspot_child][dipi_image_hotspot_child title=\u00bbNoreste\u00bb use_hotspot_icon=\u00bbon\u00bb hotspot_icon=\u00bb&#x5c;||divi||400&#8243; hotspot_icon_color=\u00bb#FFFFFF\u00bb hotspot_icon_padding=\u00bb15px|15px|15px|15px|true|true\u00bb hotspot_ripple_effect=\u00bbon\u00bb hotspot_ripple_effect_style=\u00bbstyle-2&#8243; hotspot_ripple_effect_color=\u00bb#FFFFFF\u00bb hotspot_position_vertical=\u00bb35%\u00bb hotspot_position_horizontal=\u00bb44%\u00bb tooltip_img_src=\u00bbhttps:\/\/improactif.com\/wp-content\/uploads\/2024\/02\/nord-est.webp\u00bb tooltip_image_width=\u00bb300px\u00bb tooltip_title=\u00bbNoreste\u00bb show_tooltip_button=\u00bbon\u00bb tooltip_button_text=\u00bbM\u00e1s informaci\u00f3n\u00bb tooltip_button_link=\u00bb#nord-est\u00bb tooltip_position=\u00bbbottom\u00bb use_tooltip_arrow=\u00bbon\u00bb arrow_color=\u00bb#FFFFFF\u00bb tooltip_padding=\u00bb20px|20px|20px|20px|true|true\u00bb hotspot_position_vertical_tablet=\u00bb33%\u00bb hotspot_position_vertical_phone=\u00bb33.7%\u00bb hotspot_position_vertical_last_edited=\u00bbon|phone\u00bb hotspot_position_horizontal_tablet=\u00bb43.2%\u00bb hotspot_position_horizontal_phone=\u00bb45.5%\u00bb hotspot_position_horizontal_last_edited=\u00bbon|phone\u00bb _builder_version=\u00bb4.24.0&#8243; _module_preset=\u00bbdefault\u00bb tooltip_title_level=\u00bbh3&#8243; tooltip_title_font_size=\u00bb20px\u00bb custom_tooltip_button=\u00bbon\u00bb tooltip_button_text_size=\u00bb16px\u00bb tooltip_button_text_color=\u00bb#FFFFFF\u00bb tooltip_button_bg_color=\u00bb#000000&#8243; tooltip_button_use_icon=\u00bboff\u00bb custom_padding=\u00bb||||false|false\u00bb box_shadow_style_tooltip_box=\u00bbpreset1&#8243; box_shadow_color_tooltip_box=\u00bbrgba(0,0,0,0.2)\u00bb global_colors_info=\u00bb{}\u00bb][\/dipi_image_hotspot_child][dipi_image_hotspot_child title=\u00bbSureste\u00bb use_hotspot_icon=\u00bbon\u00bb hotspot_icon=\u00bb&#x5c;||divi||400&#8243; hotspot_icon_color=\u00bb#FFFFFF\u00bb hotspot_icon_padding=\u00bb15px|15px|15px|15px|true|true\u00bb hotspot_ripple_effect=\u00bbon\u00bb hotspot_ripple_effect_style=\u00bbstyle-2&#8243; hotspot_ripple_effect_color=\u00bb#FFFFFF\u00bb hotspot_position_vertical=\u00bb49.5%\u00bb hotspot_position_horizontal=\u00bb44%\u00bb tooltip_img_src=\u00bbhttps:\/\/improactif.com\/wp-content\/uploads\/2024\/02\/sud-est.webp\u00bb tooltip_image_width=\u00bb300px\u00bb tooltip_title=\u00bbSureste\u00bb show_tooltip_button=\u00bbon\u00bb tooltip_button_text=\u00bbM\u00e1s informaci\u00f3n\u00bb tooltip_button_link=\u00bb#sud-est\u00bb tooltip_position=\u00bbbottom\u00bb use_tooltip_arrow=\u00bbon\u00bb arrow_color=\u00bb#FFFFFF\u00bb tooltip_padding=\u00bb20px|20px|20px|20px|true|true\u00bb hotspot_position_vertical_tablet=\u00bb45.7%\u00bb hotspot_position_vertical_phone=\u00bb46.9%\u00bb hotspot_position_vertical_last_edited=\u00bbon|phone\u00bb hotspot_position_horizontal_tablet=\u00bb42.3%\u00bb hotspot_position_horizontal_phone=\u00bb42.7%\u00bb hotspot_position_horizontal_last_edited=\u00bbon|phone\u00bb _builder_version=\u00bb4.24.0&#8243; _module_preset=\u00bbdefault\u00bb tooltip_title_level=\u00bbh3&#8243; tooltip_title_font_size=\u00bb20px\u00bb custom_tooltip_button=\u00bbon\u00bb tooltip_button_text_size=\u00bb16px\u00bb tooltip_button_text_color=\u00bb#FFFFFF\u00bb tooltip_button_bg_color=\u00bb#000000&#8243; tooltip_button_use_icon=\u00bboff\u00bb custom_padding=\u00bb||||false|false\u00bb box_shadow_style_tooltip_box=\u00bbpreset1&#8243; box_shadow_color_tooltip_box=\u00bbrgba(0,0,0,0.2)\u00bb global_colors_info=\u00bb{}\u00bb][\/dipi_image_hotspot_child][dipi_image_hotspot_child title=\u00bbSuroeste\u00bb use_hotspot_icon=\u00bbon\u00bb hotspot_icon=\u00bb&#x5c;||divi||400&#8243; hotspot_icon_color=\u00bb#FFFFFF\u00bb hotspot_icon_padding=\u00bb15px|15px|15px|15px|true|true\u00bb hotspot_ripple_effect=\u00bbon\u00bb hotspot_ripple_effect_style=\u00bbstyle-2&#8243; hotspot_ripple_effect_color=\u00bb#FFFFFF\u00bb hotspot_position_vertical=\u00bb50%\u00bb hotspot_position_horizontal=\u00bb37%\u00bb tooltip_img_src=\u00bbhttps:\/\/improactif.com\/wp-content\/uploads\/2024\/09\/sud-ouest-1-scaled.webp\u00bb tooltip_image_width=\u00bb300px\u00bb tooltip_title=\u00bbSuroeste\u00bb show_tooltip_button=\u00bbon\u00bb tooltip_button_text=\u00bbM\u00e1s informaci\u00f3n\u00bb tooltip_button_link=\u00bb#sud-ouest\u00bb tooltip_position=\u00bbbottom\u00bb use_tooltip_arrow=\u00bbon\u00bb arrow_color=\u00bb#FFFFFF\u00bb tooltip_padding=\u00bb20px|20px|20px|20px|true|true\u00bb hotspot_position_vertical_tablet=\u00bb48%\u00bb hotspot_position_vertical_phone=\u00bb49.2%\u00bb hotspot_position_vertical_last_edited=\u00bbon|phone\u00bb hotspot_position_horizontal_tablet=\u00bb35.1%\u00bb hotspot_position_horizontal_phone=\u00bb29%\u00bb hotspot_position_horizontal_last_edited=\u00bbon|phone\u00bb _builder_version=\u00bb4.27.0&#8243; _module_preset=\u00bbdefault\u00bb tooltip_title_level=\u00bbh3&#8243; tooltip_title_font_size=\u00bb20px\u00bb custom_tooltip_button=\u00bbon\u00bb tooltip_button_text_size=\u00bb16px\u00bb tooltip_button_text_color=\u00bb#FFFFFF\u00bb tooltip_button_bg_color=\u00bb#000000&#8243; tooltip_button_use_icon=\u00bboff\u00bb custom_padding=\u00bb||||false|false\u00bb box_shadow_style_tooltip_box=\u00bbpreset1&#8243; box_shadow_color_tooltip_box=\u00bbrgba(0,0,0,0.2)\u00bb global_colors_info=\u00bb{}\u00bb][\/dipi_image_hotspot_child][dipi_image_hotspot_child title=\u00bbComit\u00e9 de Direcci\u00f3n\u00bb use_hotspot_icon=\u00bbon\u00bb hotspot_icon=\u00bb&#x5c;||divi||400&#8243; hotspot_icon_color=\u00bb#D02B71&#8243; hotspot_icon_padding=\u00bb15px|15px|15px|15px|true|true\u00bb hotspot_ripple_effect=\u00bbon\u00bb hotspot_ripple_effect_style=\u00bbstyle-2&#8243; hotspot_ripple_effect_color=\u00bb#D02B71&#8243; hotspot_position_vertical=\u00bb15.7%\u00bb hotspot_position_horizontal=\u00bb11.5%\u00bb tooltip_img_src=\u00bbhttps:\/\/improactif.com\/wp-content\/uploads\/2024\/02\/equipe-de-direction_-1.webp\u00bb tooltip_image_width=\u00bb300px\u00bb tooltip_title=\u00bbEl comit\u00e9 directivo\u00bb show_tooltip_button=\u00bbon\u00bb tooltip_button_text=\u00bbM\u00e1s informaci\u00f3n\u00bb tooltip_button_link=\u00bb#pilotage\u00bb tooltip_position=\u00bbbottom\u00bb use_tooltip_arrow=\u00bbon\u00bb arrow_color=\u00bb#FFFFFF\u00bb tooltip_padding=\u00bb20px|20px|20px|20px|true|true\u00bb hotspot_position_vertical_tablet=\u00bb13.6%\u00bb hotspot_position_vertical_phone=\u00bb10.2%\u00bb hotspot_position_vertical_last_edited=\u00bbon|phone\u00bb hotspot_position_horizontal_tablet=\u00bb10%\u00bb hotspot_position_horizontal_phone=\u00bb41.3%\u00bb hotspot_position_horizontal_last_edited=\u00bbon|phone\u00bb _builder_version=\u00bb4.27.0&#8243; _module_preset=\u00bbdefault\u00bb tooltip_title_level=\u00bbh3&#8243; tooltip_title_font_size=\u00bb20px\u00bb custom_tooltip_button=\u00bbon\u00bb tooltip_button_text_size=\u00bb16px\u00bb tooltip_button_text_color=\u00bb#FFFFFF\u00bb tooltip_button_bg_color=\u00bb#000000&#8243; tooltip_button_use_icon=\u00bboff\u00bb custom_padding=\u00bb||||false|false\u00bb box_shadow_style_tooltip_box=\u00bbpreset1&#8243; box_shadow_color_tooltip_box=\u00bbrgba(0,0,0,0.2)\u00bb global_colors_info=\u00bb{}\u00bb][\/dipi_image_hotspot_child][dipi_image_hotspot_child title=\u00bbConsejo de expertos\u00bb use_hotspot_icon=\u00bbon\u00bb hotspot_icon=\u00bb&#x5c;||divi||400&#8243; hotspot_icon_color=\u00bb#D02B71&#8243; hotspot_icon_padding=\u00bb15px|15px|15px|15px|true|true\u00bb hotspot_ripple_effect=\u00bbon\u00bb hotspot_ripple_effect_style=\u00bbstyle-2&#8243; hotspot_ripple_effect_color=\u00bb#D02B71&#8243; hotspot_position_vertical=\u00bb17.4%\u00bb hotspot_position_horizontal=\u00bb83.5%\u00bb tooltip_img_src=\u00bbhttps:\/\/improactif.com\/wp-content\/uploads\/2024\/09\/tt2-001.webp\u00bb tooltip_image_width=\u00bb300px\u00bb tooltip_title=\u00bbConsejo de expertos\u00bb show_tooltip_button=\u00bbon\u00bb tooltip_button_text=\u00bbM\u00e1s informaci\u00f3n\u00bb tooltip_button_link=\u00bb#expert\u00bb tooltip_position=\u00bbbottom\u00bb use_tooltip_arrow=\u00bbon\u00bb arrow_color=\u00bb#FFFFFF\u00bb tooltip_padding=\u00bb20px|20px|20px|20px|true|true\u00bb hotspot_position_vertical_tablet=\u00bb18.5%\u00bb hotspot_position_vertical_phone=\u00bb72%\u00bb hotspot_position_vertical_last_edited=\u00bbon|phone\u00bb hotspot_position_horizontal_tablet=\u00bb81.5%\u00bb hotspot_position_horizontal_phone=\u00bb39.5%\u00bb hotspot_position_horizontal_last_edited=\u00bbon|phone\u00bb _builder_version=\u00bb4.27.0&#8243; _module_preset=\u00bbdefault\u00bb tooltip_title_level=\u00bbh3&#8243; tooltip_title_font_size=\u00bb20px\u00bb custom_tooltip_button=\u00bbon\u00bb tooltip_button_text_size=\u00bb16px\u00bb tooltip_button_text_color=\u00bb#FFFFFF\u00bb tooltip_button_bg_color=\u00bb#000000&#8243; tooltip_button_use_icon=\u00bboff\u00bb custom_padding=\u00bb||||false|false\u00bb box_shadow_style_tooltip_box=\u00bbpreset1&#8243; box_shadow_color_tooltip_box=\u00bbrgba(0,0,0,0.2)\u00bb global_colors_info=\u00bb{}\u00bb][\/dipi_image_hotspot_child][\/dipi_image_hotspot][\/et_pb_column][\/et_pb_row][et_pb_row column_structure=\u00bb1_5,1_5,1_5,1_5,1_5&#8243; custom_padding_last_edited=\u00bbon|phone\u00bb _builder_version=\u00bb4.25.1&#8243; _module_preset=\u00bbdefault\u00bb custom_padding_tablet=\u00bb\u00bb custom_padding_phone=\u00bb0px||||false|false\u00bb global_colors_info=\u00bb{}\u00bb][et_pb_column type=\u00bb1_5&#8243; _builder_version=\u00bb4.25.1&#8243; _module_preset=\u00bbdefault\u00bb custom_padding_phone=\u00bb||0px||false|false\u00bb custom_padding_last_edited=\u00bboff|phone\u00bb global_colors_info=\u00bb{}\u00bb][et_pb_text _builder_version=\u00bb4.25.1&#8243; _module_preset=\u00bbdefault\u00bb custom_margin_tablet=\u00bb\u00bb custom_margin_phone=\u00bb||-15px||false|false\u00bb custom_margin_last_edited=\u00bbon|phone\u00bb global_colors_info=\u00bb{}\u00bb]<\/p>\n<p><strong>Lenguas habladas :<\/strong><\/p>\n<p>[\/et_pb_text][\/et_pb_column][et_pb_column type=\u00bb1_5&#8243; _builder_version=\u00bb4.24.0&#8243; _module_preset=\u00bbdefault\u00bb global_colors_info=\u00bb{}\u00bb][et_pb_blurb image=\u00bbhttps:\/\/improactif.com\/wp-content\/uploads\/2024\/02\/Flag-02.svg\u00bb icon_placement=\u00bbleft\u00bb _builder_version=\u00bb4.25.1&#8243; _module_preset=\u00bbdefault\u00bb image_icon_custom_margin=\u00bb1px||||false|false\u00bb custom_margin_tablet=\u00bb\u00bb custom_margin_phone=\u00bb||-15px||false|false\u00bb custom_margin_last_edited=\u00bbon|phone\u00bb global_colors_info=\u00bb{}\u00bb]<\/p>\n<p>Franc\u00e9s<\/p>\n<p>[\/et_pb_blurb][\/et_pb_column][et_pb_column type=\u00bb1_5&#8243; _builder_version=\u00bb4.24.0&#8243; _module_preset=\u00bbdefault\u00bb global_colors_info=\u00bb{}\u00bb][et_pb_blurb image=\u00bbhttps:\/\/improactif.com\/wp-content\/uploads\/2024\/02\/Flag-04.svg\u00bb icon_placement=\u00bbleft\u00bb _builder_version=\u00bb4.25.1&#8243; _module_preset=\u00bbdefault\u00bb image_icon_custom_margin=\u00bb1px||||false|false\u00bb custom_margin_tablet=\u00bb\u00bb custom_margin_phone=\u00bb||-15px||false|false\u00bb custom_margin_last_edited=\u00bbon|phone\u00bb global_colors_info=\u00bb{}\u00bb]<\/p>\n<p>Ingl\u00e9s<\/p>\n<p>[\/et_pb_blurb][\/et_pb_column][et_pb_column type=\u00bb1_5&#8243; _builder_version=\u00bb4.24.0&#8243; _module_preset=\u00bbdefault\u00bb global_colors_info=\u00bb{}\u00bb][et_pb_blurb image=\u00bbhttps:\/\/improactif.com\/wp-content\/uploads\/2024\/02\/Flag-03.svg\u00bb icon_placement=\u00bbleft\u00bb _builder_version=\u00bb4.25.1&#8243; _module_preset=\u00bbdefault\u00bb image_icon_custom_margin=\u00bb1px||||false|false\u00bb custom_margin_tablet=\u00bb\u00bb custom_margin_phone=\u00bb||-15px||false|false\u00bb custom_margin_last_edited=\u00bbon|phone\u00bb global_colors_info=\u00bb{}\u00bb]<\/p>\n<p>Espa\u00f1ol<\/p>\n<p>[\/et_pb_blurb][\/et_pb_column][et_pb_column type=\u00bb1_5&#8243; _builder_version=\u00bb4.24.0&#8243; _module_preset=\u00bbdefault\u00bb global_colors_info=\u00bb{}\u00bb][et_pb_blurb image=\u00bbhttps:\/\/improactif.com\/wp-content\/uploads\/2024\/02\/Flag-05.svg\u00bb icon_placement=\u00bbleft\u00bb _builder_version=\u00bb4.24.0&#8243; _module_preset=\u00bbdefault\u00bb image_icon_custom_margin=\u00bb1px||||false|false\u00bb global_colors_info=\u00bb{}\u00bb]<\/p>\n<p>Chino<\/p>\n<p>[\/et_pb_blurb][\/et_pb_column][\/et_pb_row][\/et_pb_section][et_pb_section fb_built=\u00bb1&#8243; custom_padding_last_edited=\u00bbon|phone\u00bb _builder_version=\u00bb4.25.2&#8243; _module_preset=\u00bbdefault\u00bb background_color=\u00bb#F8F0F5&#8243; custom_padding_tablet=\u00bb\u00bb custom_padding_phone=\u00bb10px||10px||true|false\u00bb da_disable_devices=\u00bboff|off|off\u00bb locked=\u00bboff\u00bb global_colors_info=\u00bb{}\u00bb da_is_popup=\u00bboff\u00bb da_exit_intent=\u00bboff\u00bb da_has_close=\u00bbon\u00bb da_alt_close=\u00bboff\u00bb da_dark_close=\u00bboff\u00bb da_not_modal=\u00bbon\u00bb da_is_singular=\u00bboff\u00bb da_with_loader=\u00bboff\u00bb da_has_shadow=\u00bbon\u00bb][et_pb_row _builder_version=\u00bb4.24.0&#8243; _module_preset=\u00bbdefault\u00bb custom_padding=\u00bb||0px|||\u00bb global_colors_info=\u00bb{}\u00bb][et_pb_column type=\u00bb4_4&#8243; _builder_version=\u00bb4.24.0&#8243; _module_preset=\u00bbdefault\u00bb global_colors_info=\u00bb{}\u00bb][et_pb_text _builder_version=\u00bb4.24.0&#8243; _module_preset=\u00bbdefault\u00bb text_font=\u00bbInter Black||||||||\u00bb header_2_font=\u00bbInter Black|800|||||||\u00bb header_2_text_align=\u00bbcenter\u00bb header_2_font_size=\u00bb33px\u00bb header_2_line_height=\u00bb1.2em\u00bb custom_margin=\u00bb28px||-3px|||\u00bb custom_padding=\u00bb||13px|||\u00bb header_2_font_size_tablet=\u00bb26px\u00bb header_2_font_size_phone=\u00bb20px\u00bb header_2_font_size_last_edited=\u00bbon|phone\u00bb locked=\u00bboff\u00bb global_colors_info=\u00bb{}\u00bb]<\/p>\n<h2>Una empresa comprometida con una misi\u00f3n<\/h2>\n<p>[\/et_pb_text][et_pb_text _builder_version=\u00bb4.27.0&#8243; _module_preset=\u00bbdefault\u00bb text_font=\u00bb|700|||||||\u00bb text_text_color=\u00bb#787878&#8243; text_font_size=\u00bb15px\u00bb text_line_height=\u00bb1.3em\u00bb text_orientation=\u00bbcenter\u00bb max_width=\u00bb65%\u00bb module_alignment=\u00bbcenter\u00bb custom_margin=\u00bb||0px|||\u00bb global_colors_info=\u00bb{}\u00bb]<\/p>\n<p><span>Actuar sobre el terreno para una mayor inclusi\u00f3n e igualdad de oportunidades.<\/span><\/p>\n<p>[\/et_pb_text][et_pb_image src=\u00bbhttps:\/\/improactif.com\/wp-content\/uploads\/2023\/11\/ImproActif-Doodles-11.svg\u00bb title_text=\u00bbImproActif-Doodles-11&#8243; _builder_version=\u00bb4.24.0&#8243; _module_preset=\u00bbdefault\u00bb width=\u00bb55%\u00bb module_alignment=\u00bbcenter\u00bb global_colors_info=\u00bb{}\u00bb][\/et_pb_image][\/et_pb_column][\/et_pb_row][et_pb_row column_structure=\u00bb1_2,1_2&#8243; use_custom_gutter=\u00bbon\u00bb gutter_width=\u00bb4&#8243; _builder_version=\u00bb4.27.0&#8243; _module_preset=\u00bbdefault\u00bb custom_css_main_element=\u00bbdisplay:flex;||align-items:center;\u00bb locked=\u00bboff\u00bb global_colors_info=\u00bb{}\u00bb custom_css_main_element_last_edited=\u00bbon|tablet\u00bb custom_css_main_element_tablet=\u00bbdisplay:flex;||flex-direction: column;\u00bb custom_css_main_element_phone=\u00bbdisplay:flex;||flex-direction: column;\u00bb][et_pb_column type=\u00bb1_2&#8243; _builder_version=\u00bb4.24.0&#8243; _module_preset=\u00bbdefault\u00bb custom_padding=\u00bb|4%|||false|false\u00bb custom_padding_tablet=\u00bb|0%|||false|false\u00bb custom_padding_phone=\u00bb|0%|||false|false\u00bb custom_padding_last_edited=\u00bbon|tablet\u00bb global_colors_info=\u00bb{}\u00bb][et_pb_text _builder_version=\u00bb4.27.0&#8243; _module_preset=\u00bbdefault\u00bb header_2_font=\u00bb|800|||||||\u00bb header_2_text_align=\u00bbleft\u00bb header_2_font_size=\u00bb39px\u00bb header_2_line_height=\u00bb1.4em\u00bb header_3_font=\u00bbInter Black||||||||\u00bb header_3_font_size=\u00bb33px\u00bb custom_margin=\u00bb||||false|false\u00bb header_2_font_size_tablet=\u00bb26px\u00bb header_2_font_size_phone=\u00bb20px\u00bb header_2_font_size_last_edited=\u00bbon|tablet\u00bb header_3_font_size_tablet=\u00bb24px\u00bb header_3_font_size_phone=\u00bb18px\u00bb header_3_font_size_last_edited=\u00bbon|phone\u00bb global_colors_info=\u00bb{}\u00bb]<\/p>\n<h3>Confiar en nosotros,<br \/>es permitir que los dem\u00e1s avancen.<\/h3>\n<p class=\"p1\">\n<p>[\/et_pb_text][et_pb_text _builder_version=\u00bb4.27.0&#8243; _module_preset=\u00bbdefault\u00bb text_font=\u00bb|600|||||||\u00bb text_text_color=\u00bb#787878&#8243; text_font_size=\u00bb15px\u00bb text_line_height=\u00bb1.3em\u00bb max_width=\u00bb85%\u00bb max_width_tablet=\u00bb80%\u00bb max_width_phone=\u00bb100%\u00bb max_width_last_edited=\u00bbon|phone\u00bb module_alignment=\u00bbleft\u00bb custom_margin=\u00bb-25px||20px||false|false\u00bb custom_margin_tablet=\u00bb-25px||8%||false|false\u00bb custom_margin_phone=\u00bb-25px||8%||false|false\u00bb custom_margin_last_edited=\u00bbon|tablet\u00bb global_colors_info=\u00bb{}\u00bb]<\/p>\n<p class=\"p1\">IMPROACTIF compromete una parte de sus recursos para que las instituciones y asociaciones puedan beneficiarse de nuestros cursos y talleres de formaci\u00f3n.<\/p>\n<p>Nuestros \u00e1mbitos de actuaci\u00f3n :<\/p>\n<p>[\/et_pb_text][et_pb_blurb image=\u00bbhttps:\/\/improactif.com\/wp-content\/uploads\/2024\/03\/ImproActif-rechercheGraphique-8278472.svg\u00bb icon_placement=\u00bbleft\u00bb image_icon_width=\u00bb100%\u00bb content_max_width=\u00bb1100px\u00bb _builder_version=\u00bb4.27.0&#8243; _module_preset=\u00bbdefault\u00bb header_level=\u00bbh3&#8243; header_text_color=\u00bb#929292&#8243; header_font_size=\u00bb16px\u00bb body_font=\u00bb|700||on|||||\u00bb body_text_color=\u00bb#000000&#8243; body_font_size=\u00bb15px\u00bb image_icon_custom_margin=\u00bb-7px|0px|0px|0px|false|false\u00bb image_icon_custom_padding=\u00bb|0px|0px||false|false\u00bb custom_margin=\u00bb||4px||false|false\u00bb global_colors_info=\u00bb{}\u00bb]<\/p>\n<p>discapacidad<\/p>\n<p>[\/et_pb_blurb][et_pb_blurb image=\u00bbhttps:\/\/improactif.com\/wp-content\/uploads\/2024\/03\/ImproActif-rechercheGraphique-8278472.svg\u00bb icon_placement=\u00bbleft\u00bb image_icon_width=\u00bb100%\u00bb content_max_width=\u00bb1100px\u00bb _builder_version=\u00bb4.27.0&#8243; _module_preset=\u00bbdefault\u00bb header_level=\u00bbh3&#8243; header_text_color=\u00bb#929292&#8243; header_font_size=\u00bb16px\u00bb body_font=\u00bb|700||on|||||\u00bb body_text_color=\u00bb#000000&#8243; body_font_size=\u00bb15px\u00bb image_icon_custom_margin=\u00bb-7px|0px|0px|0px|false|false\u00bb image_icon_custom_padding=\u00bb|0px|0px||false|false\u00bb custom_margin=\u00bb||4px||false|false\u00bb locked=\u00bboff\u00bb global_colors_info=\u00bb{}\u00bb]<\/p>\n<p>INSERCI\u00d3N<\/p>\n<p>[\/et_pb_blurb][et_pb_blurb image=\u00bbhttps:\/\/improactif.com\/wp-content\/uploads\/2024\/03\/ImproActif-rechercheGraphique-8278472.svg\u00bb icon_placement=\u00bbleft\u00bb image_icon_width=\u00bb100%\u00bb content_max_width=\u00bb1100px\u00bb _builder_version=\u00bb4.27.0&#8243; _module_preset=\u00bbdefault\u00bb header_level=\u00bbh3&#8243; header_text_color=\u00bb#929292&#8243; header_font_size=\u00bb16px\u00bb body_font=\u00bb|700||on|||||\u00bb body_text_color=\u00bb#000000&#8243; body_font_size=\u00bb15px\u00bb image_icon_custom_margin=\u00bb-7px|0px|0px|0px|false|false\u00bb image_icon_custom_padding=\u00bb|0px|0px||false|false\u00bb custom_margin=\u00bb||4px||false|false\u00bb locked=\u00bboff\u00bb global_colors_info=\u00bb{}\u00bb]<\/p>\n<p>juventud<\/p>\n<p>[\/et_pb_blurb][\/et_pb_column][et_pb_column type=\u00bb1_2&#8243; _builder_version=\u00bb4.24.0&#8243; _module_preset=\u00bbdefault\u00bb global_colors_info=\u00bb{}\u00bb][et_pb_divider show_divider=\u00bboff\u00bb _builder_version=\u00bb4.27.0&#8243; _module_preset=\u00bbdefault\u00bb background_image=\u00bbhttps:\/\/improactif.com\/wp-content\/uploads\/2024\/10\/capture-d-ecran-2024-10-10-a-11-42-19.webp\u00bb background_size=\u00bbcustom\u00bb background_image_width=\u00bb0%\u00bb background_image_height=\u00bb100%\u00bb transform_translate=\u00bb-41px|1px\u00bb width=\u00bb100%\u00bb max_width=\u00bb90%\u00bb max_width_tablet=\u00bb100%\u00bb max_width_phone=\u00bb100%\u00bb max_width_last_edited=\u00bbon|phone\u00bb module_alignment=\u00bbright\u00bb height=\u00bb400px\u00bb height_tablet=\u00bb400px\u00bb height_phone=\u00bb220px\u00bb height_last_edited=\u00bbon|phone\u00bb locked=\u00bboff\u00bb global_colors_info=\u00bb{}\u00bb max_width__hover_enabled=\u00bboff|desktop\u00bb][\/et_pb_divider][\/et_pb_column][\/et_pb_row][et_pb_row column_structure=\u00bb1_2,1_2&#8243; _builder_version=\u00bb4.24.0&#8243; _module_preset=\u00bbdefault\u00bb custom_css_main_element=\u00bbdisplay:flex;||align-items:center;\u00bb locked=\u00bboff\u00bb global_colors_info=\u00bb{}\u00bb custom_css_main_element_last_edited=\u00bbon|phone\u00bb custom_css_main_element_tablet=\u00bbdisplay:flex;||flex-direction: column-reverse;\u00bb custom_css_main_element_phone=\u00bbdisplay:flex;||flex-direction: column-reverse;\u00bb][et_pb_column type=\u00bb1_2&#8243; _builder_version=\u00bb4.24.0&#8243; _module_preset=\u00bbdefault\u00bb global_colors_info=\u00bb{}\u00bb][et_pb_divider show_divider=\u00bboff\u00bb _builder_version=\u00bb4.27.0&#8243; _module_preset=\u00bbdefault\u00bb background_image=\u00bbhttps:\/\/improactif.com\/wp-content\/uploads\/2024\/10\/6.webp\u00bb background_size=\u00bbcustom\u00bb background_image_height=\u00bb92%\u00bb background_position=\u00bbbottom_center\u00bb background_vertical_offset=\u00bb0%\u00bb max_width=\u00bb90%\u00bb max_width_tablet=\u00bb100%\u00bb max_width_phone=\u00bb100%\u00bb max_width_last_edited=\u00bbon|phone\u00bb module_alignment=\u00bbleft\u00bb height=\u00bb400px\u00bb height_tablet=\u00bb400px\u00bb height_phone=\u00bb220px\u00bb height_last_edited=\u00bbon|phone\u00bb custom_margin_tablet=\u00bb6%||||false|false\u00bb custom_margin_phone=\u00bb6%||||false|false\u00bb custom_margin_last_edited=\u00bbon|tablet\u00bb locked=\u00bboff\u00bb global_colors_info=\u00bb{}\u00bb][\/et_pb_divider][\/et_pb_column][et_pb_column type=\u00bb1_2&#8243; _builder_version=\u00bb4.24.0&#8243; _module_preset=\u00bbdefault\u00bb custom_padding=\u00bb|||4%|false|false\u00bb custom_padding_tablet=\u00bb|||0%|false|false\u00bb custom_padding_phone=\u00bb|||0%|false|false\u00bb custom_padding_last_edited=\u00bbon|tablet\u00bb global_colors_info=\u00bb{}\u00bb][et_pb_text _builder_version=\u00bb4.27.0&#8243; _module_preset=\u00bbdefault\u00bb header_2_font=\u00bb|800|||||||\u00bb header_2_text_align=\u00bbleft\u00bb header_2_font_size=\u00bb39px\u00bb header_2_line_height=\u00bb1.4em\u00bb header_3_font=\u00bbInter Black||||||||\u00bb header_3_font_size=\u00bb33px\u00bb custom_margin=\u00bb||||false|false\u00bb header_2_font_size_tablet=\u00bb26px\u00bb header_2_font_size_phone=\u00bb20px\u00bb header_2_font_size_last_edited=\u00bbon|tablet\u00bb header_3_font_size_tablet=\u00bb24px\u00bb header_3_font_size_phone=\u00bb18px\u00bb header_3_font_size_last_edited=\u00bbon|phone\u00bb locked=\u00bboff\u00bb global_colors_info=\u00bb{}\u00bb]<\/p>\n<h3>Todos conectados,<br \/>todos responsables<\/h3>\n<p>&nbsp;<\/p>\n<p>[\/et_pb_text][et_pb_text _builder_version=\u00bb4.27.0&#8243; _module_preset=\u00bbdefault\u00bb text_font=\u00bb|600|||||||\u00bb text_text_color=\u00bb#787878&#8243; text_font_size=\u00bb15px\u00bb text_line_height=\u00bb1.3em\u00bb max_width=\u00bb85%\u00bb max_width_tablet=\u00bb80%\u00bb max_width_phone=\u00bb100%\u00bb max_width_last_edited=\u00bbon|phone\u00bb module_alignment=\u00bbleft\u00bb custom_margin=\u00bb-25px||20px||false|false\u00bb custom_margin_tablet=\u00bb-25px||8%||false|false\u00bb custom_margin_phone=\u00bb-25px||8%||false|false\u00bb custom_margin_last_edited=\u00bbon|tablet\u00bb global_colors_info=\u00bb{}\u00bb]<\/p>\n<p>En IMPROACTIF creemos en la responsabilidad individual y colectiva. Nuestra misi\u00f3n es actuar tanto sobre el medio ambiente como sobre el individuo.   <\/p>\n<p>[\/et_pb_text][et_pb_blurb image=\u00bbhttps:\/\/improactif.com\/wp-content\/uploads\/2024\/03\/ImproActif-rechercheGraphique-8278472.svg\u00bb icon_placement=\u00bbleft\u00bb image_icon_width=\u00bb100%\u00bb content_max_width=\u00bb1100px\u00bb _builder_version=\u00bb4.27.0&#8243; _module_preset=\u00bbdefault\u00bb header_level=\u00bbh3&#8243; header_text_color=\u00bb#929292&#8243; header_font_size=\u00bb16px\u00bb body_font=\u00bb|700||on|||||\u00bb body_text_color=\u00bb#000000&#8243; body_font_size=\u00bb15px\u00bb image_icon_custom_margin=\u00bb-7px|0px|0px|0px|false|false\u00bb image_icon_custom_padding=\u00bb|0px|0px||false|false\u00bb custom_margin=\u00bb||4px||false|false\u00bb locked=\u00bboff\u00bb global_colors_info=\u00bb{}\u00bb]<\/p>\n<p>PROACTIVIDAD<\/p>\n<p>[\/et_pb_blurb][et_pb_blurb image=\u00bbhttps:\/\/improactif.com\/wp-content\/uploads\/2024\/03\/ImproActif-rechercheGraphique-8278472.svg\u00bb icon_placement=\u00bbleft\u00bb image_icon_width=\u00bb100%\u00bb content_max_width=\u00bb1100px\u00bb _builder_version=\u00bb4.27.0&#8243; _module_preset=\u00bbdefault\u00bb header_level=\u00bbh3&#8243; header_text_color=\u00bb#929292&#8243; header_font_size=\u00bb16px\u00bb body_font=\u00bb|700||on|||||\u00bb body_text_color=\u00bb#000000&#8243; body_font_size=\u00bb15px\u00bb image_icon_custom_margin=\u00bb-7px|0px|0px|0px|false|false\u00bb image_icon_custom_padding=\u00bb|0px|0px||false|false\u00bb custom_margin=\u00bb||4px||false|false\u00bb locked=\u00bboff\u00bb global_colors_info=\u00bb{}\u00bb]<\/p>\n<p>BENEVOLENCIA SIN COMPLACENCIA<\/p>\n<p>[\/et_pb_blurb][et_pb_blurb image=\u00bbhttps:\/\/improactif.com\/wp-content\/uploads\/2024\/03\/ImproActif-rechercheGraphique-8278472.svg\u00bb icon_placement=\u00bbleft\u00bb image_icon_width=\u00bb100%\u00bb content_max_width=\u00bb1100px\u00bb _builder_version=\u00bb4.27.0&#8243; _module_preset=\u00bbdefault\u00bb header_level=\u00bbh3&#8243; header_text_color=\u00bb#929292&#8243; header_font_size=\u00bb16px\u00bb body_font=\u00bb|700||on|||||\u00bb body_text_color=\u00bb#000000&#8243; body_font_size=\u00bb15px\u00bb image_icon_custom_margin=\u00bb-7px|0px|0px|0px|false|false\u00bb image_icon_custom_padding=\u00bb|0px|0px||false|false\u00bb custom_margin=\u00bb||4px||false|false\u00bb locked=\u00bboff\u00bb global_colors_info=\u00bb{}\u00bb]<\/p>\n<p>ENTORNO ALENTADOR<\/p>\n<p>[\/et_pb_blurb][\/et_pb_column][\/et_pb_row][\/et_pb_section][et_pb_section fb_built=\u00bb1&#8243; disabled_on=\u00bbon|on|on\u00bb _builder_version=\u00bb4.24.0&#8243; _module_preset=\u00bbdefault\u00bb background_color=\u00bb#f8f1f5&#8243; da_disable_devices=\u00bboff|off|off\u00bb disabled=\u00bbon\u00bb saved_tabs=\u00bball\u00bb locked=\u00bboff\u00bb global_colors_info=\u00bb{}\u00bb da_is_popup=\u00bboff\u00bb da_exit_intent=\u00bboff\u00bb da_has_close=\u00bbon\u00bb da_alt_close=\u00bboff\u00bb da_dark_close=\u00bboff\u00bb da_not_modal=\u00bbon\u00bb da_is_singular=\u00bboff\u00bb da_with_loader=\u00bboff\u00bb da_has_shadow=\u00bbon\u00bb][et_pb_row _builder_version=\u00bb4.24.0&#8243; _module_preset=\u00bbdefault\u00bb custom_padding=\u00bb||0px|||\u00bb global_colors_info=\u00bb{}\u00bb][et_pb_column type=\u00bb4_4&#8243; _builder_version=\u00bb4.24.0&#8243; _module_preset=\u00bbdefault\u00bb global_colors_info=\u00bb{}\u00bb][et_pb_text _builder_version=\u00bb4.24.0&#8243; _module_preset=\u00bbdefault\u00bb text_font=\u00bbInter Black||||||||\u00bb header_2_font=\u00bbInter Black|800|||||||\u00bb header_2_text_align=\u00bbcenter\u00bb header_2_font_size=\u00bb33px\u00bb header_2_line_height=\u00bb1.2em\u00bb custom_margin=\u00bb28px||-3px|||\u00bb custom_padding=\u00bb||13px|||\u00bb header_2_font_size_tablet=\u00bb26px\u00bb header_2_font_size_phone=\u00bb20px\u00bb header_2_font_size_last_edited=\u00bbon|phone\u00bb locked=\u00bboff\u00bb global_colors_info=\u00bb{}\u00bb]<\/p>\n<h2>Confiar en nosotros significa<br \/>permitir a los dem\u00e1s avanzar<\/h2>\n<p>[\/et_pb_text][et_pb_text _builder_version=\u00bb4.24.0&#8243; _module_preset=\u00bbdefault\u00bb text_font=\u00bb|700|||||||\u00bb text_text_color=\u00bb#787878&#8243; text_font_size=\u00bb15px\u00bb text_line_height=\u00bb1.3em\u00bb text_orientation=\u00bbcenter\u00bb max_width=\u00bb65%\u00bb module_alignment=\u00bbcenter\u00bb custom_margin=\u00bb||0px|||\u00bb global_colors_info=\u00bb{}\u00bb]<\/p>\n<p>IMPRO ACTIF es una empresa con una misi\u00f3n.  <span>Lorem ipsum dolor sit amet, consectetur adipiscing elit. Nulla malesuada elit vel consectetur bibendum   <\/span><\/p>\n<p>[\/et_pb_text][et_pb_image src=\u00bbhttps:\/\/improactif.com\/wp-content\/uploads\/2023\/11\/ImproActif-Doodles-11.svg\u00bb title_text=\u00bbImproActif-Doodles-11&#8243; _builder_version=\u00bb4.24.0&#8243; _module_preset=\u00bbdefault\u00bb width=\u00bb55%\u00bb module_alignment=\u00bbcenter\u00bb global_colors_info=\u00bb{}\u00bb][\/et_pb_image][\/et_pb_column][\/et_pb_row][et_pb_row column_structure=\u00bb1_2,1_2&#8243; use_custom_gutter=\u00bbon\u00bb gutter_width=\u00bb1&#8243; _builder_version=\u00bb4.24.0&#8243; _module_preset=\u00bbdefault\u00bb width=\u00bb45%\u00bb width_tablet=\u00bb\u00bb width_phone=\u00bb80%\u00bb width_last_edited=\u00bbon|phone\u00bb global_colors_info=\u00bb{}\u00bb][et_pb_column type=\u00bb1_2&#8243; _builder_version=\u00bb4.24.0&#8243; _module_preset=\u00bbdefault\u00bb global_colors_info=\u00bb{}\u00bb][et_pb_image src=\u00bbhttps:\/\/improactif.com\/wp-content\/uploads\/2024\/03\/entreprises-sengagent.webp\u00bb alt=\u00bbLas empresas se comprometen\u00bb title_text=\u00bbentreprises-sengagent\u00bb _builder_version=\u00bb4.24.0&#8243; _module_preset=\u00bbdefault\u00bb max_width=\u00bb70%\u00bb max_width_tablet=\u00bb50%\u00bb max_width_phone=\u00bb70%\u00bb max_width_last_edited=\u00bbon|phone\u00bb module_alignment=\u00bbcenter\u00bb locked=\u00bboff\u00bb global_colors_info=\u00bb{}\u00bb][\/et_pb_image][\/et_pb_column][et_pb_column type=\u00bb1_2&#8243; _builder_version=\u00bb4.24.0&#8243; _module_preset=\u00bbdefault\u00bb global_colors_info=\u00bb{}\u00bb][et_pb_image src=\u00bbhttps:\/\/improactif.com\/wp-content\/uploads\/2024\/03\/communaute-entreprise-mission.webp\u00bb alt=\u00bbComunidad-empresa-misi\u00f3n\u00bb title_text=\u00bbComunidad-empresa-misi\u00f3n\u00bb _builder_version=\u00bb4.24.0&#8243; _module_preset=\u00bbdefault\u00bb max_width=\u00bb70%\u00bb max_width_tablet=\u00bb50%\u00bb max_width_phone=\u00bb70%\u00bb max_width_last_edited=\u00bbon|phone\u00bb module_alignment=\u00bbcenter\u00bb locked=\u00bboff\u00bb global_colors_info=\u00bb{}\u00bb][\/et_pb_image][\/et_pb_column][\/et_pb_row][et_pb_row use_custom_gutter=\u00bbon\u00bb gutter_width=\u00bb1&#8243; _builder_version=\u00bb4.24.0&#8243; _module_preset=\u00bbdefault\u00bb width=\u00bb45%\u00bb width_tablet=\u00bb45%\u00bb width_phone=\u00bb100%\u00bb width_last_edited=\u00bbon|phone\u00bb locked=\u00bboff\u00bb global_colors_info=\u00bb{}\u00bb][et_pb_column type=\u00bb4_4&#8243; _builder_version=\u00bb4.24.0&#8243; _module_preset=\u00bbdefault\u00bb global_colors_info=\u00bb{}\u00bb][et_pb_button button_url=\u00bb@ET-DC@eyJkeW5hbWljIjp0cnVlLCJjb250ZW50IjoicG9zdF9saW5rX3VybF9wYWdlIiwic2V0dGluZ3MiOnsicG9zdF9pZCI6IjUzNTYiLCJlbmFibGVfaHRtbCI6Im9mZiJ9fQ==@\u00bb button_text=\u00bb\u00bfQui\u00e9nes somos?\u00bb button_alignment=\u00bbcenter\u00bb _builder_version=\u00bb4.24.0&#8243; _dynamic_attributes=\u00bbbutton_url\u00bb _module_preset=\u00bbdefault\u00bb custom_button=\u00bbon\u00bb button_text_color=\u00bb#FFFFFF\u00bb button_bg_color=\u00bb#000000&#8243; button_border_color=\u00bb#000000&#8243; button_font=\u00bb|600|||||||\u00bb button_use_icon=\u00bboff\u00bb custom_margin=\u00bb||0px||false|false\u00bb custom_padding=\u00bb10px|20px|10px|20px|true|true\u00bb button_text_size_tablet=\u00bb\u00bb button_text_size_phone=\u00bb16px\u00bb button_text_size_last_edited=\u00bbon|phone\u00bb locked=\u00bboff\u00bb global_colors_info=\u00bb{}\u00bb button_border_color__hover_enabled=\u00bboff|hover\u00bb button_border_color__hover=\u00bb#FFFFFF\u00bb button_bg_color__hover_enabled=\u00bbon|hover\u00bb button_bg_color__hover=\u00bb#000000&#8243; button_bg_enable_color__hover=\u00bbon\u00bb button_text_color__hover_enabled=\u00bboff|hover\u00bb button_text_color__hover=\u00bb#FFFFFF\u00bb][\/et_pb_button][\/et_pb_column][\/et_pb_row][\/et_pb_section][et_pb_section fb_built=\u00bb1&#8243; admin_label=\u00bbPopup &#8211; #pilotage\u00bb module_id=\u00bbpilotage\u00bb module_class=\u00bbpopup\u00bb _builder_version=\u00bb4.24.0&#8243; _module_preset=\u00bbdefault\u00bb max_width=\u00bb80%\u00bb max_width_tablet=\u00bb80%\u00bb max_width_phone=\u00bb90%\u00bb max_width_last_edited=\u00bbon|phone\u00bb da_is_popup=\u00bbon\u00bb da_popup_slug=\u00bbpilotage\u00bb da_disable_devices=\u00bboff|off|off\u00bb global_colors_info=\u00bb{}\u00bb da_exit_intent=\u00bboff\u00bb da_has_close=\u00bbon\u00bb da_alt_close=\u00bboff\u00bb da_dark_close=\u00bboff\u00bb da_not_modal=\u00bbon\u00bb da_is_singular=\u00bboff\u00bb da_with_loader=\u00bboff\u00bb da_has_shadow=\u00bbon\u00bb][et_pb_row _builder_version=\u00bb4.24.0&#8243; _module_preset=\u00bbdefault\u00bb global_colors_info=\u00bb{}\u00bb][et_pb_column type=\u00bb4_4&#8243; _builder_version=\u00bb4.24.0&#8243; _module_preset=\u00bbdefault\u00bb global_colors_info=\u00bb{}\u00bb][dipi_text_highlighter text_highlighter_prefix=\u00bbLe\u00bb text_highlighter_text=\u00bbcomit\u00e9 directivo\u00bb highlight_shape=\u00bbstrikethrough\u00bb text_direction=\u00bbinline\u00bb highlight_animation_start=\u00bbin_loading\u00bb highlight_animation_duration=\u00bb100ms\u00bb highlight_delay_after_animation=\u00bb0ms\u00bb highlight_animation_repeat_mode=\u00bbno\u00bb stroke_color=\u00bb#000000&#8243; stroke_width=\u00bb140px\u00bb highlight_line_cap=\u00bbbutt\u00bb shape_v_offset=\u00bb-1px\u00bb shape_h_offset=\u00bb3px\u00bb highlighted_text_margin=\u00bb|15px||10px|false|false\u00bb highlighted_text_padding=\u00bb|0px|0px|0px|false|true\u00bb _builder_version=\u00bb4.24.0&#8243; _module_preset=\u00bbdefault\u00bb all_text_text_align=\u00bbcenter\u00bb highlighted_text_text_color=\u00bb#FFFFFF\u00bb all_text_font_size_tablet=\u00bb\u00bb all_text_font_size_phone=\u00bb22px\u00bb all_text_font_size_last_edited=\u00bbon|phone\u00bb locked=\u00bboff\u00bb global_colors_info=\u00bb{}\u00bb][\/dipi_text_highlighter][\/et_pb_column][\/et_pb_row][et_pb_row column_structure=\u00bb1_2,1_2&#8243; _builder_version=\u00bb4.24.0&#8243; _module_preset=\u00bbdefault\u00bb locked=\u00bboff\u00bb global_colors_info=\u00bb{}\u00bb][et_pb_column type=\u00bb1_2&#8243; module_id=\u00bbbio_helene\u00bb _builder_version=\u00bb4.24.0&#8243; _module_preset=\u00bbdefault\u00bb global_colors_info=\u00bb{}\u00bb][et_pb_image src=\u00bbhttps:\/\/improactif.com\/wp-content\/uploads\/2024\/10\/helene-farret-fondatrice-improactif-1000&#215;1000-1.webp\u00bb alt=\u00bbH\u00e9l\u00e8ne Farret Fundadora ImproActif  \u00bb title_text=\u00bbH\u00e9l\u00e8ne-Farret&#8212;Fondatrice-ImproActif-1000&#215;1000&#8243; _builder_version=\u00bb4.27.0&#8243; _module_preset=\u00bbdefault\u00bb locked=\u00bboff\u00bb global_colors_info=\u00bb{}\u00bb][\/et_pb_image][et_pb_text _builder_version=\u00bb4.27.0&#8243; _module_preset=\u00bbdefault\u00bb global_colors_info=\u00bb{}\u00bb]<\/p>\n<p><strong>H\u00e9l\u00e8ne Farret, fundadora y directora general<\/strong><br \/><em><span style=\"color: #f02774;\">Le gusta atreverse a intentar comprender todo lo que le interesa, \u00a1lo que significa muchas cosas!<\/span><\/em><\/p>\n<p>Ex profesora con doble titulaci\u00f3n (historia-geograf\u00eda y educaci\u00f3n especial para discapacitados cognitivos), H\u00e9l\u00e8ne es especialista en transmisi\u00f3n. Cree en la ambici\u00f3n y la excelencia para todos, y aspira a desarrollar la confianza y la alegr\u00eda de colaborar en todas las personas y organizaciones.   <\/p>\n<p>Actriz y coach de improvisaci\u00f3n desde 2012, fund\u00f3 ImproActif en 2017.<br \/>Certificada en psicolog\u00eda general, CNV y coaching, cre\u00f3 OUI ET\u00ae en 2023. Un m\u00e9todo original para conocerse a uno mismo y a los dem\u00e1s, que mezcla la alegr\u00eda de la improvisaci\u00f3n teatral con herramientas del coaching, la psicolog\u00eda, la meditaci\u00f3n, la inteligencia colectiva y emocional, la Comunicaci\u00f3n No Violenta y la Neurociencia.   <\/p>\n<p>Lo que le encanta de la improvisaci\u00f3n es que al principio parece ligera y alegre, pero al final es mucho m\u00e1s profunda y concreta de lo que puedas imaginar.<\/p>\n<p>[\/et_pb_text][\/et_pb_column][et_pb_column type=\u00bb1_2&#8243; _builder_version=\u00bb4.24.0&#8243; _module_preset=\u00bbdefault\u00bb global_colors_info=\u00bb{}\u00bb][et_pb_image src=\u00bbhttps:\/\/improactif.com\/wp-content\/uploads\/2024\/02\/elsa.webp\u00bb alt=\u00bbElsa\u00bb title_text=\u00bbElsa\u00bb _builder_version=\u00bb4.24.0&#8243; _module_preset=\u00bbdefault\u00bb locked=\u00bboff\u00bb global_colors_info=\u00bb{}\u00bb][\/et_pb_image][et_pb_text _builder_version=\u00bb4.27.0&#8243; _module_preset=\u00bbdefault\u00bb global_colors_info=\u00bb{}\u00bb]<\/p>\n<p><strong>Elsa Laduguie, Socia, Directora General<\/strong><br \/><em><span style=\"color: #f02774;\">Le gusta atreverse a creer que \u00abel cielo es el l\u00edmite\u00bb.<\/span><\/em><\/p>\n<p>Tras un m\u00e1ster en econom\u00eda y 10 a\u00f1os en finanzas en Nueva York y luego en el mundo empresarial, Elsa se dio cuenta de que amaba a las personas m\u00e1s que a los gr\u00e1ficos Xcell. En 2017 se convirti\u00f3 en coach certificada por la RNCP, despu\u00e9s en practicante de neurociencia,<br \/>en terapeuta mente-cuerpo, certificada en CNV: su m\u00e9todo es multidisciplinar. Y, por supuesto, \u00a1es una improvisadora!    <\/p>\n<p>As\u00ed que es natural que se convierta en asociada de ImproActif en 2021.<br \/>Pero lo cierto es que son la finura anal\u00edtica de Elsa, su alegr\u00eda de vivir y de bailar, su generosidad y su infalible atenci\u00f3n lo que la han promocionado directamente. S\u00ed, estos son<br \/>nuestros propios criterios de excelencia.   <\/p>\n<p>Lo que le encanta de la improvisaci\u00f3n es que todo el mundo puede encontrar y ocupar su lugar aprendiendo a escuchar.<\/p>\n<p>[\/et_pb_text][\/et_pb_column][\/et_pb_row][et_pb_row column_structure=\u00bb1_2,1_2&#8243; _builder_version=\u00bb4.24.0&#8243; _module_preset=\u00bbdefault\u00bb locked=\u00bboff\u00bb global_colors_info=\u00bb{}\u00bb][et_pb_column type=\u00bb1_2&#8243; _builder_version=\u00bb4.24.0&#8243; _module_preset=\u00bbdefault\u00bb global_colors_info=\u00bb{}\u00bb][et_pb_image src=\u00bbhttps:\/\/improactif.com\/wp-content\/uploads\/2024\/02\/elisabeth.webp\u00bb alt=\u00bbElisabeth\u00bb title_text=\u00bbElisabeth\u00bb _builder_version=\u00bb4.24.0&#8243; _module_preset=\u00bbdefault\u00bb locked=\u00bboff\u00bb global_colors_info=\u00bb{}\u00bb][\/et_pb_image][et_pb_text _builder_version=\u00bb4.27.0&#8243; _module_preset=\u00bbdefault\u00bb global_colors_info=\u00bb{}\u00bb]<\/p>\n<p><strong>Babeth Pereira, Socia, Responsable de Calidad y Contabilidad<\/strong><br \/><em><span style=\"color: #f02774;\">Le gusta atreverse con la improvisaci\u00f3n en todas sus formas y en todos los lugares.<\/span><\/em><\/p>\n<p>Tras estudiar para ser censor jurado de cuentas, \u00c9lisabeth empez\u00f3 su carrera en un despacho de censor jurado de cuentas y luego en un banco. Tanto las peque\u00f1as como las grandes empresas no tienen secretos para ella.   <\/p>\n<p>Presente desde el principio de la aventura ImproActif, \u00c9lisabeth es la asociada encargada de la contabilidad y la administraci\u00f3n. Tambi\u00e9n gestiona el control de calidad y Qualiopi, y eso no es poco. Y ya que estamos en AI, tambi\u00e9n es una comediante luminosa que<br \/>participa en actos de sensibilizaci\u00f3n, y una formadora paciente que conoce al dedillo el mundo de las escuelas y las discapacidades.    <\/p>\n<p>\u00a1Su gusto por el marco no le impide ser creativa!  <\/p>\n<p>Lo que le encanta de la improvisaci\u00f3n: la espontaneidad y la fuerza del colectivo que crea momentos \u00fanicos.<\/p>\n<p>[\/et_pb_text][\/et_pb_column][et_pb_column type=\u00bb1_2&#8243; _builder_version=\u00bb4.24.0&#8243; _module_preset=\u00bbdefault\u00bb global_colors_info=\u00bb{}\u00bb][et_pb_image src=\u00bbhttps:\/\/improactif.com\/wp-content\/uploads\/2024\/10\/cindy-colineau.webp\u00bb alt=\u00bbCindy Colineau, especialista en recursos humanos de ImproActif\u00bb title_text=\u00bbCindy Colineau\u00bb _builder_version=\u00bb4.27.0&#8243; _module_preset=\u00bbdefault\u00bb locked=\u00bboff\u00bb global_colors_info=\u00bb{}\u00bb][\/et_pb_image][et_pb_text _builder_version=\u00bb4.27.0&#8243; _module_preset=\u00bbdefault\u00bb locked=\u00bboff\u00bb global_colors_info=\u00bb{}\u00bb]<\/p>\n<p><strong>Cindy Colineau, especialista en recursos humanos<\/strong><br \/><span style=\"color: #f02774;\"><em>\u00a1Le gusta atreverse a ocupar un lugar donde no la esperan!<br \/><\/em><\/span><\/p>\n<p>Despu\u00e9s de 20 a\u00f1os trabajando en Recursos Humanos en diversos entornos corporativos, sigue comprometida con ayudar a todos a encontrar su lugar y alcanzar su m\u00e1ximo potencial.<br \/>Actriz de improvisaci\u00f3n desde 2019 y Coach Profesional certificada por el RNCP en 2020, hace malabarismos con m\u00faltiples habilidades como una aut\u00e9ntica navaja suiza.<br \/>Su experiencia le permite analizar los problemas humanos de las empresas, que luego cuestiona en diversos formatos.<br \/>Es nuestra \u00abespecialista en RRHH\u00bb.<\/p>\n<p>Lo que le encanta de la improvisaci\u00f3n es su campo \u00fanico de exploraci\u00f3n. El aprendizaje a trav\u00e9s del cuerpo y la experimentaci\u00f3n causan una impresi\u00f3n duradera.   <\/p>\n<p>&nbsp;<\/p>\n<p>[\/et_pb_text][\/et_pb_column][\/et_pb_row][et_pb_row column_structure=\u00bb1_2,1_2&#8243; _builder_version=\u00bb4.24.0&#8243; _module_preset=\u00bbdefault\u00bb locked=\u00bboff\u00bb global_colors_info=\u00bb{}\u00bb][et_pb_column type=\u00bb1_2&#8243; _builder_version=\u00bb4.24.0&#8243; _module_preset=\u00bbdefault\u00bb global_colors_info=\u00bb{}\u00bb][et_pb_image src=\u00bbhttps:\/\/improactif.com\/wp-content\/uploads\/2024\/02\/sophie.webp\u00bb alt=\u00bbSophie\u00bb title_text=\u00bbSophie\u00bb _builder_version=\u00bb4.24.0&#8243; _module_preset=\u00bbdefault\u00bb locked=\u00bboff\u00bb global_colors_info=\u00bb{}\u00bb][\/et_pb_image][et_pb_text _builder_version=\u00bb4.27.0&#8243; _module_preset=\u00bbdefault\u00bb global_colors_info=\u00bb{}\u00bb]<\/p>\n<p><strong>Sophie Puechmaille, Directora de Marketing<\/strong><br \/><span style=\"color: #f02774;\"><em>Le gusta atreverse&#8230; \u00a1con nuevos retos!<\/em><\/span><\/p>\n<p>Improvisadora desde la adolescencia, Sophie es una comediante f\u00edsica y memorable (todos envidiamos su perfecto acento canadiense), adem\u00e1s de una excelente formadora polifac\u00e9tica. Su formaci\u00f3n inicial la llev\u00f3 a trabajar durante diez a\u00f1os en<br \/>, una agencia de eventos BtoB, como responsable de marketing 360\u00b0.   <\/p>\n<p>Hoy en d\u00eda, pone su energ\u00eda y experiencia al servicio de IMPROACTIF, sobre todo como responsable de marketing y comunicaci\u00f3n digital.<\/p>\n<p>Lo que le encanta de la improvisaci\u00f3n es su esp\u00edritu l\u00fadico, que hace que la disciplina sea accesible a todos.<\/p>\n<p>[\/et_pb_text][\/et_pb_column][et_pb_column type=\u00bb1_2&#8243; _builder_version=\u00bb4.23.1&#8243; _module_preset=\u00bbdefault\u00bb global_colors_info=\u00bb{}\u00bb][et_pb_image src=\u00bbhttps:\/\/improactif.com\/wp-content\/uploads\/2024\/02\/pierre.webp\u00bb alt=\u00bbPierre\u00bb title_text=\u00bbPierre\u00bb _builder_version=\u00bb4.24.0&#8243; _module_preset=\u00bbdefault\u00bb locked=\u00bboff\u00bb global_colors_info=\u00bb{}\u00bb][\/et_pb_image][et_pb_text _builder_version=\u00bb4.27.0&#8243; _module_preset=\u00bbdefault\u00bb global_colors_info=\u00bb{}\u00bb]<\/p>\n<p><strong>Pierre Auger, Director de Desarrollo Empresarial<\/strong><br \/><span style=\"color: #f02774;\"><em>Le gusta desafiar las ideas preconcebidas<\/em><\/span><\/p>\n<p>Diplomado por la escuela de ventas de Xerox a finales de la d\u00e9cada de 2000 y con muchos a\u00f1os de experiencia en ventas sobre el terreno, Pierre lleva m\u00e1s de 15 a\u00f1os trabajando en el mundo empresarial. R\u00e1pidamente se dio cuenta de que las habilidades interpersonales eran la clave de la autorrealizaci\u00f3n y el \u00e9xito colaborativo en el lugar de trabajo.   <\/p>\n<p>Improvisador y coach de improvisaci\u00f3n, Pierre es tambi\u00e9n nuestro consultor de desarrollo empresarial. Campe\u00f3n de la escucha activa, sabe comprender tus necesidades y proponerte una intervenci\u00f3n adaptada a tus retos.   <\/p>\n<p>Lo que le encanta de la improvisaci\u00f3n es la emulaci\u00f3n y la creatividad de la co-construcci\u00f3n.<\/p>\n<p>[\/et_pb_text][\/et_pb_column][\/et_pb_row][\/et_pb_section][et_pb_section fb_built=\u00bb1&#8243; admin_label=\u00bbPopup &#8211; #expert\u00bb module_id=\u00bbexpert\u00bb module_class=\u00bbpopup\u00bb _builder_version=\u00bb4.24.0&#8243; _module_preset=\u00bbdefault\u00bb max_width=\u00bb80%\u00bb max_width_tablet=\u00bb80%\u00bb max_width_phone=\u00bb90%\u00bb max_width_last_edited=\u00bbon|phone\u00bb da_is_popup=\u00bbon\u00bb da_popup_slug=\u00bbexpert\u00bb da_disable_devices=\u00bboff|off|off\u00bb global_colors_info=\u00bb{}\u00bb da_exit_intent=\u00bboff\u00bb da_has_close=\u00bbon\u00bb da_alt_close=\u00bboff\u00bb da_dark_close=\u00bboff\u00bb da_not_modal=\u00bbon\u00bb da_is_singular=\u00bboff\u00bb da_with_loader=\u00bboff\u00bb da_has_shadow=\u00bbon\u00bb][et_pb_row _builder_version=\u00bb4.24.0&#8243; _module_preset=\u00bbdefault\u00bb global_colors_info=\u00bb{}\u00bb][et_pb_column type=\u00bb4_4&#8243; _builder_version=\u00bb4.24.0&#8243; _module_preset=\u00bbdefault\u00bb global_colors_info=\u00bb{}\u00bb][dipi_text_highlighter text_highlighter_prefix=\u00bbConsejos de expertos\u00bb text_highlighter_text=\u00bb%22 Think tank %22&#8243; highlight_shape=\u00bbstrikethrough\u00bb text_direction=\u00bbinline\u00bb highlight_animation_start=\u00bbin_loading\u00bb highlight_animation_duration=\u00bb100ms\u00bb highlight_delay_after_animation=\u00bb0ms\u00bb highlight_animation_repeat_mode=\u00bbno\u00bb stroke_color=\u00bb#000000&#8243; stroke_width=\u00bb140px\u00bb highlight_line_cap=\u00bbbutt\u00bb shape_v_offset=\u00bb-1px\u00bb shape_h_offset=\u00bb3px\u00bb highlighted_text_margin=\u00bb|15px||10px|false|false\u00bb highlighted_text_padding=\u00bb|0px|0px|0px|false|true\u00bb highlighted_text_margin_tablet=\u00bb|15px||10px|false|false\u00bb highlighted_text_margin_phone=\u00bb4%||||false|false\u00bb highlighted_text_margin_last_edited=\u00bbon|phone\u00bb _builder_version=\u00bb4.24.0&#8243; _module_preset=\u00bbdefault\u00bb all_text_text_align=\u00bbcenter\u00bb highlighted_text_text_color=\u00bb#FFFFFF\u00bb all_text_font_size_tablet=\u00bb\u00bb all_text_font_size_phone=\u00bb22px\u00bb all_text_font_size_last_edited=\u00bbon|phone\u00bb locked=\u00bboff\u00bb global_colors_info=\u00bb{}\u00bb][\/dipi_text_highlighter][\/et_pb_column][\/et_pb_row][et_pb_row column_structure=\u00bb1_2,1_2&#8243; _builder_version=\u00bb4.24.0&#8243; _module_preset=\u00bbdefault\u00bb locked=\u00bboff\u00bb global_colors_info=\u00bb{}\u00bb][et_pb_column type=\u00bb1_2&#8243; _builder_version=\u00bb4.24.0&#8243; _module_preset=\u00bbdefault\u00bb global_colors_info=\u00bb{}\u00bb][et_pb_image src=\u00bbhttps:\/\/improactif.com\/wp-content\/uploads\/2024\/02\/d2099e7c-b477-4abb-962f-9b4ab9aad0d6-1-1.webp\u00bb alt=\u00bbd2099e7c-b477-4abb-962f-9b4ab9aad0d6 (1) 1&#8243; title_text=\u00bbd2099e7c-b477-4abb-962f-9b4ab9aad0d6 (1) 1&#8243; _builder_version=\u00bb4.24.0&#8243; _module_preset=\u00bbdefault\u00bb global_colors_info=\u00bb{}\u00bb][\/et_pb_image][et_pb_text _builder_version=\u00bb4.27.0&#8243; _module_preset=\u00bbdefault\u00bb global_colors_info=\u00bb{}\u00bb]<\/p>\n<p><strong>Ang\u00e9lique Zettor<\/strong><br \/><em><span style=\"color: #f02774;\">Especialista en transici\u00f3n ecol\u00f3gica<\/span><\/em><\/p>\n<p><em>Le encanta cantar a pleno pulm\u00f3n en el bosque, imagin\u00e1ndose a los \u00e1rboles cantando.<\/em><\/p>\n<p><em>Le gustar\u00eda atreverse&#8230; No lo encuentra, \u00a1se atreve con todo! <\/em><\/p>\n<p>En su vida anterior, Ang\u00e9lique fue empresaria tecnol\u00f3gica. Cofund\u00f3 y presidi\u00f3 una start-up: recaud\u00f3 m\u00e1s de 10 millones de euros, un producto utilizado por 8 millones de personas y vivi\u00f3 en el coraz\u00f3n de Silicon Valley.   <\/p>\n<p>Tras ver el documental Demain, lo dej\u00f3 todo, transform\u00f3 un autob\u00fas escolar en una casa semipasiva y adopt\u00f3 un estilo de vida n\u00f3mada. Experiment\u00f3 con el minimalismo y el largo plazo, y se form\u00f3 en cuestiones clim\u00e1ticas y de biodiversidad.   <\/p>\n<p>Hoy en d\u00eda, pone su experiencia como empresaria y coach al servicio de la transici\u00f3n ecol\u00f3gica de las empresas. Dirige talleres de sensibilizaci\u00f3n y prospectiva de forma alegre, para inspirar a todos a crear un futuro deseable para todos.<br \/>Es en estas cuestiones fundamentales en las que Ang\u00e9lique acompa\u00f1a a ImproActif.   <\/p>\n<p>[\/et_pb_text][\/et_pb_column][et_pb_column type=\u00bb1_2&#8243; _builder_version=\u00bb4.24.0&#8243; _module_preset=\u00bbdefault\u00bb global_colors_info=\u00bb{}\u00bb][et_pb_image src=\u00bbhttps:\/\/improactif.com\/wp-content\/uploads\/2024\/02\/alexis-cassegrain.webp\u00bb alt=\u00bbAlexis Cassegrain\u00bb title_text=\u00bbAlexis Cassegrain\u00bb _builder_version=\u00bb4.24.0&#8243; _module_preset=\u00bbdefault\u00bb global_colors_info=\u00bb{}\u00bb][\/et_pb_image][et_pb_text _builder_version=\u00bb4.27.0&#8243; _module_preset=\u00bbdefault\u00bb global_colors_info=\u00bb{}\u00bb]<\/p>\n<p><strong>Alexis Cassegrain<\/strong><br \/><span style=\"color: #f02774;\"><em> El l\u00edder del di\u00e1logo <\/em><\/span>  <\/p>\n<p><em>Me gusta atreverme a cocinar platos diferentes cada d\u00eda.<\/em><\/p>\n<p><em>Me encantar\u00eda ba\u00f1arme en los lagos en pleno invierno (\u00a1y tambi\u00e9n en verano!).<\/em><\/p>\n<p>Durante m\u00e1s de 20 a\u00f1os, Alexis ha trabajado como responsable de recursos humanos para empresas ambiciosas como PPR, UPSA, Sta\u00fcbli, Lamy Liaisons, Renault y Groupe Moniteur, ayud\u00e1ndolas a hacer de la contribuci\u00f3n de los recursos humanos una parte integral de la estrategia corporativa.<\/p>\n<p>Goloso y entusiasta, da vida al di\u00e1logo social para potenciar nuestras ambiciones colectivas. Hombre de campo, dise\u00f1a y desarrolla soluciones pragm\u00e1ticas y operativas para que los equipos y la empresa avancen.   <\/p>\n<p>En 2024, se hizo cargo de una PYME del sector de la construcci\u00f3n y la ingenier\u00eda civil, un nuevo reto cuyo coraz\u00f3n sigue siendo y siempre: \u00a1las personas!<\/p>\n<p>[\/et_pb_text][\/et_pb_column][\/et_pb_row][et_pb_row column_structure=\u00bb1_2,1_2&#8243; _builder_version=\u00bb4.24.0&#8243; _module_preset=\u00bbdefault\u00bb locked=\u00bboff\u00bb global_colors_info=\u00bb{}\u00bb][et_pb_column type=\u00bb1_2&#8243; _builder_version=\u00bb4.24.0&#8243; _module_preset=\u00bbdefault\u00bb global_colors_info=\u00bb{}\u00bb][et_pb_image src=\u00bbhttps:\/\/improactif.com\/wp-content\/uploads\/2024\/02\/candice-andre-experte-avocate.webp\u00bb alt=\u00bbCandice Andre abogada experta\u00bb title_text=\u00bbCandice Andre abogada experta\u00bb _builder_version=\u00bb4.24.0&#8243; _module_preset=\u00bbdefault\u00bb global_colors_info=\u00bb{}\u00bb filter_brightness__hover_enabled=\u00bboff|desktop\u00bb filter_brightness__hover=\u00bb140%\u00bb][\/et_pb_image][et_pb_text _builder_version=\u00bb4.27.0&#8243; _module_preset=\u00bbdefault\u00bb locked=\u00bboff\u00bb global_colors_info=\u00bb{}\u00bb]<\/p>\n<p><strong>Candice Andr\u00e9 <\/strong><br \/><span style=\"color: #f02774;\"><em>La abogada de la propiedad intelectual<\/em><\/span><\/p>\n<p><em>Me gusta ser atrevido: hacer espect\u00e1culos de comedia musical improvisada.<\/em><\/p>\n<p><em>Me gustar\u00eda atreverme a empezar a aprender el lenguaje de signos.<\/em><\/p>\n<p>Es miembro del Colegio de Abogados de Par\u00eds desde 2019. Con formaci\u00f3n en derecho privado general y en derecho de la propiedad intelectual y de las nuevas tecnolog\u00edas, est\u00e1 especializada en los siguientes \u00e1mbitos: propiedad intelectual (marcas, dise\u00f1os, derechos de autor), derechos de imagen, derecho contractual, derecho mercantil y derecho digital.   <\/p>\n<p>Asiste a ImproActif en estos \u00e1mbitos, especialmente en el desarrollo y la defensa de su cartera de marcas y activos intangibles, asesorando sobre su desarrollo y comunicaci\u00f3n, y gestionando sus relaciones con los socios. Tambi\u00e9n es una persona de referencia para los programas de prevenci\u00f3n y sensibilizaci\u00f3n de ImproActif.   <\/p>\n<p>[\/et_pb_text][\/et_pb_column][et_pb_column type=\u00bb1_2&#8243; _builder_version=\u00bb4.27.0&#8243; _module_preset=\u00bbdefault\u00bb global_colors_info=\u00bb{}\u00bb][et_pb_image src=\u00bbhttps:\/\/improactif.com\/wp-content\/uploads\/2024\/02\/romain-van-den-brande.webp\u00bb alt=\u00bbRomain Van Den Brande\u00bb title_text=\u00bbRomain Van Den Brande\u00bb _builder_version=\u00bb4.24.0&#8243; _module_preset=\u00bbdefault\u00bb global_colors_info=\u00bb{}\u00bb][\/et_pb_image][et_pb_text _builder_version=\u00bb4.27.0&#8243; _module_preset=\u00bbdefault\u00bb global_colors_info=\u00bb{}\u00bb]<\/p>\n<p><strong>Romain Van Den Brande<\/strong><br \/><em><span style=\"color: #f02774;\">El profesor elocuente<\/span><\/em> <\/p>\n<p><em>Me gusta atreverme a salir y conocer gente.  <\/em><\/p>\n<p><em>Me gustar\u00eda atreverme a creer que la comunicaci\u00f3n, la transmisi\u00f3n y el intercambio pueden tener un impacto positivo en el mundo de ma\u00f1ana.<\/em><\/p>\n<p>Apasionado de la transmisi\u00f3n a trav\u00e9s del cuerpo, Romain comenz\u00f3 su carrera como profesor de educaci\u00f3n f\u00edsica. Formado en mediaci\u00f3n entre iguales (gesti\u00f3n de conflictos, CNV), se incorpor\u00f3 a Eloquentia, l\u00edder nacional en oratoria, como formador<br \/>para p\u00fablicos muy diversos: autoridades locales, universidades, profesores, centros de ense\u00f1anza secundaria, personas con discapacidad, reclusos.   <\/p>\n<p>En 2018, se convirti\u00f3 en director pedag\u00f3gico de Eloquentia y acompa\u00f1\u00f3 su fuerte desarrollo, ocup\u00e1ndose de la contrataci\u00f3n de formadores, su apoyo<br \/>sobre el terreno y el dise\u00f1o de progresiones pedag\u00f3gicas.<\/p>\n<p>Tras 5 a\u00f1os en la direcci\u00f3n de Eloquentia, y porque comparte nuestros valores y nuestra misi\u00f3n, Romain se une a ImproActif para apoyar su desarrollo territorial y mantener su excelencia pedag\u00f3gica.<\/p>\n<p><em> <\/em><\/p>\n<p>[\/et_pb_text][\/et_pb_column][\/et_pb_row][et_pb_row column_structure=\u00bb1_2,1_2&#8243; _builder_version=\u00bb4.24.0&#8243; _module_preset=\u00bbdefault\u00bb locked=\u00bboff\u00bb global_colors_info=\u00bb{}\u00bb][et_pb_column type=\u00bb1_2&#8243; _builder_version=\u00bb4.24.0&#8243; _module_preset=\u00bbdefault\u00bb global_colors_info=\u00bb{}\u00bb][et_pb_image src=\u00bbhttps:\/\/improactif.com\/wp-content\/uploads\/2024\/02\/jean-marie-guilloux.webp\u00bb alt=\u00bbJean Marie Guilloux\u00bb title_text=\u00bbJean Marie Guilloux\u00bb _builder_version=\u00bb4.24.0&#8243; _module_preset=\u00bbdefault\u00bb global_colors_info=\u00bb{}\u00bb][\/et_pb_image][et_pb_text _builder_version=\u00bb4.27.0&#8243; _module_preset=\u00bbdefault\u00bb global_colors_info=\u00bb{}\u00bb]<\/p>\n<p><strong>Jean Marie Guilloux<\/strong><br \/><span style=\"color: #f02774;\"><em>Abogado de las estrellas <\/em><\/span>  <strong><\/strong><\/p>\n<p><em>Me gusta atreverme a buscar soluciones alternativas.<\/em><\/p>\n<p><em> <\/em><em>Me gustar\u00eda atreverme&#8230;. \u00a1atreverme!   <\/em><\/p>\n<p>Jean Marie Guilloux es titular de un DEA (diploma de postgrado) en Derecho de la Propiedad Literaria y Art\u00edstica y diplomado del programa Hec Senior MBA. Tras una experiencia inicial en el \u00e1mbito empresarial, es miembro del Colegio de Abogados de Par\u00eds desde hace 20 a\u00f1os. Posee certificados de especializaci\u00f3n en Derecho de la Propiedad Intelectual y en Derecho de las Nuevas Tecnolog\u00edas de la Informaci\u00f3n y la Comunicaci\u00f3n. Asesora y defiende a actores de los sectores del espect\u00e1culo y la cultura.<br \/>Mediador acreditado por el Centro de Mediaci\u00f3n y Arbitraje de Par\u00eds, aporta a su pr\u00e1ctica un enfoque constructivo e innovador para comprender las expectativas y necesidades de todas las partes.     <\/p>\n<p>Especialista en comportamiento sexista, acoso, inclusi\u00f3n y diversidad, ofrece apoyo en estos y otros temas tratados en los programas de sensibilizaci\u00f3n de ImproActif.<\/p>\n<p>[\/et_pb_text][\/et_pb_column][et_pb_column type=\u00bb1_2&#8243; _builder_version=\u00bb4.27.0&#8243; _module_preset=\u00bbdefault\u00bb global_colors_info=\u00bb{}\u00bb][et_pb_image src=\u00bbhttps:\/\/improactif.com\/wp-content\/uploads\/2024\/02\/herve-farret.webp\u00bb alt=\u00bbHerv\u00e9 Farret\u00bb title_text=\u00bbHerv\u00e9 Farret\u00bb _builder_version=\u00bb4.24.0&#8243; _module_preset=\u00bbdefault\u00bb global_colors_info=\u00bb{}\u00bb filter_brightness__hover_enabled=\u00bboff|desktop\u00bb filter_brightness__hover=\u00bb140%\u00bb][\/et_pb_image][et_pb_text _builder_version=\u00bb4.27.0&#8243; _module_preset=\u00bbdefault\u00bb locked=\u00bboff\u00bb global_colors_info=\u00bb{}\u00bb]<\/p>\n<p><strong>Herv\u00e9 Farret <\/strong><br \/><span style=\"color: #f02774;\"><em> El director comercial de RRHH<\/em><\/span><\/p>\n<p><span style=\"color: #f02774;\"><em><\/em><\/span><em>Me gusta atreverme&#8230; tomar los caminos secundarios.<\/em><\/p>\n<p><em>Me gustar\u00eda atreverme&#8230; a lo que nadie se atreve.<\/em><\/p>\n<p>Herv\u00e9 Farret comenz\u00f3 su carrera como responsable de RRHH, comunicaci\u00f3n y contrataci\u00f3n en Xerox, empresa pionera y l\u00edder en ofim\u00e1tica. Como vendedor, formador sobre el terreno, jefe de ventas y especialista en t\u00e9cnicas de motivaci\u00f3n, su formaci\u00f3n y sensibilidad le condujeron naturalmente a los recursos humanos, donde sus cargos le permitieron expresar su creatividad en el coraz\u00f3n de proyectos innovadores, como la creaci\u00f3n<br \/>de escuelas de empresa (ventas, atenci\u00f3n al cliente), iniciativas de integraci\u00f3n profesional, c\u00e1tedras de ventas en las principales escuelas de negocios, comunicaci\u00f3n social, programas spin-off, iniciativas de igualdad de g\u00e9nero, etc.   <\/p>\n<p>Evidentemente, Herv\u00e9 aporta a ImproActif su legitimidad en todas las facetas de la venta, pero no s\u00f3lo eso, ya que su s\u00f3lida experiencia de las organizaciones, la gesti\u00f3n y, sobre todo, las personas, le convierten en un asesor de confianza.<\/p>\n<p>[\/et_pb_text][\/et_pb_column][\/et_pb_row][\/et_pb_section][et_pb_section fb_built=\u00bb1&#8243; admin_label=\u00bbPopup &#8211; #paris\u00bb module_id=\u00bbparis\u00bb module_class=\u00bbpopup\u00bb _builder_version=\u00bb4.24.0&#8243; _module_preset=\u00bbdefault\u00bb max_width=\u00bb80%\u00bb max_width_tablet=\u00bb80%\u00bb max_width_phone=\u00bb90%\u00bb max_width_last_edited=\u00bbon|phone\u00bb da_is_popup=\u00bbon\u00bb da_popup_slug=\u00bbparis\u00bb da_disable_devices=\u00bboff|off|off\u00bb global_colors_info=\u00bb{}\u00bb da_exit_intent=\u00bboff\u00bb da_has_close=\u00bbon\u00bb da_alt_close=\u00bboff\u00bb da_dark_close=\u00bboff\u00bb da_not_modal=\u00bbon\u00bb da_is_singular=\u00bboff\u00bb da_with_loader=\u00bboff\u00bb da_has_shadow=\u00bbon\u00bb][et_pb_row _builder_version=\u00bb4.24.0&#8243; _module_preset=\u00bbdefault\u00bb global_colors_info=\u00bb{}\u00bb][et_pb_column type=\u00bb4_4&#8243; _builder_version=\u00bb4.24.0&#8243; _module_preset=\u00bbdefault\u00bb global_colors_info=\u00bb{}\u00bb][dipi_text_highlighter text_highlighter_prefix=\u00bbLos ImproActifs en  \u00bb text_highlighter_text=\u00bb\u00cele-de-France\u00bb highlight_shape=\u00bbstrikethrough\u00bb text_direction=\u00bbblock\u00bb highlight_animation_start=\u00bbin_loading\u00bb highlight_animation_duration=\u00bb100ms\u00bb highlight_delay_after_animation=\u00bb0ms\u00bb highlight_animation_repeat_mode=\u00bbno\u00bb stroke_color=\u00bb#000000&#8243; stroke_width=\u00bb140px\u00bb highlight_line_cap=\u00bbbutt\u00bb shape_v_offset=\u00bb-1px\u00bb shape_h_offset=\u00bb3px\u00bb highlighted_text_margin=\u00bb15px|15px||10px|false|false\u00bb highlighted_text_padding=\u00bb|0px|0px|0px|false|true\u00bb _builder_version=\u00bb4.24.0&#8243; _module_preset=\u00bbdefault\u00bb all_text_text_align=\u00bbcenter\u00bb highlighted_text_text_color=\u00bb#FFFFFF\u00bb all_text_font_size_tablet=\u00bb\u00bb all_text_font_size_phone=\u00bb22px\u00bb all_text_font_size_last_edited=\u00bbon|phone\u00bb locked=\u00bboff\u00bb global_colors_info=\u00bb{}\u00bb][\/dipi_text_highlighter][\/et_pb_column][\/et_pb_row][et_pb_row column_structure=\u00bb1_4,1_4,1_4,1_4&#8243; _builder_version=\u00bb4.24.0&#8243; _module_preset=\u00bbdefault\u00bb global_colors_info=\u00bb{}\u00bb][et_pb_column type=\u00bb1_4&#8243; _builder_version=\u00bb4.22.1&#8243; _module_preset=\u00bbdefault\u00bb global_colors_info=\u00bb{}\u00bb][et_pb_image src=\u00bbhttps:\/\/improactif.com\/wp-content\/uploads\/2024\/02\/mark-le-comedien-britannique-paris.webp\u00bb alt=\u00bbMark, el actor brit\u00e1nico (Par\u00eds)\u00bb title_text=\u00bbMark, el actor brit\u00e1nico (Par\u00eds)\u00bb _builder_version=\u00bb4.24.0&#8243; _module_preset=\u00bbdefault\u00bb global_colors_info=\u00bb{}\u00bb][\/et_pb_image][et_pb_text _builder_version=\u00bb4.24.0&#8243; _module_preset=\u00bbdefault\u00bb global_colors_info=\u00bb{}\u00bb]<\/p>\n<p><strong>Mark<\/strong><br \/><span style=\"color: #f02774;\"><em>El actor brit\u00e1nico<\/em><\/span><\/p>\n<p>[\/et_pb_text][\/et_pb_column][et_pb_column type=\u00bb1_4&#8243; _builder_version=\u00bb4.22.1&#8243; _module_preset=\u00bbdefault\u00bb global_colors_info=\u00bb{}\u00bb][et_pb_image src=\u00bbhttps:\/\/improactif.com\/wp-content\/uploads\/2024\/02\/marie-la-douce-communicante-idf.webp\u00bb alt=\u00bbMarie la dulce comunicadora (IDF)\u00bb title_text=\u00bbMarie la dulce comunicadora (IDF)\u00bb _builder_version=\u00bb4.24.0&#8243; _module_preset=\u00bbdefault\u00bb global_colors_info=\u00bb{}\u00bb][\/et_pb_image][et_pb_text _builder_version=\u00bb4.24.0&#8243; _module_preset=\u00bbdefault\u00bb global_colors_info=\u00bb{}\u00bb]<strong>Marie<\/strong> <span style=\"color: #f02774;\"><em>la dulce comunicadora (FIL)<\/em><\/span>[\/et_pb_text][\/et_pb_column][et_pb_column type=\u00bb1_4&#8243; _builder_version=\u00bb4.22.1&#8243; _module_preset=\u00bbdefault\u00bb global_colors_info=\u00bb{}\u00bb][et_pb_image src=\u00bbhttps:\/\/improactif.com\/wp-content\/uploads\/2024\/02\/lucas-le-conteur-ineffable-idf.webp\u00bb alt=\u00bbLucas El narrador inefable (IDF)\u00bb title_text=\u00bbLucas El narrador inefable (IDF)\u00bb _builder_version=\u00bb4.24.0&#8243; _module_preset=\u00bbdefault\u00bb global_colors_info=\u00bb{}\u00bb][\/et_pb_image][et_pb_text _builder_version=\u00bb4.24.0&#8243; _module_preset=\u00bbdefault\u00bb global_colors_info=\u00bb{}\u00bb]<strong>Lucas<\/strong> <span style=\"color: #f02774;\"><em>El narrador inefable (IDF)<\/em><\/span>[\/et_pb_text][\/et_pb_column][et_pb_column type=\u00bb1_4&#8243; _builder_version=\u00bb4.22.1&#8243; _module_preset=\u00bbdefault\u00bb global_colors_info=\u00bb{}\u00bb][et_pb_image src=\u00bbhttps:\/\/improactif.com\/wp-content\/uploads\/2024\/02\/laura-la-revelatrice-a-base-d-instinct-idf.webp\u00bb alt=\u00bbLaura, la reveladora basada en el instinto (IDF)\u00bb title_text=\u00bbLaura, la reveladora basada en el instinto (IDF)\u00bb _builder_version=\u00bb4.24.0&#8243; _module_preset=\u00bbdefault\u00bb global_colors_info=\u00bb{}\u00bb][\/et_pb_image][et_pb_text _builder_version=\u00bb4.24.0&#8243; _module_preset=\u00bbdefault\u00bb global_colors_info=\u00bb{}\u00bb]<\/p>\n<p><strong>Laura<\/strong><br \/><span style=\"color: #f02774;\"><em>El revelador basado en el instinto<\/em><\/span> <\/p>\n<p>[\/et_pb_text][\/et_pb_column][\/et_pb_row][et_pb_row column_structure=\u00bb1_4,1_4,1_4,1_4&#8243; _builder_version=\u00bb4.24.0&#8243; _module_preset=\u00bbdefault\u00bb global_colors_info=\u00bb{}\u00bb][et_pb_column type=\u00bb1_4&#8243; _builder_version=\u00bb4.22.1&#8243; _module_preset=\u00bbdefault\u00bb global_colors_info=\u00bb{}\u00bb][et_pb_image src=\u00bbhttps:\/\/improactif.com\/wp-content\/uploads\/2024\/02\/julien-le-comedien-formateur-bienveillant-region-idf.webp\u00bb alt=\u00bbJulien el ben\u00e9volo entrenador de actores (regi\u00f3n FDI)\u00bb title_text=\u00bbJulien el ben\u00e9volo entrenador de actores (regi\u00f3n FDI)\u00bb _builder_version=\u00bb4.24.0&#8243; _module_preset=\u00bbdefault\u00bb global_colors_info=\u00bb{}\u00bb][\/et_pb_image][et_pb_text _builder_version=\u00bb4.24.0&#8243; _module_preset=\u00bbdefault\u00bb global_colors_info=\u00bb{}\u00bb]<strong>Julien<\/strong><em> <span style=\"color: #f02774;\">El ben\u00e9volo entrenador de actores<\/span><\/em>[\/et_pb_text][\/et_pb_column][et_pb_column type=\u00bb1_4&#8243; _builder_version=\u00bb4.22.1&#8243; _module_preset=\u00bbdefault\u00bb global_colors_info=\u00bb{}\u00bb][et_pb_image src=\u00bbhttps:\/\/improactif.com\/wp-content\/uploads\/2024\/02\/josselin-le-semillant-sportif-idf.webp\u00bb alt=\u00bbJosselin, el deportista vivaz (IDF)\u00bb title_text=\u00bbJosselin, el deportista vivaz (IDF)\u00bb _builder_version=\u00bb4.24.0&#8243; _module_preset=\u00bbdefault\u00bb global_colors_info=\u00bb{}\u00bb][\/et_pb_image][et_pb_text _builder_version=\u00bb4.24.0&#8243; _module_preset=\u00bbdefault\u00bb global_colors_info=\u00bb{}\u00bb]<strong>Josselin <\/strong><em><span style=\"color: #f02774;\">El deportista vivaz<\/span><\/em>[\/et_pb_text][\/et_pb_column][et_pb_column type=\u00bb1_4&#8243; _builder_version=\u00bb4.22.1&#8243; _module_preset=\u00bbdefault\u00bb global_colors_info=\u00bb{}\u00bb][et_pb_image src=\u00bbhttps:\/\/improactif.com\/wp-content\/uploads\/2024\/02\/ilia-le-financier-fine-ouie-paris.webp\u00bb alt=\u00bbIlia, el mago de las finanzas (Par\u00eds)\u00bb title_text=\u00bbIlia, el mago de las finanzas (Par\u00eds)\u00bb _builder_version=\u00bb4.24.0&#8243; _module_preset=\u00bbdefault\u00bb global_colors_info=\u00bb{}\u00bb][\/et_pb_image][et_pb_text _builder_version=\u00bb4.24.0&#8243; _module_preset=\u00bbdefault\u00bb global_colors_info=\u00bb{}\u00bb]<strong>Ilia<\/strong><span style=\"color: #f02774;\"><em> el mago de las finanzas (Par\u00eds)<\/em><\/span>[\/et_pb_text][\/et_pb_column][et_pb_column type=\u00bb1_4&#8243; _builder_version=\u00bb4.22.1&#8243; _module_preset=\u00bbdefault\u00bb global_colors_info=\u00bb{}\u00bb][et_pb_image src=\u00bbhttps:\/\/improactif.com\/wp-content\/uploads\/2024\/02\/florine-la-creative-de-l-inattendu-idf.webp\u00bb alt=\u00bbFlorine, creativa e inesperada (Idf)\u00bb title_text=\u00bbFlorine, creativa e inesperada (Idf)\u00bb _builder_version=\u00bb4.24.0&#8243; _module_preset=\u00bbdefault\u00bb global_colors_info=\u00bb{}\u00bb][\/et_pb_image][et_pb_text _builder_version=\u00bb4.24.0&#8243; _module_preset=\u00bbdefault\u00bb global_colors_info=\u00bb{}\u00bb]<strong>Florine<\/strong> <span style=\"color: #f02774;\"><em>El creador de lo inesperado<\/em><\/span>[\/et_pb_text][\/et_pb_column][\/et_pb_row][et_pb_row column_structure=\u00bb1_4,1_4,1_4,1_4&#8243; _builder_version=\u00bb4.24.0&#8243; _module_preset=\u00bbdefault\u00bb global_colors_info=\u00bb{}\u00bb][et_pb_column type=\u00bb1_4&#8243; _builder_version=\u00bb4.22.1&#8243; _module_preset=\u00bbdefault\u00bb global_colors_info=\u00bb{}\u00bb][et_pb_image src=\u00bbhttps:\/\/improactif.com\/wp-content\/uploads\/2024\/02\/corinne-revelatrice-de-talents-idf.webp\u00bb alt=\u00bbCorinne, Desarrolladora de talentos (IDF)\u00bb title_text=\u00bbCorinne, Desarrolladora de talentos (IDF)\u00bb _builder_version=\u00bb4.24.0&#8243; _module_preset=\u00bbdefault\u00bb global_colors_info=\u00bb{}\u00bb][\/et_pb_image][et_pb_text _builder_version=\u00bb4.24.0&#8243; _module_preset=\u00bbdefault\u00bb global_colors_info=\u00bb{}\u00bb]<strong>Corinne<\/strong> <em><span style=\"color: #f02774;\">Desarrolladora de talentos (IDF)<\/span><\/em>[\/et_pb_text][\/et_pb_column][et_pb_column type=\u00bb1_4&#8243; _builder_version=\u00bb4.22.1&#8243; _module_preset=\u00bbdefault\u00bb global_colors_info=\u00bb{}\u00bb][et_pb_image src=\u00bbhttps:\/\/improactif.com\/wp-content\/uploads\/2024\/02\/cindy-la-rh-de-l-imprevu-region-idf.webp\u00bb alt=\u00bbCindy, RRHH para lo inesperado (regi\u00f3n FDI)\u00bb title_text=\u00bbCindy, RRHH para lo inesperado (regi\u00f3n FDI)\u00bb _builder_version=\u00bb4.24.0&#8243; _module_preset=\u00bbdefault\u00bb global_colors_info=\u00bb{}\u00bb][\/et_pb_image][et_pb_text _builder_version=\u00bb4.24.0&#8243; _module_preset=\u00bbdefault\u00bb global_colors_info=\u00bb{}\u00bb]<strong>Cindy,<\/strong><span style=\"color: #f02774;\"><em> RRHH para lo inesperado (regi\u00f3n FDI)<\/em><\/span>[\/et_pb_text][\/et_pb_column][et_pb_column type=\u00bb1_4&#8243; _builder_version=\u00bb4.22.1&#8243; _module_preset=\u00bbdefault\u00bb global_colors_info=\u00bb{}\u00bb][et_pb_image src=\u00bbhttps:\/\/improactif.com\/wp-content\/uploads\/2024\/02\/charles-edouard-le-joyeux-lache-rien-idf.webp\u00bb alt=\u00bbCharles-Edouard, el renunciante feliz (IDF)\u00bb title_text=\u00bbCharles-Edouard, el renunciante feliz (IDF)\u00bb _builder_version=\u00bb4.24.0&#8243; _module_preset=\u00bbdefault\u00bb global_colors_info=\u00bb{}\u00bb][\/et_pb_image][et_pb_text _builder_version=\u00bb4.24.0&#8243; _module_preset=\u00bbdefault\u00bb global_colors_info=\u00bb{}\u00bb]<strong>Charles-Edouard<\/strong><span style=\"color: #f02774;\"><em> el renunciante feliz (FDI)<\/em><\/span>[\/et_pb_text][\/et_pb_column][et_pb_column type=\u00bb1_4&#8243; _builder_version=\u00bb4.22.1&#8243; _module_preset=\u00bbdefault\u00bb global_colors_info=\u00bb{}\u00bb][et_pb_image src=\u00bbhttps:\/\/improactif.com\/wp-content\/uploads\/2024\/02\/barbara-la-coach-bienveillante-et-exigeante-idf.webp\u00bb alt=\u00bbBarbara la entrenadora atenta y exigente (Idf)\u00bb title_text=\u00bbBarbara la entrenadora atenta y exigente (Idf)\u00bb _builder_version=\u00bb4.24.0&#8243; _module_preset=\u00bbdefault\u00bb global_colors_info=\u00bb{}\u00bb][\/et_pb_image][et_pb_text _builder_version=\u00bb4.24.0&#8243; _module_preset=\u00bbdefault\u00bb global_colors_info=\u00bb{}\u00bb]<strong>Barbara<\/strong><span style=\"color: #f02774;\"><em> La entrenadora atenta y exigente<\/em><\/span>[\/et_pb_text][\/et_pb_column][\/et_pb_row][et_pb_row column_structure=\u00bb1_4,1_4,1_4,1_4&#8243; _builder_version=\u00bb4.24.0&#8243; _module_preset=\u00bbdefault\u00bb global_colors_info=\u00bb{}\u00bb][et_pb_column type=\u00bb1_4&#8243; _builder_version=\u00bb4.22.1&#8243; _module_preset=\u00bbdefault\u00bb global_colors_info=\u00bb{}\u00bb][et_pb_image src=\u00bbhttps:\/\/improactif.com\/wp-content\/uploads\/2024\/02\/aline-l-animatrice-holacratique-idf.webp\u00bb alt=\u00bbAline, la facilitadora holocr\u00e1tica (FDI)\u00bb title_text=\u00bbAline, la facilitadora holocr\u00e1tica (FDI)\u00bb _builder_version=\u00bb4.24.0&#8243; _module_preset=\u00bbdefault\u00bb global_colors_info=\u00bb{}\u00bb][\/et_pb_image][et_pb_text _builder_version=\u00bb4.24.0&#8243; _module_preset=\u00bbdefault\u00bb global_colors_info=\u00bb{}\u00bb]<strong>Aline<\/strong> <span style=\"color: #f02774;\"><em>La facilitadora holocr\u00e1tica<\/em><\/span>[\/et_pb_text][\/et_pb_column][et_pb_column type=\u00bb1_4&#8243; _builder_version=\u00bb4.22.1&#8243; _module_preset=\u00bbdefault\u00bb global_colors_info=\u00bb{}\u00bb][et_pb_image src=\u00bbhttps:\/\/improactif.com\/wp-content\/uploads\/2024\/02\/alex-casanova.webp\u00bb alt=\u00bbalex casanova\u00bb title_text=\u00bbalex casanova\u00bb _builder_version=\u00bb4.24.0&#8243; _module_preset=\u00bbdefault\u00bb global_colors_info=\u00bb{}\u00bb][\/et_pb_image][et_pb_text _builder_version=\u00bb4.24.0&#8243; _module_preset=\u00bbdefault\u00bb global_colors_info=\u00bb{}\u00bb]<strong>Alex<\/strong> <span style=\"color: #f02774;\"><em>El sofr\u00f3logo encantador<\/em><\/span>[\/et_pb_text][\/et_pb_column][et_pb_column type=\u00bb1_4&#8243; _builder_version=\u00bb4.22.1&#8243; _module_preset=\u00bbdefault\u00bb global_colors_info=\u00bb{}\u00bb][et_pb_image src=\u00bbhttps:\/\/improactif.com\/wp-content\/uploads\/2024\/02\/elhad-netb.webp\u00bb alt=\u00bbelhad NetB\u00bb title_text=\u00bbelhad NetB\u00bb _builder_version=\u00bb4.24.0&#8243; _module_preset=\u00bbdefault\u00bb global_colors_info=\u00bb{}\u00bb][\/et_pb_image][et_pb_text _builder_version=\u00bb4.24.0&#8243; _module_preset=\u00bbdefault\u00bb global_colors_info=\u00bb{}\u00bb]<strong>Elhad <\/strong><span style=\"color: #f02774;\"><em>El anfitri\u00f3n loco<\/em><\/span>[\/et_pb_text][\/et_pb_column][et_pb_column type=\u00bb1_4&#8243; _builder_version=\u00bb4.22.1&#8243; _module_preset=\u00bbdefault\u00bb global_colors_info=\u00bb{}\u00bb][et_pb_image src=\u00bbhttps:\/\/improactif.com\/wp-content\/uploads\/2024\/02\/john-smo2.webp\u00bb alt=\u00bbjohn smo2&#8243; title_text=\u00bbjohn smo2&#8243; _builder_version=\u00bb4.24.0&#8243; _module_preset=\u00bbdefault\u00bb global_colors_info=\u00bb{}\u00bb][\/et_pb_image][et_pb_text _builder_version=\u00bb4.24.0&#8243; _module_preset=\u00bbdefault\u00bb global_colors_info=\u00bb{}\u00bb]<strong>Jonathan<\/strong> <span style=\"color: #f02774;\"><em>El entrenador de jugadores<\/em><\/span>[\/et_pb_text][\/et_pb_column][\/et_pb_row][et_pb_row column_structure=\u00bb1_4,1_4,1_4,1_4&#8243; _builder_version=\u00bb4.24.0&#8243; _module_preset=\u00bbdefault\u00bb global_colors_info=\u00bb{}\u00bb][et_pb_column type=\u00bb1_4&#8243; _builder_version=\u00bb4.22.1&#8243; _module_preset=\u00bbdefault\u00bb global_colors_info=\u00bb{}\u00bb][et_pb_image src=\u00bbhttps:\/\/improactif.com\/wp-content\/uploads\/2024\/02\/image0-2.webp\u00bb alt=\u00bbimagen0 (2)\u00bb title_text=\u00bbimagen0 (2)\u00bb _builder_version=\u00bb4.24.0&#8243; _module_preset=\u00bbdefault\u00bb global_colors_info=\u00bb{}\u00bb][\/et_pb_image][et_pb_text _builder_version=\u00bb4.24.0&#8243; _module_preset=\u00bbdefault\u00bb global_colors_info=\u00bb{}\u00bb]<strong>Jennifer<\/strong><span style=\"color: #f02774;\"><em> La psic\u00f3loga funky<\/em><\/span>[\/et_pb_text][\/et_pb_column][et_pb_column type=\u00bb1_4&#8243; _builder_version=\u00bb4.22.1&#8243; _module_preset=\u00bbdefault\u00bb global_colors_info=\u00bb{}\u00bb][et_pb_image src=\u00bbhttps:\/\/improactif.com\/wp-content\/uploads\/2024\/02\/image0.webp\u00bb alt=\u00bbimagen0&#8243; title_text=\u00bbimagen0&#8243; _builder_version=\u00bb4.24.0&#8243; _module_preset=\u00bbdefault\u00bb global_colors_info=\u00bb{}\u00bb][\/et_pb_image][et_pb_text _builder_version=\u00bb4.24.0&#8243; _module_preset=\u00bbdefault\u00bb global_colors_info=\u00bb{}\u00bb]<strong>No\u00e9mie<\/strong> <span style=\"color: #f02774;\"><em>La actriz polifac\u00e9tica<\/em><\/span>[\/et_pb_text][\/et_pb_column][et_pb_column type=\u00bb1_4&#8243; _builder_version=\u00bb4.22.1&#8243; _module_preset=\u00bbdefault\u00bb global_colors_info=\u00bb{}\u00bb][et_pb_image src=\u00bbhttps:\/\/improactif.com\/wp-content\/uploads\/2024\/02\/20220518_123419.webp\u00bb alt=\u00bb20220518_123419&#8243; title_text=\u00bb20220518_123419&#8243; _builder_version=\u00bb4.24.0&#8243; _module_preset=\u00bbdefault\u00bb global_colors_info=\u00bb{}\u00bb][\/et_pb_image][et_pb_text _builder_version=\u00bb4.24.0&#8243; _module_preset=\u00bbdefault\u00bb global_colors_info=\u00bb{}\u00bb]<strong>Angelo<\/strong> <span style=\"color: #f02774;\"><em>El entrenador ecol\u00f3gico<\/em><\/span>[\/et_pb_text][\/et_pb_column][et_pb_column type=\u00bb1_4&#8243; _builder_version=\u00bb4.22.1&#8243; _module_preset=\u00bbdefault\u00bb global_colors_info=\u00bb{}\u00bb][et_pb_image src=\u00bbhttps:\/\/improactif.com\/wp-content\/uploads\/2024\/02\/photoimpoactif.webp\u00bb alt=\u00bbfotoImpoactif\u00bb title_text=\u00bbfotoImpoactif\u00bb _builder_version=\u00bb4.24.0&#8243; _module_preset=\u00bbdefault\u00bb global_colors_info=\u00bb{}\u00bb][\/et_pb_image][et_pb_text _builder_version=\u00bb4.24.0&#8243; _module_preset=\u00bbdefault\u00bb global_colors_info=\u00bb{}\u00bb]<strong>Robin <\/strong><span style=\"color: #f02774;\"><em>El m\u00e9dico apasionado<\/em><\/span>[\/et_pb_text][\/et_pb_column][\/et_pb_row][et_pb_row column_structure=\u00bb1_4,1_4,1_4,1_4&#8243; _builder_version=\u00bb4.24.0&#8243; _module_preset=\u00bbdefault\u00bb global_colors_info=\u00bb{}\u00bb][et_pb_column type=\u00bb1_4&#8243; _builder_version=\u00bb4.22.1&#8243; _module_preset=\u00bbdefault\u00bb global_colors_info=\u00bb{}\u00bb][et_pb_image src=\u00bbhttps:\/\/improactif.com\/wp-content\/uploads\/2024\/02\/muriel_ekovich-portrait.webp\u00bb alt=\u00bbMuriel_Ekovich-Portrait\u00bb title_text=\u00bbMuriel_Ekovich-Portrait\u00bb _builder_version=\u00bb4.24.0&#8243; _module_preset=\u00bbdefault\u00bb global_colors_info=\u00bb{}\u00bb][\/et_pb_image][et_pb_text _builder_version=\u00bb4.24.0&#8243; _module_preset=\u00bbdefault\u00bb global_colors_info=\u00bb{}\u00bb]<strong>Muriel <\/strong><span style=\"color: #f02774;\"><em>La neurocient\u00edfica de la educaci\u00f3n<\/em><\/span>[\/et_pb_text][\/et_pb_column][et_pb_column type=\u00bb1_4&#8243; _builder_version=\u00bb4.22.1&#8243; _module_preset=\u00bbdefault\u00bb global_colors_info=\u00bb{}\u00bb][et_pb_image src=\u00bbhttps:\/\/improactif.com\/wp-content\/uploads\/2024\/02\/improactif-anne-bourduge.webp\u00bb alt=\u00bbImproactivo &#8211; Anne Bourduge\u00bb title_text=\u00bbImproactivo &#8211; Anne Bourduge\u00bb _builder_version=\u00bb4.24.0&#8243; _module_preset=\u00bbdefault\u00bb global_colors_info=\u00bb{}\u00bb][\/et_pb_image][et_pb_text _builder_version=\u00bb4.24.0&#8243; _module_preset=\u00bbdefault\u00bb global_colors_info=\u00bb{}\u00bb]<strong>Ana<\/strong><span style=\"color: #f02774;\"><em> El comunicador amplificador de voz<\/em><\/span>[\/et_pb_text][\/et_pb_column][et_pb_column type=\u00bb1_4&#8243; _builder_version=\u00bb4.22.1&#8243; _module_preset=\u00bbdefault\u00bb global_colors_info=\u00bb{}\u00bb][et_pb_image src=\u00bbhttps:\/\/improactif.com\/wp-content\/uploads\/2024\/02\/img_0571.webp\u00bb alt=\u00bbIMG_0571&#8243; title_text=\u00bbIMG_0571&#8243; _builder_version=\u00bb4.24.0&#8243; _module_preset=\u00bbdefault\u00bb global_colors_info=\u00bb{}\u00bb][\/et_pb_image][et_pb_text _builder_version=\u00bb4.24.0&#8243; _module_preset=\u00bbdefault\u00bb global_colors_info=\u00bb{}\u00bb]<strong>Meng<\/strong> <span style=\"color: #f02774;\"><em>El dise\u00f1ador de las buenas vibraciones<\/em><\/span>[\/et_pb_text][\/et_pb_column][et_pb_column type=\u00bb1_4&#8243; _builder_version=\u00bb4.22.1&#8243; _module_preset=\u00bbdefault\u00bb global_colors_info=\u00bb{}\u00bb][et_pb_image src=\u00bbhttps:\/\/improactif.com\/wp-content\/uploads\/2024\/02\/image0-4.webp\u00bb alt=\u00bbimagen0 (4)\u00bb title_text=\u00bbimagen0 (4)\u00bb _builder_version=\u00bb4.24.0&#8243; _module_preset=\u00bbdefault\u00bb global_colors_info=\u00bb{}\u00bb][\/et_pb_image][et_pb_text _builder_version=\u00bb4.24.0&#8243; _module_preset=\u00bbdefault\u00bb global_colors_info=\u00bb{}\u00bb]<strong>Massimo<\/strong> <span style=\"color: #f02774;\"><em>El jugador especialista en RSE<\/em><\/span>[\/et_pb_text][\/et_pb_column][\/et_pb_row][et_pb_row column_structure=\u00bb1_4,1_4,1_4,1_4&#8243; _builder_version=\u00bb4.24.0&#8243; _module_preset=\u00bbdefault\u00bb global_colors_info=\u00bb{}\u00bb][et_pb_column type=\u00bb1_4&#8243; _builder_version=\u00bb4.22.1&#8243; _module_preset=\u00bbdefault\u00bb global_colors_info=\u00bb{}\u00bb][et_pb_image src=\u00bbhttps:\/\/improactif.com\/wp-content\/uploads\/2024\/10\/aurore-metteuse-en-voix-ile-de-france.webp\u00bb alt=\u00bbMuriel_Ekovich-Portrait\u00bb title_text=\u00bbaurore-metteuse-en-voix-ile-de-france\u00bb _builder_version=\u00bb4.27.0&#8243; _module_preset=\u00bbdefault\u00bb global_colors_info=\u00bb{}\u00bb][\/et_pb_image][et_pb_text _builder_version=\u00bb4.24.0&#8243; _module_preset=\u00bbdefault\u00bb global_colors_info=\u00bb{}\u00bb]<\/p>\n<p><strong>Aurore<\/strong><br \/><span style=\"color: #f02774;\"><em>Directora de voz<br \/><\/em><\/span><\/p>\n<p>[\/et_pb_text][\/et_pb_column][et_pb_column type=\u00bb1_4&#8243; _builder_version=\u00bb4.22.1&#8243; _module_preset=\u00bbdefault\u00bb global_colors_info=\u00bb{}\u00bb][et_pb_image src=\u00bbhttps:\/\/improactif.com\/wp-content\/uploads\/2024\/10\/david-le-musicien-a-l-ecoute-idf.webp\u00bb alt=\u00bbDavid el m\u00fasico que escucha (IDF)\u00bb title_text=\u00bbDavid el m\u00fasico que escucha (IDF)\u00bb _builder_version=\u00bb4.27.0&#8243; _module_preset=\u00bbdefault\u00bb global_colors_info=\u00bb{}\u00bb][\/et_pb_image][et_pb_text _builder_version=\u00bb4.24.0&#8243; _module_preset=\u00bbdefault\u00bb global_colors_info=\u00bb{}\u00bb]<\/p>\n<p><strong>David<\/strong><br \/><span style=\"color: #f02774;\"><em>El m\u00fasico que escucha<br \/><\/em><\/span><\/p>\n<p>[\/et_pb_text][\/et_pb_column][et_pb_column type=\u00bb1_4&#8243; _builder_version=\u00bb4.22.1&#8243; _module_preset=\u00bbdefault\u00bb global_colors_info=\u00bb{}\u00bb][et_pb_image src=\u00bbhttps:\/\/improactif.com\/wp-content\/uploads\/2024\/10\/diane-la-yogi-lumineuse-idf.webp\u00bb alt=\u00bbDiane, la yogui luminosa (FIL)\u00bb title_text=\u00bbDiane, la yogui luminosa (FIL)\u00bb _builder_version=\u00bb4.27.0&#8243; _module_preset=\u00bbdefault\u00bb global_colors_info=\u00bb{}\u00bb][\/et_pb_image][et_pb_text _builder_version=\u00bb4.24.0&#8243; _module_preset=\u00bbdefault\u00bb global_colors_info=\u00bb{}\u00bb]<\/p>\n<p><strong>Diane<\/strong><br \/><span style=\"color: #f02774;\"><em>La yogui luminosa<br \/><\/em><\/span><\/p>\n<p>[\/et_pb_text][\/et_pb_column][et_pb_column type=\u00bb1_4&#8243; _builder_version=\u00bb4.22.1&#8243; _module_preset=\u00bbdefault\u00bb global_colors_info=\u00bb{}\u00bb][et_pb_image src=\u00bbhttps:\/\/improactif.com\/wp-content\/uploads\/2024\/10\/paula-la-douceur-et-l-etincelle-idf.webp\u00bb alt=\u00bbPaula, dulzura y chispa (FIL)\u00bb title_text=\u00bbPaula, dulzura y chispa (FIL)\u00bb _builder_version=\u00bb4.27.0&#8243; _module_preset=\u00bbdefault\u00bb global_colors_info=\u00bb{}\u00bb][\/et_pb_image][et_pb_text _builder_version=\u00bb4.24.0&#8243; _module_preset=\u00bbdefault\u00bb global_colors_info=\u00bb{}\u00bb]<\/p>\n<p><strong>Paula<\/strong><br \/><span style=\"color: #f02774;\"><em>Suavidad y brillo<br \/><\/em><\/span><\/p>\n<p>[\/et_pb_text][\/et_pb_column][\/et_pb_row][et_pb_row column_structure=\u00bb1_4,1_4,1_4,1_4&#8243; _builder_version=\u00bb4.24.0&#8243; _module_preset=\u00bbdefault\u00bb global_colors_info=\u00bb{}\u00bb][et_pb_column type=\u00bb1_4&#8243; _builder_version=\u00bb4.22.1&#8243; _module_preset=\u00bbdefault\u00bb global_colors_info=\u00bb{}\u00bb][et_pb_image src=\u00bbhttps:\/\/improactif.com\/wp-content\/uploads\/2024\/03\/capture-d-ecran-2024-02-21-a-09-49-1.webp\u00bb alt=\u00bbCaptura de pantalla 2024-02-21 \u00e0 09.49 1&#8243; title_text=\u00bbCaptura de pantalla 2024-02-21 \u00e0 09.49 1&#8243; _builder_version=\u00bb4.24.0&#8243; _module_preset=\u00bbdefault\u00bb global_colors_info=\u00bb{}\u00bb][\/et_pb_image][et_pb_text _builder_version=\u00bb4.24.0&#8243; _module_preset=\u00bbdefault\u00bb global_colors_info=\u00bb{}\u00bb]<strong>  Agnes  <\/strong>[\/et_pb_text][\/et_pb_column][et_pb_column type=\u00bb1_4&#8243; _builder_version=\u00bb4.24.0&#8243; _module_preset=\u00bbdefault\u00bb global_colors_info=\u00bb{}\u00bb][et_pb_image src=\u00bbhttps:\/\/improactif.com\/wp-content\/uploads\/2024\/10\/ricardo-le-dirigeant-facetieux-idf.webp\u00bb alt=\u00bbRicardo el l\u00edder caradura (IDF)\u00bb title_text=\u00bbRicardo el l\u00edder caradura (IDF)\u00bb _builder_version=\u00bb4.27.0&#8243; _module_preset=\u00bbdefault\u00bb global_colors_info=\u00bb{}\u00bb][\/et_pb_image][et_pb_text _builder_version=\u00bb4.27.0&#8243; _module_preset=\u00bbdefault\u00bb global_colors_info=\u00bb{}\u00bb]<\/p>\n<p><strong>Ricardo<\/strong><br \/><span style=\"color: #f02774;\"><em>El l\u00edder caradura<br \/><\/em><\/span><\/p>\n<p>[\/et_pb_text][\/et_pb_column][et_pb_column type=\u00bb1_4&#8243; _builder_version=\u00bb4.24.0&#8243; _module_preset=\u00bbdefault\u00bb global_colors_info=\u00bb{}\u00bb][et_pb_image src=\u00bbhttps:\/\/improactif.com\/wp-content\/uploads\/2024\/10\/clarisse-la-sophrologue-funky.webp\u00bb alt=\u00bbClarisse la sofr\u00f3loga funky\u00bb title_text=\u00bbClarisse la sofr\u00f3loga funky\u00bb _builder_version=\u00bb4.27.0&#8243; _module_preset=\u00bbdefault\u00bb global_colors_info=\u00bb{}\u00bb][\/et_pb_image][et_pb_text _builder_version=\u00bb4.27.0&#8243; _module_preset=\u00bbdefault\u00bb global_colors_info=\u00bb{}\u00bb]<\/p>\n<p><strong>Clarisse<\/strong><br \/><span style=\"color: #f02774;\"><em>El sofr\u00f3logo funky<br \/><\/em><\/span><\/p>\n<p>[\/et_pb_text][\/et_pb_column][et_pb_column type=\u00bb1_4&#8243; _builder_version=\u00bb4.24.0&#8243; _module_preset=\u00bbdefault\u00bb global_colors_info=\u00bb{}\u00bb][et_pb_image src=\u00bbhttps:\/\/improactif.com\/wp-content\/uploads\/2024\/10\/cindy-colineau-n-b.webp\u00bb alt=\u00bbCindy Colineau NB\u00bb title_text=\u00bbCindy Colineau NB\u00bb _builder_version=\u00bb4.27.0&#8243; _module_preset=\u00bbdefault\u00bb global_colors_info=\u00bb{}\u00bb][\/et_pb_image][et_pb_text _builder_version=\u00bb4.27.0&#8243; _module_preset=\u00bbdefault\u00bb global_colors_info=\u00bb{}\u00bb]<\/p>\n<p><strong>Cindy<\/strong><br \/><span style=\"color: #f02774;\"><em>\u00a1Le gusta atreverse a ocupar un lugar donde no la esperan!<br \/><\/em><\/span><\/p>\n<p>[\/et_pb_text][\/et_pb_column][\/et_pb_row][\/et_pb_section][et_pb_section fb_built=\u00bb1&#8243; admin_label=\u00bbPopup &#8211; #sud-est\u00bb module_id=\u00bbsud-est\u00bb module_class=\u00bbpopup\u00bb _builder_version=\u00bb4.24.0&#8243; _module_preset=\u00bbdefault\u00bb max_width=\u00bb80%\u00bb max_width_tablet=\u00bb80%\u00bb max_width_phone=\u00bb90%\u00bb max_width_last_edited=\u00bbon|phone\u00bb da_is_popup=\u00bbon\u00bb da_popup_slug=\u00bbsud-est\u00bb da_disable_devices=\u00bboff|off|off\u00bb global_colors_info=\u00bb{}\u00bb da_exit_intent=\u00bboff\u00bb da_has_close=\u00bbon\u00bb da_alt_close=\u00bboff\u00bb da_dark_close=\u00bboff\u00bb da_not_modal=\u00bbon\u00bb da_is_singular=\u00bboff\u00bb da_with_loader=\u00bboff\u00bb da_has_shadow=\u00bbon\u00bb][et_pb_row _builder_version=\u00bb4.24.0&#8243; _module_preset=\u00bbdefault\u00bb global_colors_info=\u00bb{}\u00bb][et_pb_column type=\u00bb4_4&#8243; _builder_version=\u00bb4.24.0&#8243; _module_preset=\u00bbdefault\u00bb global_colors_info=\u00bb{}\u00bb][dipi_text_highlighter text_highlighter_prefix=\u00bbLes ImproActifs en\u00bb text_highlighter_text=\u00bbSureste\u00bb highlight_shape=\u00bbstrikethrough\u00bb text_direction=\u00bbblock\u00bb highlight_animation_start=\u00bbin_loading\u00bb highlight_animation_duration=\u00bb100ms\u00bb highlight_delay_after_animation=\u00bb0ms\u00bb highlight_animation_repeat_mode=\u00bbno\u00bb stroke_color=\u00bb#000000&#8243; stroke_width=\u00bb140px\u00bb highlight_line_cap=\u00bbbutt\u00bb shape_v_offset=\u00bb-1px\u00bb shape_h_offset=\u00bb3px\u00bb highlighted_text_margin=\u00bb15px|15px||10px|false|false\u00bb highlighted_text_padding=\u00bb|0px|0px|0px|false|true\u00bb _builder_version=\u00bb4.24.0&#8243; _module_preset=\u00bbdefault\u00bb all_text_text_align=\u00bbcenter\u00bb highlighted_text_text_color=\u00bb#FFFFFF\u00bb all_text_font_size_tablet=\u00bb\u00bb all_text_font_size_phone=\u00bb22px\u00bb all_text_font_size_last_edited=\u00bbon|phone\u00bb locked=\u00bboff\u00bb global_colors_info=\u00bb{}\u00bb][\/dipi_text_highlighter][\/et_pb_column][\/et_pb_row][et_pb_row column_structure=\u00bb1_4,1_4,1_4,1_4&#8243; _builder_version=\u00bb4.24.0&#8243; _module_preset=\u00bbdefault\u00bb global_colors_info=\u00bb{}\u00bb][et_pb_column type=\u00bb1_4&#8243; _builder_version=\u00bb4.22.1&#8243; _module_preset=\u00bbdefault\u00bb global_colors_info=\u00bb{}\u00bb][et_pb_image src=\u00bbhttps:\/\/improactif.com\/wp-content\/uploads\/2024\/02\/anne-laure-la-formatrice-des-bois-rhones-alpes.webp\u00bb alt=\u00bbAnne-Laure, adiestradora de bosque (Rhones alpes)\u00bb title_text=\u00bbAnne-Laure, adiestradora de bosque (Rhones alpes)\u00bb _builder_version=\u00bb4.24.0&#8243; _module_preset=\u00bbdefault\u00bb global_colors_info=\u00bb{}\u00bb][\/et_pb_image][et_pb_text _builder_version=\u00bb4.24.0&#8243; _module_preset=\u00bbdefault\u00bb global_colors_info=\u00bb{}\u00bb]<strong>Anne-Laure<\/strong> <span style=\"color: #f02774;\"><em>El entrenador del bosque<\/em><\/span>[\/et_pb_text][\/et_pb_column][et_pb_column type=\u00bb1_4&#8243; _builder_version=\u00bb4.22.1&#8243; _module_preset=\u00bbdefault\u00bb global_colors_info=\u00bb{}\u00bb][et_pb_image src=\u00bbhttps:\/\/improactif.com\/wp-content\/uploads\/2024\/02\/arthur-le-plus-jeune-formateur-de-france-rhones-alpes.webp\u00bb alt=\u00bbArthur, el entrenador m\u00e1s joven de Francia (R\u00f3dano-Alpes)\u00bb title_text=\u00bbArthur, el entrenador m\u00e1s joven de Francia (R\u00f3dano-Alpes)\u00bb _builder_version=\u00bb4.24.0&#8243; _module_preset=\u00bbdefault\u00bb global_colors_info=\u00bb{}\u00bb][\/et_pb_image][et_pb_text _builder_version=\u00bb4.24.0&#8243; _module_preset=\u00bbdefault\u00bb global_colors_info=\u00bb{}\u00bb]<strong>Arthur<\/strong> <span style=\"color: #f02774;\"><em>El entrenador m\u00e1s joven de Francia<\/em><\/span>[\/et_pb_text][\/et_pb_column][et_pb_column type=\u00bb1_4&#8243; _builder_version=\u00bb4.22.1&#8243; _module_preset=\u00bbdefault\u00bb global_colors_info=\u00bb{}\u00bb][et_pb_image src=\u00bbhttps:\/\/improactif.com\/wp-content\/uploads\/2024\/02\/camille-l-exploratrice-des-neurosciences-enthousiaste-lyon.webp\u00bb alt=\u00bbCamille, una entusiasta exploradora de las neurociencias (Lyon)\u00bb title_text=\u00bbCamille, una entusiasta exploradora de las neurociencias (Lyon)\u00bb _builder_version=\u00bb4.24.0&#8243; _module_preset=\u00bbdefault\u00bb global_colors_info=\u00bb{}\u00bb][\/et_pb_image][et_pb_text _builder_version=\u00bb4.24.0&#8243; _module_preset=\u00bbdefault\u00bb global_colors_info=\u00bb{}\u00bb]<strong>Camille<\/strong><span style=\"color: #f02774;\"><em> La entusiasta exploradora de la neurociencia<\/em><\/span>[\/et_pb_text][\/et_pb_column][et_pb_column type=\u00bb1_4&#8243; _builder_version=\u00bb4.22.1&#8243; _module_preset=\u00bbdefault\u00bb global_colors_info=\u00bb{}\u00bb][et_pb_image src=\u00bbhttps:\/\/improactif.com\/wp-content\/uploads\/2024\/02\/camille-la-coach-en-intelligence-emotionnelle-lyon.webp\u00bb alt=\u00bbCamille, una entusiasta exploradora de las neurociencias (Lyon)\u00bb title_text=\u00bbCamille, una entusiasta exploradora de las neurociencias (Lyon)\u00bb _builder_version=\u00bb4.24.0&#8243; _module_preset=\u00bbdefault\u00bb global_colors_info=\u00bb{}\u00bb][\/et_pb_image][et_pb_text _builder_version=\u00bb4.24.0&#8243; _module_preset=\u00bbdefault\u00bb global_colors_info=\u00bb{}\u00bb]<strong>Camille<\/strong> <span style=\"color: #f02774;\"><em>Coach de Inteligencia Emocional<\/em><\/span>[\/et_pb_text][\/et_pb_column][\/et_pb_row][et_pb_row column_structure=\u00bb1_4,1_4,1_4,1_4&#8243; _builder_version=\u00bb4.24.0&#8243; _module_preset=\u00bbdefault\u00bb global_colors_info=\u00bb{}\u00bb][et_pb_column type=\u00bb1_4&#8243; _builder_version=\u00bb4.22.1&#8243; _module_preset=\u00bbdefault\u00bb global_colors_info=\u00bb{}\u00bb][et_pb_image src=\u00bbhttps:\/\/improactif.com\/wp-content\/uploads\/2024\/02\/christine-la-coach-audacieuse-sud-est.webp\u00bb alt=\u00bbChristine, la entrenadora atrevida (Sureste)\u00bb title_text=\u00bbChristine, la entrenadora atrevida (Sureste)\u00bb _builder_version=\u00bb4.24.0&#8243; _module_preset=\u00bbdefault\u00bb global_colors_info=\u00bb{}\u00bb][\/et_pb_image][et_pb_text _builder_version=\u00bb4.24.0&#8243; _module_preset=\u00bbdefault\u00bb global_colors_info=\u00bb{}\u00bb]<strong>Christine<\/strong> <span style=\"color: #f02774;\"><em>El entrenador audaz<\/em><\/span>[\/et_pb_text][\/et_pb_column][et_pb_column type=\u00bb1_4&#8243; _builder_version=\u00bb4.22.1&#8243; _module_preset=\u00bbdefault\u00bb global_colors_info=\u00bb{}\u00bb][et_pb_image src=\u00bbhttps:\/\/improactif.com\/wp-content\/uploads\/2024\/02\/christophe-le-formateur-sensible-region-sud-est.webp\u00bb alt=\u00bbChristophe, el entrenador sensible (regi\u00f3n sudeste)\u00bb title_text=\u00bbChristophe, el entrenador sensible (regi\u00f3n sudeste)\u00bb _builder_version=\u00bb4.24.0&#8243; _module_preset=\u00bbdefault\u00bb global_colors_info=\u00bb{}\u00bb][\/et_pb_image][et_pb_text _builder_version=\u00bb4.24.0&#8243; _module_preset=\u00bbdefault\u00bb global_colors_info=\u00bb{}\u00bb]<strong>Christophe <\/strong><span style=\"color: #f02774;\"><em>el entrenador sensible (regi\u00f3n sudeste)<\/em><\/span>[\/et_pb_text][\/et_pb_column][et_pb_column type=\u00bb1_4&#8243; _builder_version=\u00bb4.22.1&#8243; _module_preset=\u00bbdefault\u00bb global_colors_info=\u00bb{}\u00bb][et_pb_image src=\u00bbhttps:\/\/improactif.com\/wp-content\/uploads\/2024\/02\/jerome-l-extravagant-timide-rhones-alpes.webp\u00bb alt=\u00bbJ\u00e9rome el t\u00edmido extravagante (Rhones Alpes)\u00bb title_text=\u00bbJ\u00e9rome el t\u00edmido extravagante (Rhones Alpes)\u00bb _builder_version=\u00bb4.24.0&#8243; _module_preset=\u00bbdefault\u00bb global_colors_info=\u00bb{}\u00bb][\/et_pb_image][et_pb_text _builder_version=\u00bb4.24.0&#8243; _module_preset=\u00bbdefault\u00bb global_colors_info=\u00bb{}\u00bb]<strong>J\u00e9rome<\/strong> <span style=\"color: #f02774;\"><em>El t\u00edmido extravagante<\/em><\/span>[\/et_pb_text][\/et_pb_column][et_pb_column type=\u00bb1_4&#8243; _builder_version=\u00bb4.22.1&#8243; _module_preset=\u00bbdefault\u00bb global_colors_info=\u00bb{}\u00bb][et_pb_image src=\u00bbhttps:\/\/improactif.com\/wp-content\/uploads\/2024\/02\/laurine-l-artisane-du-vertige-region-sud-est.webp\u00bb alt=\u00bbLaurine la artesana del v\u00e9rtigo (regi\u00f3n sudeste)\u00bb title_text=\u00bbLaurine la artesana del v\u00e9rtigo (regi\u00f3n sudeste)\u00bb _builder_version=\u00bb4.24.0&#8243; _module_preset=\u00bbdefault\u00bb global_colors_info=\u00bb{}\u00bb][\/et_pb_image][et_pb_text _builder_version=\u00bb4.24.0&#8243; _module_preset=\u00bbdefault\u00bb global_colors_info=\u00bb{}\u00bb]<\/p>\n<p><strong>Laurine<\/strong> <span style=\"color: #f02774;\"><em>la artesana del v\u00e9rtigo (regi\u00f3n sudeste)<\/em><\/span><\/p>\n<p>[\/et_pb_text][\/et_pb_column][\/et_pb_row][et_pb_row column_structure=\u00bb1_4,1_4,1_4,1_4&#8243; _builder_version=\u00bb4.24.0&#8243; _module_preset=\u00bbdefault\u00bb global_colors_info=\u00bb{}\u00bb][et_pb_column type=\u00bb1_4&#8243; _builder_version=\u00bb4.22.1&#8243; _module_preset=\u00bbdefault\u00bb global_colors_info=\u00bb{}\u00bb][et_pb_image src=\u00bbhttps:\/\/improactif.com\/wp-content\/uploads\/2024\/02\/mathilde-l-oratrice-enthousiaste-rhones-alpes.webp\u00bb alt=\u00bbMathilde la oradora entusiasta (rhones alpes)\u00bb title_text=\u00bbMathilde la oradora entusiasta (rhones alpes)\u00bb _builder_version=\u00bb4.24.0&#8243; _module_preset=\u00bbdefault\u00bb global_colors_info=\u00bb{}\u00bb][\/et_pb_image][et_pb_text _builder_version=\u00bb4.24.0&#8243; _module_preset=\u00bbdefault\u00bb global_colors_info=\u00bb{}\u00bb]<strong>Mathilde<\/strong> <span style=\"color: #f02774;\"><em>la oradora entusiasta (rhones alpes)<\/em><\/span>[\/et_pb_text][\/et_pb_column][et_pb_column type=\u00bb1_4&#8243; _builder_version=\u00bb4.22.1&#8243; _module_preset=\u00bbdefault\u00bb global_colors_info=\u00bb{}\u00bb][et_pb_image src=\u00bbhttps:\/\/improactif.com\/wp-content\/uploads\/2024\/02\/sandra-la-tisseuse-de-lien-region-auvergnes-rhones-alpes.webp\u00bb alt=\u00bbSandra, la tejedora de eslabones (regi\u00f3n de Auvernia-R\u00f3dano-Alpes)\u00bb title_text=\u00bbSandra, la tejedora de eslabones (regi\u00f3n de Auvernia-R\u00f3dano-Alpes)\u00bb _builder_version=\u00bb4.24.0&#8243; _module_preset=\u00bbdefault\u00bb global_colors_info=\u00bb{}\u00bb][\/et_pb_image][et_pb_text _builder_version=\u00bb4.24.0&#8243; _module_preset=\u00bbdefault\u00bb global_colors_info=\u00bb{}\u00bb]<strong>Sandra,<\/strong><span style=\"color: #f02774;\"><em> la tejedora de eslabones (regi\u00f3n de Auvernia-R\u00f3dano-Alpes)<\/em><\/span>[\/et_pb_text][\/et_pb_column][et_pb_column type=\u00bb1_4&#8243; _builder_version=\u00bb4.22.1&#8243; _module_preset=\u00bbdefault\u00bb global_colors_info=\u00bb{}\u00bb][et_pb_image src=\u00bbhttps:\/\/improactif.com\/wp-content\/uploads\/2024\/02\/sophie-la-comedienne-creatrice-d-etincelles-region-rhones-alpes.webp\u00bb alt=\u00bbSophie, la actriz que crea chispas (regi\u00f3n Rh\u00f4ne-Alpes)\u00bb title_text=\u00bbSophie, la actriz que crea chispas (regi\u00f3n Rh\u00f4ne-Alpes)\u00bb _builder_version=\u00bb4.24.0&#8243; _module_preset=\u00bbdefault\u00bb global_colors_info=\u00bb{}\u00bb][\/et_pb_image][et_pb_text _builder_version=\u00bb4.24.0&#8243; _module_preset=\u00bbdefault\u00bb global_colors_info=\u00bb{}\u00bb]<strong>Sophie<\/strong> <span style=\"color: #f02774;\"><em>la actriz que crea chispas (regi\u00f3n Rh\u00f4ne-Alpes)<\/em><\/span>[\/et_pb_text][\/et_pb_column][et_pb_column type=\u00bb1_4&#8243; _builder_version=\u00bb4.22.1&#8243; _module_preset=\u00bbdefault\u00bb global_colors_info=\u00bb{}\u00bb][et_pb_image src=\u00bbhttps:\/\/improactif.com\/wp-content\/uploads\/2024\/02\/victor-netb.webp\u00bb alt=\u00bbVictor NetB\u00bb title_text=\u00bbVictor NetB\u00bb _builder_version=\u00bb4.24.0&#8243; _module_preset=\u00bbdefault\u00bb global_colors_info=\u00bb{}\u00bb][\/et_pb_image][et_pb_text _builder_version=\u00bb4.24.0&#8243; _module_preset=\u00bbdefault\u00bb global_colors_info=\u00bb{}\u00bb]<\/p>\n<p><strong>V\u00edctor<\/strong><br \/><span style=\"color: #f02774;\"><em>El granjero desali\u00f1ado<\/em><\/span><\/p>\n<p>[\/et_pb_text][\/et_pb_column][\/et_pb_row][et_pb_row column_structure=\u00bb1_4,1_4,1_4,1_4&#8243; _builder_version=\u00bb4.24.0&#8243; _module_preset=\u00bbdefault\u00bb global_colors_info=\u00bb{}\u00bb][et_pb_column type=\u00bb1_4&#8243; _builder_version=\u00bb4.22.1&#8243; _module_preset=\u00bbdefault\u00bb global_colors_info=\u00bb{}\u00bb][et_pb_image src=\u00bbhttps:\/\/improactif.com\/wp-content\/uploads\/2024\/02\/caroline.webp\u00bb alt=\u00bbcaroline\u00bb title_text=\u00bbcaroline\u00bb _builder_version=\u00bb4.24.0&#8243; _module_preset=\u00bbdefault\u00bb global_colors_info=\u00bb{}\u00bb][\/et_pb_image][et_pb_text _builder_version=\u00bb4.27.0&#8243; _module_preset=\u00bbdefault\u00bb global_colors_info=\u00bb{}\u00bb]<\/p>\n<p><strong>Caroline<\/strong><br \/><span style=\"color: #f02774;\"><em>Psic\u00f3loga educativa y especialista en CNV<\/em><\/span><\/p>\n<p>[\/et_pb_text][\/et_pb_column][et_pb_column type=\u00bb1_4&#8243; _builder_version=\u00bb4.22.1&#8243; _module_preset=\u00bbdefault\u00bb global_colors_info=\u00bb{}\u00bb][et_pb_image src=\u00bbhttps:\/\/improactif.com\/wp-content\/uploads\/2024\/02\/20220518_121220.webp\u00bb alt=\u00bb20220518_121220&#8243; title_text=\u00bb20220518_121220&#8243; _builder_version=\u00bb4.24.0&#8243; _module_preset=\u00bbdefault\u00bb global_colors_info=\u00bb{}\u00bb][\/et_pb_image][et_pb_text _builder_version=\u00bb4.24.0&#8243; _module_preset=\u00bbdefault\u00bb global_colors_info=\u00bb{}\u00bb]<strong>C\u00e9dric<\/strong> <span style=\"color: #f02774;\"><em>El entrenador de altura<\/em><\/span>[\/et_pb_text][\/et_pb_column][et_pb_column type=\u00bb1_4&#8243; _builder_version=\u00bb4.22.1&#8243; _module_preset=\u00bbdefault\u00bb global_colors_info=\u00bb{}\u00bb][et_pb_image src=\u00bbhttps:\/\/improactif.com\/wp-content\/uploads\/2024\/10\/charly-le-jongleur-de-mots-region-sud-est.webp\u00bb alt=\u00bbCharly el Malabarista de las Palabras &#8211; Regi\u00f3n Sureste\u00bb title_text=\u00bbCharly el Malabarista de las Palabras &#8211; Regi\u00f3n Sureste\u00bb _builder_version=\u00bb4.27.0&#8243; _module_preset=\u00bbdefault\u00bb global_colors_info=\u00bb{}\u00bb][\/et_pb_image][et_pb_text _builder_version=\u00bb4.27.0&#8243; _module_preset=\u00bbdefault\u00bb global_colors_info=\u00bb{}\u00bb]<\/p>\n<p><strong>Charly<\/strong><br \/><span style=\"color: #f02774;\"><em>El malabarista de las palabras<br \/><\/em><\/span><\/p>\n<p>[\/et_pb_text][\/et_pb_column][et_pb_column type=\u00bb1_4&#8243; _builder_version=\u00bb4.22.1&#8243; _module_preset=\u00bbdefault\u00bb global_colors_info=\u00bb{}\u00bb][\/et_pb_column][\/et_pb_row][\/et_pb_section][et_pb_section fb_built=\u00bb1&#8243; admin_label=\u00bbPopup &#8211; #sud-ouest\u00bb module_id=\u00bbsud-ouest\u00bb module_class=\u00bbpopup\u00bb _builder_version=\u00bb4.24.0&#8243; _module_preset=\u00bbdefault\u00bb max_width=\u00bb80%\u00bb max_width_tablet=\u00bb80%\u00bb max_width_phone=\u00bb90%\u00bb max_width_last_edited=\u00bbon|phone\u00bb da_is_popup=\u00bbon\u00bb da_popup_slug=\u00bbsud-ouest\u00bb da_disable_devices=\u00bboff|off|off\u00bb global_colors_info=\u00bb{}\u00bb da_exit_intent=\u00bboff\u00bb da_has_close=\u00bbon\u00bb da_alt_close=\u00bboff\u00bb da_dark_close=\u00bboff\u00bb da_not_modal=\u00bbon\u00bb da_is_singular=\u00bboff\u00bb da_with_loader=\u00bboff\u00bb da_has_shadow=\u00bbon\u00bb][et_pb_row _builder_version=\u00bb4.24.0&#8243; _module_preset=\u00bbdefault\u00bb global_colors_info=\u00bb{}\u00bb][et_pb_column type=\u00bb4_4&#8243; _builder_version=\u00bb4.24.0&#8243; _module_preset=\u00bbdefault\u00bb global_colors_info=\u00bb{}\u00bb][dipi_text_highlighter text_highlighter_prefix=\u00bbLes ImproActifs en\u00bb text_highlighter_text=\u00bbSuroeste\u00bb highlight_shape=\u00bbstrikethrough\u00bb text_direction=\u00bbblock\u00bb highlight_animation_start=\u00bbin_loading\u00bb highlight_animation_duration=\u00bb100ms\u00bb highlight_delay_after_animation=\u00bb0ms\u00bb highlight_animation_repeat_mode=\u00bbno\u00bb stroke_color=\u00bb#000000&#8243; stroke_width=\u00bb140px\u00bb highlight_line_cap=\u00bbbutt\u00bb shape_v_offset=\u00bb-1px\u00bb shape_h_offset=\u00bb3px\u00bb highlighted_text_margin=\u00bb15px|15px||10px|false|false\u00bb highlighted_text_padding=\u00bb|0px|0px|0px|false|true\u00bb _builder_version=\u00bb4.24.0&#8243; _module_preset=\u00bbdefault\u00bb all_text_text_align=\u00bbcenter\u00bb highlighted_text_text_color=\u00bb#FFFFFF\u00bb all_text_font_size_tablet=\u00bb\u00bb all_text_font_size_phone=\u00bb22px\u00bb all_text_font_size_last_edited=\u00bbon|phone\u00bb locked=\u00bboff\u00bb global_colors_info=\u00bb{}\u00bb][\/dipi_text_highlighter][\/et_pb_column][\/et_pb_row][et_pb_row column_structure=\u00bb1_4,1_4,1_4,1_4&#8243; _builder_version=\u00bb4.24.0&#8243; _module_preset=\u00bbdefault\u00bb global_colors_info=\u00bb{}\u00bb][et_pb_column type=\u00bb1_4&#8243; _builder_version=\u00bb4.22.1&#8243; _module_preset=\u00bbdefault\u00bb global_colors_info=\u00bb{}\u00bb][et_pb_image src=\u00bbhttps:\/\/improactif.com\/wp-content\/uploads\/2024\/02\/sophie-la-pedagogue-experte-en-biais-cognitifs-region-sud-ouest.webp\u00bb alt=\u00bbSophie la experta en sesgos cognitivos (regi\u00f3n suroeste)\u00bb title_text=\u00bbSophie la experta en sesgos cognitivos (regi\u00f3n suroeste)\u00bb _builder_version=\u00bb4.24.0&#8243; _module_preset=\u00bbdefault\u00bb global_colors_info=\u00bb{}\u00bb][\/et_pb_image][et_pb_text _builder_version=\u00bb4.24.0&#8243; _module_preset=\u00bbdefault\u00bb global_colors_info=\u00bb{}\u00bb]<strong>Sophie<\/strong> <span style=\"color: #f02774;\"><em>La pedagoga y experta en sesgos cognitivos<\/em><\/span>[\/et_pb_text][\/et_pb_column][et_pb_column type=\u00bb1_4&#8243; _builder_version=\u00bb4.22.1&#8243; _module_preset=\u00bbdefault\u00bb global_colors_info=\u00bb{}\u00bb][et_pb_image src=\u00bbhttps:\/\/improactif.com\/wp-content\/uploads\/2024\/02\/lucas-le-mime-joyeux-region-ouest.webp\u00bb alt=\u00bbLucas el mimo alegre (regi\u00f3n occidental)\u00bb title_text=\u00bbLucas el mimo alegre (regi\u00f3n occidental)\u00bb _builder_version=\u00bb4.24.0&#8243; _module_preset=\u00bbdefault\u00bb global_colors_info=\u00bb{}\u00bb][\/et_pb_image][et_pb_text _builder_version=\u00bb4.24.0&#8243; _module_preset=\u00bbdefault\u00bb global_colors_info=\u00bb{}\u00bb]<strong>Lucas<\/strong> <span style=\"color: #f02774;\"><em>El mimo feliz<\/em><\/span>[\/et_pb_text][\/et_pb_column][et_pb_column type=\u00bb1_4&#8243; _builder_version=\u00bb4.22.1&#8243; _module_preset=\u00bbdefault\u00bb global_colors_info=\u00bb{}\u00bb][et_pb_image src=\u00bbhttps:\/\/improactif.com\/wp-content\/uploads\/2024\/02\/bruno-le-coach-qui-a-plus-d-un-atout-dans-sa-barbe-region-sud-ouest-1.webp\u00bb alt=\u00bbBruno, el entrenador con m\u00e1s de un as en la manga (Region Sud Ouest)  \u00bb title_text=\u00bbBruno, el entrenador con m\u00e1s de un as en la manga (Region Sud Ouest)  \u00bb _builder_version=\u00bb4.24.0&#8243; _module_preset=\u00bbdefault\u00bb global_colors_info=\u00bb{}\u00bb][\/et_pb_image][et_pb_text _builder_version=\u00bb4.24.0&#8243; _module_preset=\u00bbdefault\u00bb global_colors_info=\u00bb{}\u00bb]<strong>Bruno, <\/strong><span style=\"color: #f02774;\"><em>el entrenador con m\u00e1s de un as en la manga (Region Sud Ouest)<\/em><\/span>[\/et_pb_text][\/et_pb_column][et_pb_column type=\u00bb1_4&#8243; _builder_version=\u00bb4.22.1&#8243; _module_preset=\u00bbdefault\u00bb global_colors_info=\u00bb{}\u00bb][et_pb_image src=\u00bbhttps:\/\/improactif.com\/wp-content\/uploads\/2024\/03\/elsa.webp\u00bb alt=\u00bbElsa\u00bb title_text=\u00bbElsa\u00bb _builder_version=\u00bb4.24.0&#8243; _module_preset=\u00bbdefault\u00bb locked=\u00bboff\u00bb global_colors_info=\u00bb{}\u00bb][\/et_pb_image][et_pb_text _builder_version=\u00bb4.24.0&#8243; _module_preset=\u00bbdefault\u00bb global_colors_info=\u00bb{}\u00bb]<strong>Elsa<\/strong> <span style=\"color: #f02774;\"><em>Le gusta pensar que el cielo es el l\u00edmite<\/em><\/span>[\/et_pb_text][\/et_pb_column][\/et_pb_row][et_pb_row column_structure=\u00bb1_5,1_5,1_5,1_5,1_5&#8243; _builder_version=\u00bb4.24.0&#8243; _module_preset=\u00bbdefault\u00bb global_colors_info=\u00bb{}\u00bb][et_pb_column type=\u00bb1_5&#8243; _builder_version=\u00bb4.22.1&#8243; _module_preset=\u00bbdefault\u00bb global_colors_info=\u00bb{}\u00bb][et_pb_image src=\u00bbhttps:\/\/improactif.com\/wp-content\/uploads\/2024\/03\/christine-l-actrice-liberatrice-de-confiance-1-1.webp\u00bb alt=\u00bbChristine, la actriz que da confianza\u00bb title_text=\u00bbChristine, la actriz que da confianza\u00bb _builder_version=\u00bb4.24.0&#8243; _module_preset=\u00bbdefault\u00bb locked=\u00bboff\u00bb global_colors_info=\u00bb{}\u00bb][\/et_pb_image][et_pb_text _builder_version=\u00bb4.24.0&#8243; _module_preset=\u00bbdefault\u00bb global_colors_info=\u00bb{}\u00bb]<strong>CRISTINA<\/strong><span style=\"color: #f02774;\"><em> la actriz que devuelve la confianza <\/em><\/span>[\/et_pb_text][\/et_pb_column][et_pb_column type=\u00bb1_5&#8243; _builder_version=\u00bb4.27.0&#8243; _module_preset=\u00bbdefault\u00bb global_colors_info=\u00bb{}\u00bb][et_pb_image src=\u00bbhttps:\/\/improactif.com\/wp-content\/uploads\/2024\/10\/almudena-la-formactrice-aux-accents-du-sud-region-sud-ouest.webp\u00bb alt=\u00bbAlmudena La entrenadora con acento del sur (regi\u00f3n suroeste)\u00bb title_text=\u00bbAlmudena La entrenadora con acento del sur (regi\u00f3n suroeste)\u00bb _builder_version=\u00bb4.27.0&#8243; _module_preset=\u00bbdefault\u00bb locked=\u00bboff\u00bb global_colors_info=\u00bb{}\u00bb][\/et_pb_image][et_pb_text _builder_version=\u00bb4.27.0&#8243; _module_preset=\u00bbdefault\u00bb global_colors_info=\u00bb{}\u00bb]<\/p>\n<p>  <strong> Almudena <\/strong><br \/><span style=\"color: #f02774;\"><em>Un entrenador con acento sure\u00f1o<br \/><\/em><\/span><\/p>\n<p>[\/et_pb_text][\/et_pb_column][et_pb_column type=\u00bb1_5&#8243; _builder_version=\u00bb4.22.1&#8243; _module_preset=\u00bbdefault\u00bb global_colors_info=\u00bb{}\u00bb][\/et_pb_column][et_pb_column type=\u00bb1_5&#8243; _builder_version=\u00bb4.22.1&#8243; _module_preset=\u00bbdefault\u00bb global_colors_info=\u00bb{}\u00bb][\/et_pb_column][et_pb_column type=\u00bb1_5&#8243; _builder_version=\u00bb4.22.1&#8243; _module_preset=\u00bbdefault\u00bb global_colors_info=\u00bb{}\u00bb][\/et_pb_column][\/et_pb_row][\/et_pb_section][et_pb_section fb_built=\u00bb1&#8243; admin_label=\u00bbPopup &#8211; #nord-ouest\u00bb module_id=\u00bbnord-ouest\u00bb module_class=\u00bbpopup\u00bb _builder_version=\u00bb4.24.0&#8243; _module_preset=\u00bbdefault\u00bb max_width=\u00bb80%\u00bb max_width_tablet=\u00bb80%\u00bb max_width_phone=\u00bb90%\u00bb max_width_last_edited=\u00bbon|phone\u00bb da_is_popup=\u00bbon\u00bb da_popup_slug=\u00bbnord-ouest\u00bb da_disable_devices=\u00bboff|off|off\u00bb global_colors_info=\u00bb{}\u00bb da_exit_intent=\u00bboff\u00bb da_has_close=\u00bbon\u00bb da_alt_close=\u00bboff\u00bb da_dark_close=\u00bboff\u00bb da_not_modal=\u00bbon\u00bb da_is_singular=\u00bboff\u00bb da_with_loader=\u00bboff\u00bb da_has_shadow=\u00bbon\u00bb][et_pb_row _builder_version=\u00bb4.24.0&#8243; _module_preset=\u00bbdefault\u00bb global_colors_info=\u00bb{}\u00bb][et_pb_column type=\u00bb4_4&#8243; _builder_version=\u00bb4.24.0&#8243; _module_preset=\u00bbdefault\u00bb global_colors_info=\u00bb{}\u00bb][dipi_text_highlighter text_highlighter_prefix=\u00bbLes ImproActifs en\u00bb text_highlighter_text=\u00bbNoroeste\u00bb highlight_shape=\u00bbstrikethrough\u00bb text_direction=\u00bbblock\u00bb highlight_animation_start=\u00bbin_loading\u00bb highlight_animation_duration=\u00bb100ms\u00bb highlight_delay_after_animation=\u00bb0ms\u00bb highlight_animation_repeat_mode=\u00bbno\u00bb stroke_color=\u00bb#000000&#8243; stroke_width=\u00bb140px\u00bb highlight_line_cap=\u00bbbutt\u00bb shape_v_offset=\u00bb-1px\u00bb shape_h_offset=\u00bb3px\u00bb highlighted_text_margin=\u00bb15px|15px||10px|false|false\u00bb highlighted_text_padding=\u00bb|0px|0px|0px|false|true\u00bb _builder_version=\u00bb4.24.0&#8243; _module_preset=\u00bbdefault\u00bb all_text_text_align=\u00bbcenter\u00bb highlighted_text_text_color=\u00bb#FFFFFF\u00bb all_text_font_size_tablet=\u00bb\u00bb all_text_font_size_phone=\u00bb22px\u00bb all_text_font_size_last_edited=\u00bbon|phone\u00bb locked=\u00bboff\u00bb global_colors_info=\u00bb{}\u00bb][\/dipi_text_highlighter][\/et_pb_column][\/et_pb_row][et_pb_row column_structure=\u00bb1_4,1_4,1_4,1_4&#8243; _builder_version=\u00bb4.24.0&#8243; _module_preset=\u00bbdefault\u00bb global_colors_info=\u00bb{}\u00bb][et_pb_column type=\u00bb1_4&#8243; _builder_version=\u00bb4.22.1&#8243; _module_preset=\u00bbdefault\u00bb global_colors_info=\u00bb{}\u00bb][et_pb_image src=\u00bbhttps:\/\/improactif.com\/wp-content\/uploads\/2024\/02\/nicolas-le-pedagogue-federateur-region-ouest.webp\u00bb alt=\u00bbNicol\u00e1s el maestro unificador (regi\u00f3n oeste)\u00bb title_text=\u00bbNicol\u00e1s el maestro unificador (regi\u00f3n oeste)\u00bb _builder_version=\u00bb4.24.0&#8243; _module_preset=\u00bbdefault\u00bb global_colors_info=\u00bb{}\u00bb][\/et_pb_image][et_pb_text _builder_version=\u00bb4.24.0&#8243; _module_preset=\u00bbdefault\u00bb global_colors_info=\u00bb{}\u00bb]<strong>Nicol\u00e1s<\/strong> <span style=\"color: #f02774;\"><em>El profesor unificador<\/em><\/span>[\/et_pb_text][\/et_pb_column][et_pb_column type=\u00bb1_4&#8243; _builder_version=\u00bb4.22.1&#8243; _module_preset=\u00bbdefault\u00bb global_colors_info=\u00bb{}\u00bb][et_pb_image src=\u00bbhttps:\/\/improactif.com\/wp-content\/uploads\/2024\/02\/delphine-la-formatrice-experte-en-travail-social-ouest-1.webp\u00bb alt=\u00bbDelphine, la formadora experta en trabajo social (oeste)\u00bb title_text=\u00bbDelphine, la formadora experta en trabajo social (oeste)\u00bb _builder_version=\u00bb4.24.0&#8243; _module_preset=\u00bbdefault\u00bb global_colors_info=\u00bb{}\u00bb][\/et_pb_image][et_pb_text _builder_version=\u00bb4.24.0&#8243; _module_preset=\u00bbdefault\u00bb global_colors_info=\u00bb{}\u00bb]<\/p>\n<p><strong>Delphine<\/strong> <span style=\"color: #f02774;\"><em>la formadora experta en trabajo social (oeste)<\/em><\/span><\/p>\n<p>[\/et_pb_text][\/et_pb_column][et_pb_column type=\u00bb1_4&#8243; _builder_version=\u00bb4.22.1&#8243; _module_preset=\u00bbdefault\u00bb global_colors_info=\u00bb{}\u00bb][et_pb_image src=\u00bbhttps:\/\/improactif.com\/wp-content\/uploads\/2024\/02\/guillaume-le-couteau-suisse-de-la-sante-region-ouest-1.webp\u00bb alt=\u00bbGuillaume, la navaja suiza de la salud (regi\u00f3n occidental)\u00bb title_text=\u00bbGuillaume, la navaja suiza de la salud (regi\u00f3n occidental)\u00bb _builder_version=\u00bb4.24.0&#8243; _module_preset=\u00bbdefault\u00bb global_colors_info=\u00bb{}\u00bb][\/et_pb_image][et_pb_text _builder_version=\u00bb4.24.0&#8243; _module_preset=\u00bbdefault\u00bb global_colors_info=\u00bb{}\u00bb]<strong>Guillaume<\/strong> <span style=\"color: #f02774;\"><em>la navaja suiza de la salud<\/em><\/span>[\/et_pb_text][\/et_pb_column][et_pb_column type=\u00bb1_4&#8243; _builder_version=\u00bb4.22.1&#8243; _module_preset=\u00bbdefault\u00bb global_colors_info=\u00bb{}\u00bb][et_pb_image src=\u00bbhttps:\/\/improactif.com\/wp-content\/uploads\/2024\/03\/pierre.webp\u00bb alt=\u00bbPierre\u00bb title_text=\u00bbPierre\u00bb _builder_version=\u00bb4.24.0&#8243; _module_preset=\u00bbdefault\u00bb locked=\u00bboff\u00bb global_colors_info=\u00bb{}\u00bb][\/et_pb_image][et_pb_text _builder_version=\u00bb4.24.0&#8243; _module_preset=\u00bbdefault\u00bb global_colors_info=\u00bb{}\u00bb]<strong>Pierre Auger<\/strong> <span style=\"color: #f02774;\"><em>Le gusta atreverse a desafiar las ideas preconcebidas<\/em><\/span>[\/et_pb_text][\/et_pb_column][\/et_pb_row][et_pb_row column_structure=\u00bb1_4,1_4,1_4,1_4&#8243; _builder_version=\u00bb4.24.0&#8243; _module_preset=\u00bbdefault\u00bb global_colors_info=\u00bb{}\u00bb][et_pb_column type=\u00bb1_4&#8243; _builder_version=\u00bb4.22.1&#8243; _module_preset=\u00bbdefault\u00bb global_colors_info=\u00bb{}\u00bb][et_pb_image src=\u00bbhttps:\/\/improactif.com\/wp-content\/uploads\/2024\/10\/caro-la-revelatrice-de-potentiels-region-nord-ouest.webp\u00bb alt=\u00bbCaro el Revelador Potencial (regi\u00f3n Noroeste)\u00bb title_text=\u00bbCaro el Revelador Potencial (regi\u00f3n Noroeste)\u00bb _builder_version=\u00bb4.27.0&#8243; _module_preset=\u00bbdefault\u00bb global_colors_info=\u00bb{}\u00bb][\/et_pb_image][et_pb_text _builder_version=\u00bb4.27.0&#8243; _module_preset=\u00bbdefault\u00bb global_colors_info=\u00bb{}\u00bb]<\/p>\n<p><strong>Caro<\/strong><br \/><span style=\"color: #f02774;\"><em>Desarrollador potencial<br \/><\/em><\/span><\/p>\n<p>[\/et_pb_text][\/et_pb_column][et_pb_column type=\u00bb1_4&#8243; _builder_version=\u00bb4.22.1&#8243; _module_preset=\u00bbdefault\u00bb global_colors_info=\u00bb{}\u00bb][et_pb_image src=\u00bbhttps:\/\/improactif.com\/wp-content\/uploads\/2024\/10\/magali-partageuse-d-energie-region-no.webp\u00bb alt=\u00bbMagali, compartidor de energ\u00eda (regi\u00f3n NO)\u00bb title_text=\u00bbMagali, compartidor de energ\u00eda (regi\u00f3n NO)\u00bb _builder_version=\u00bb4.27.0&#8243; _module_preset=\u00bbdefault\u00bb global_colors_info=\u00bb{}\u00bb][\/et_pb_image][et_pb_text _builder_version=\u00bb4.27.0&#8243; _module_preset=\u00bbdefault\u00bb global_colors_info=\u00bb{}\u00bb]<\/p>\n<p><strong>Magalie<\/strong><br \/><span style=\"color: #f02774;\"><em>Compartir la energ\u00eda<br \/><\/em><\/span><\/p>\n<p>[\/et_pb_text][\/et_pb_column][et_pb_column type=\u00bb1_4&#8243; _builder_version=\u00bb4.22.1&#8243; _module_preset=\u00bbdefault\u00bb global_colors_info=\u00bb{}\u00bb][\/et_pb_column][et_pb_column type=\u00bb1_4&#8243; _builder_version=\u00bb4.22.1&#8243; _module_preset=\u00bbdefault\u00bb global_colors_info=\u00bb{}\u00bb][\/et_pb_column][\/et_pb_row][\/et_pb_section][et_pb_section fb_built=\u00bb1&#8243; admin_label=\u00bbPopup &#8211; #nord-est\u00bb module_id=\u00bbnord-est\u00bb module_class=\u00bbpopup\u00bb _builder_version=\u00bb4.24.0&#8243; _module_preset=\u00bbdefault\u00bb max_width=\u00bb80%\u00bb max_width_tablet=\u00bb80%\u00bb max_width_phone=\u00bb90%\u00bb max_width_last_edited=\u00bbon|phone\u00bb da_is_popup=\u00bbon\u00bb da_popup_slug=\u00bbnord-est\u00bb da_disable_devices=\u00bboff|off|off\u00bb global_colors_info=\u00bb{}\u00bb da_exit_intent=\u00bboff\u00bb da_has_close=\u00bbon\u00bb da_alt_close=\u00bboff\u00bb da_dark_close=\u00bboff\u00bb da_not_modal=\u00bbon\u00bb da_is_singular=\u00bboff\u00bb da_with_loader=\u00bboff\u00bb da_has_shadow=\u00bbon\u00bb][et_pb_row _builder_version=\u00bb4.24.0&#8243; _module_preset=\u00bbdefault\u00bb global_colors_info=\u00bb{}\u00bb][et_pb_column type=\u00bb4_4&#8243; _builder_version=\u00bb4.24.0&#8243; _module_preset=\u00bbdefault\u00bb global_colors_info=\u00bb{}\u00bb][dipi_text_highlighter text_highlighter_prefix=\u00bbLes ImproActifs en\u00bb text_highlighter_text=\u00bbNoreste\u00bb highlight_shape=\u00bbstrikethrough\u00bb text_direction=\u00bbblock\u00bb highlight_animation_start=\u00bbin_loading\u00bb highlight_animation_duration=\u00bb100ms\u00bb highlight_delay_after_animation=\u00bb0ms\u00bb highlight_animation_repeat_mode=\u00bbno\u00bb stroke_color=\u00bb#000000&#8243; stroke_width=\u00bb140px\u00bb highlight_line_cap=\u00bbbutt\u00bb shape_v_offset=\u00bb-1px\u00bb shape_h_offset=\u00bb3px\u00bb highlighted_text_margin=\u00bb15px|15px||10px|false|false\u00bb highlighted_text_padding=\u00bb|0px|0px|0px|false|true\u00bb _builder_version=\u00bb4.24.0&#8243; _module_preset=\u00bbdefault\u00bb all_text_text_align=\u00bbcenter\u00bb highlighted_text_text_color=\u00bb#FFFFFF\u00bb all_text_font_size_tablet=\u00bb\u00bb all_text_font_size_phone=\u00bb22px\u00bb all_text_font_size_last_edited=\u00bbon|phone\u00bb locked=\u00bboff\u00bb global_colors_info=\u00bb{}\u00bb][\/dipi_text_highlighter][\/et_pb_column][\/et_pb_row][et_pb_row column_structure=\u00bb1_4,1_4,1_4,1_4&#8243; _builder_version=\u00bb4.24.0&#8243; _module_preset=\u00bbdefault\u00bb global_colors_info=\u00bb{}\u00bb][et_pb_column type=\u00bb1_4&#8243; _builder_version=\u00bb4.22.1&#8243; _module_preset=\u00bbdefault\u00bb global_colors_info=\u00bb{}\u00bb][et_pb_image src=\u00bbhttps:\/\/improactif.com\/wp-content\/uploads\/2024\/02\/cecile-batisseuse-des-possibles-region-est.webp\u00bb alt=\u00bbC\u00e9cile Constructora de posibilidades (regi\u00f3n oriental)\u00bb title_text=\u00bbC\u00e9cile Constructora de posibilidades (regi\u00f3n oriental)\u00bb _builder_version=\u00bb4.24.0&#8243; _module_preset=\u00bbdefault\u00bb global_colors_info=\u00bb{}\u00bb][\/et_pb_image][et_pb_text _builder_version=\u00bb4.24.0&#8243; _module_preset=\u00bbdefault\u00bb global_colors_info=\u00bb{}\u00bb]<strong>C\u00e9cile<\/strong> <span style=\"color: #f02774;\"><em>Constructor de posibilidades (regi\u00f3n oriental)<\/em><\/span>[\/et_pb_text][\/et_pb_column][et_pb_column type=\u00bb1_4&#8243; _builder_version=\u00bb4.22.1&#8243; _module_preset=\u00bbdefault\u00bb global_colors_info=\u00bb{}\u00bb][et_pb_image src=\u00bbhttps:\/\/improactif.com\/wp-content\/uploads\/2024\/02\/frederique-la-facilitatrice-solaire-region-est.webp\u00bb alt=\u00bbFr\u00e9d\u00e9rique la facilitadora solar (regi\u00f3n este)\u00bb title_text=\u00bbFr\u00e9d\u00e9rique la facilitadora solar (regi\u00f3n este)\u00bb _builder_version=\u00bb4.24.0&#8243; _module_preset=\u00bbdefault\u00bb global_colors_info=\u00bb{}\u00bb][\/et_pb_image][et_pb_text _builder_version=\u00bb4.24.0&#8243; _module_preset=\u00bbdefault\u00bb global_colors_info=\u00bb{}\u00bb]<strong>Fr\u00e9d\u00e9rique<\/strong><span style=\"color: #f02774;\"><em> El facilitador solar<\/em><\/span>[\/et_pb_text][\/et_pb_column][et_pb_column type=\u00bb1_4&#8243; _builder_version=\u00bb4.22.1&#8243; _module_preset=\u00bbdefault\u00bb global_colors_info=\u00bb{}\u00bb][et_pb_image src=\u00bbhttps:\/\/improactif.com\/wp-content\/uploads\/2024\/02\/matthieu-l-impro-hyper-actif-region-nord.webp\u00bb alt=\u00bbMatthieu l&#8217;Impro-Hyper-Actif (regi\u00f3n norte)\u00bb title_text=\u00bbMatthieu l&#8217;Impro-Hyper-Actif (regi\u00f3n norte)\u00bb _builder_version=\u00bb4.24.0&#8243; _module_preset=\u00bbdefault\u00bb global_colors_info=\u00bb{}\u00bb][\/et_pb_image][et_pb_text _builder_version=\u00bb4.24.0&#8243; _module_preset=\u00bbdefault\u00bb global_colors_info=\u00bb{}\u00bb]<strong>Matthieu<\/strong> <span style=\"color: #f02774;\"><em>l&#8217;Impro-Hyper-Actif <\/em><\/span>[\/et_pb_text][\/et_pb_column][et_pb_column type=\u00bb1_4&#8243; _builder_version=\u00bb4.22.1&#8243; _module_preset=\u00bbdefault\u00bb global_colors_info=\u00bb{}\u00bb][et_pb_image src=\u00bbhttps:\/\/improactif.com\/wp-content\/uploads\/2024\/02\/peggy-l-improvisatrice-engagee-nord-et-belgique.webp\u00bb alt=\u00bbPeggy, la improvisadora comprometida (Norte y B\u00e9lgica)\u00bb title_text=\u00bbPeggy, la improvisadora comprometida (Norte y B\u00e9lgica)\u00bb _builder_version=\u00bb4.24.0&#8243; _module_preset=\u00bbdefault\u00bb global_colors_info=\u00bb{}\u00bb][\/et_pb_image][et_pb_text _builder_version=\u00bb4.24.0&#8243; _module_preset=\u00bbdefault\u00bb global_colors_info=\u00bb{}\u00bb]<strong>Peggy, <\/strong><span style=\"color: #f02774;\"><em>la improvisadora comprometida (Norte y B\u00e9lgica)<\/em><\/span>[\/et_pb_text][\/et_pb_column][\/et_pb_row][et_pb_row column_structure=\u00bb1_4,1_4,1_4,1_4&#8243; _builder_version=\u00bb4.24.0&#8243; _module_preset=\u00bbdefault\u00bb global_colors_info=\u00bb{}\u00bb][et_pb_column type=\u00bb1_4&#8243; _builder_version=\u00bb4.22.1&#8243; _module_preset=\u00bbdefault\u00bb global_colors_info=\u00bb{}\u00bb][et_pb_image src=\u00bbhttps:\/\/improactif.com\/wp-content\/uploads\/2024\/03\/sophie.webp\u00bb alt=\u00bbSophie\u00bb title_text=\u00bbSophie\u00bb _builder_version=\u00bb4.24.0&#8243; _module_preset=\u00bbdefault\u00bb locked=\u00bboff\u00bb global_colors_info=\u00bb{}\u00bb][\/et_pb_image][et_pb_text _builder_version=\u00bb4.24.0&#8243; _module_preset=\u00bbdefault\u00bb global_colors_info=\u00bb{}\u00bb]<strong>Sophie<\/strong> <em><span style=\"color: #f02774;\">Le gusta atreverse&#8230; \u00a1con nuevos retos!<\/span><\/em>[\/et_pb_text][\/et_pb_column][et_pb_column type=\u00bb1_4&#8243; _builder_version=\u00bb4.22.1&#8243; _module_preset=\u00bbdefault\u00bb global_colors_info=\u00bb{}\u00bb][et_pb_image src=\u00bbhttps:\/\/improactif.com\/wp-content\/uploads\/2024\/10\/julie-amplificatrice-de-mouvement-region-est.webp\u00bb alt=\u00bbJulie, Amplificador de Movimiento (regi\u00f3n Este)\u00bb title_text=\u00bbJulie, Amplificador de Movimiento (regi\u00f3n Este)\u00bb _builder_version=\u00bb4.27.0&#8243; _module_preset=\u00bbdefault\u00bb locked=\u00bboff\u00bb global_colors_info=\u00bb{}\u00bb][\/et_pb_image][et_pb_text _builder_version=\u00bb4.27.0&#8243; _module_preset=\u00bbdefault\u00bb global_colors_info=\u00bb{}\u00bb]<\/p>\n<p><strong>Julie<\/strong><br \/><span style=\"color: #f02774;\"><em>Amplificador de movimiento<br \/><\/em><\/span><\/p>\n<p>[\/et_pb_text][\/et_pb_column][et_pb_column type=\u00bb1_4&#8243; _builder_version=\u00bb4.22.1&#8243; _module_preset=\u00bbdefault\u00bb global_colors_info=\u00bb{}\u00bb][\/et_pb_column][et_pb_column type=\u00bb1_4&#8243; _builder_version=\u00bb4.22.1&#8243; _module_preset=\u00bbdefault\u00bb global_colors_info=\u00bb{}\u00bb][\/et_pb_column][\/et_pb_row][\/et_pb_section][et_pb_section fb_built=\u00bb1&#8243; disabled_on=\u00bbon|on|on\u00bb _builder_version=\u00bb4.25.1&#8243; _module_preset=\u00bbdefault\u00bb background_color=\u00bb#000000&#8243; use_background_color_gradient=\u00bbon\u00bb background_color_gradient_direction=\u00bb90deg\u00bb background_color_gradient_stops=\u00bb#e13f77 0%|#ea8a72 100%\u00bb background_image=\u00bbhttps:\/\/improactif.com\/wp-content\/uploads\/2024\/03\/ImproActif-rechercheGraphique-5-1-dfqd-1.svg\u00bb background_size=\u00bbcustom\u00bb background_position=\u00bbcenter_left\u00bb width=\u00bb75%\u00bb module_alignment=\u00bbcenter\u00bb custom_margin=\u00bb70px||70px||false|false\u00bb background_last_edited=\u00bbon|tablet\u00bb background_enable_image_tablet=\u00bboff\u00bb da_disable_devices=\u00bboff|off|off\u00bb disabled=\u00bbon\u00bb locked=\u00bboff\u00bb global_colors_info=\u00bb{}\u00bb da_is_popup=\u00bboff\u00bb da_exit_intent=\u00bboff\u00bb da_has_close=\u00bbon\u00bb da_alt_close=\u00bboff\u00bb da_dark_close=\u00bboff\u00bb da_not_modal=\u00bbon\u00bb da_is_singular=\u00bboff\u00bb da_with_loader=\u00bboff\u00bb da_has_shadow=\u00bbon\u00bb][et_pb_row column_structure=\u00bb1_2,1_2&#8243; make_equal=\u00bbon\u00bb _builder_version=\u00bb4.24.0&#8243; _module_preset=\u00bbdefault\u00bb width=\u00bb100%\u00bb width_tablet=\u00bb80%\u00bb width_phone=\u00bb80%\u00bb width_last_edited=\u00bbon|tablet\u00bb global_colors_info=\u00bb{}\u00bb][et_pb_column type=\u00bb1_2&#8243; _builder_version=\u00bb4.24.0&#8243; _module_preset=\u00bbdefault\u00bb background_enable_image=\u00bboff\u00bb background_size=\u00bbcontain\u00bb background_last_edited=\u00bboff|desktop\u00bb background_enable_image_tablet=\u00bboff\u00bb global_colors_info=\u00bb{}\u00bb][\/et_pb_column][et_pb_column type=\u00bb1_2&#8243; _builder_version=\u00bb4.24.0&#8243; _module_preset=\u00bbdefault\u00bb custom_padding=\u00bb|30px|||false|false\u00bb global_colors_info=\u00bb{}\u00bb][et_pb_text _builder_version=\u00bb4.24.0&#8243; _module_preset=\u00bbdefault\u00bb text_font=\u00bbInter Black|700|||||||\u00bb text_text_color=\u00bb#FFFFFF\u00bb text_font_size=\u00bb40px\u00bb text_line_height=\u00bb1.1em\u00bb custom_margin=\u00bb||8px||false|false\u00bb text_font_size_tablet=\u00bb32px\u00bb text_font_size_phone=\u00bb24px\u00bb text_font_size_last_edited=\u00bbon|phone\u00bb global_colors_info=\u00bb{}\u00bb]<\/p>\n<p>\u00bfY si te tocara a ti?<\/p>\n<p>[\/et_pb_text][et_pb_text _builder_version=\u00bb4.24.0&#8243; _module_preset=\u00bbdefault\u00bb text_text_color=\u00bb#FFFFFF\u00bb text_line_height=\u00bb1.3em\u00bb custom_margin=\u00bb||20px||false|false\u00bb global_colors_info=\u00bb{}\u00bb]<\/p>\n<div class=\"et_pb_promo_description\">\n<div>\n<p><strong>Atr\u00e9vete hoy a pensar en grande para ti y tus equipos. Nuestro equipo trabaja contigo para sensibilizarte y liberar tus talentos, utilizando un m\u00e9todo certificado y adaptable.   <\/strong><\/p>\n<\/div>\n<\/div>\n<p>[\/et_pb_text][et_pb_button button_url=\u00bbhttp:\/\/helene-farret-improactif.neocamino.fr\/11824-demandez-votre-diagnostic-gratuit?neo_campaign=demande-de-contactneo_medium=click_popupuuid=2d8f33b2-fffa-4ced-9c1f-bd03c4abf053&#8243; button_text=\u00bbPide un presupuesto\u00bb button_alignment=\u00bbleft\u00bb _builder_version=\u00bb4.24.0&#8243; _module_preset=\u00bbdefault\u00bb custom_button=\u00bbon\u00bb button_text_size=\u00bb16px\u00bb button_text_color=\u00bb#FFFFFF\u00bb button_bg_color=\u00bb#000000&#8243; button_border_color=\u00bb#000000&#8243; button_font=\u00bb|600|||||||\u00bb button_use_icon=\u00bboff\u00bb custom_margin=\u00bb||0px||false|false\u00bb custom_padding=\u00bb10px|20px|10px|20px|true|true\u00bb button_text_size_tablet=\u00bb16px\u00bb button_text_size_phone=\u00bb16px\u00bb button_text_size_last_edited=\u00bboff|tablet\u00bb locked=\u00bboff\u00bb global_colors_info=\u00bb{}\u00bb button_border_color__hover_enabled=\u00bboff|hover\u00bb button_border_color__hover=\u00bb#FFFFFF\u00bb button_bg_color__hover_enabled=\u00bbon|hover\u00bb button_bg_color__hover=\u00bb#000000&#8243; button_bg_enable_color__hover=\u00bbon\u00bb button_text_color__hover_enabled=\u00bboff|hover\u00bb button_text_color__hover=\u00bb#FFFFFF\u00bb][\/et_pb_button][\/et_pb_column][\/et_pb_row][\/et_pb_section]<\/p>\n","protected":false},"excerpt":{"rendered":"<p><div class=\"et_pb_module ba_animated_text ba_animated_text_0\">\n\t\t\t\t\n\t\t\t\t\n\t\t\t\t\n\t\t\t\t\n\t\t\t\t\n\t\t\t\t\n\t\t\t\t<div class=\"et_pb_module_inner\">\n\t\t\t\t\t<div id=\"dtq-animated-text-0\" class=\"dtq-module dtq-animated-text dtq-front\" data-settings=\"{&quot;slide_gap&quot;:&quot;2000ms&quot;}\" data-type=\"slide\">\n\t\t\t\t<h1 class=\"dtq-animated-text-head\">\n\t\t\t\t\t<div class=\"dtq-animated-text-prefix\"><span>APASIONADOS DEL SECTOR<\/span><\/div> <ul class=\"dtq-animated-text-slide dtq-animated-text-main\"><li><\/li><\/ul> \n\t\t\t\t<\/h1>\n\t\t\t<\/div>\n\t\t\t\t<\/div>\n\t\t\t<\/div><div class=\"et_pb_module ba_animated_text ba_animated_text_1\">\n\t\t\t\t\n\t\t\t\t\n\t\t\t\t\n\t\t\t\t\n\t\t\t\t\n\t\t\t\t\n\t\t\t\t<div class=\"et_pb_module_inner\">\n\t\t\t\t\t<div id=\"dtq-animated-text-1\" class=\"dtq-module dtq-animated-text dtq-front\" data-settings=\"[]\" data-type=\"\u00bbslide\u00bb\">\n\t\t\t\t<h3 class=\"dtq-animated-text-head\">\n\t\t\t\t\t  \n\t\t\t\t<\/h3>\n\t\t\t<\/div>\n\t\t\t\t<\/div>\n\t\t\t<\/div><\/p>\n","protected":false},"author":18,"featured_media":0,"parent":0,"menu_order":0,"comment_status":"closed","ping_status":"closed","template":"","meta":{"_et_pb_use_builder":"on","_et_pb_old_content":"","_et_gb_content_width":"","content-type":"","footnotes":""},"dipi_cpt_category":[],"folder":[],"class_list":["post-21247043","page","type-page","status-publish","hentry"],"yoast_head":"<!-- This site is optimized with the Yoast SEO plugin v27.5 - https:\/\/yoast.com\/product\/yoast-seo-wordpress\/ -->\n<title>Qui\u00e9nes somos - ImproActif<\/title>\n<meta name=\"robots\" content=\"index, follow, max-snippet:-1, max-image-preview:large, max-video-preview:-1\" \/>\n<link rel=\"canonical\" href=\"https:\/\/improactif.com\/es\/quienes-somos\/\" \/>\n<meta property=\"og:locale\" content=\"es_ES\" \/>\n<meta property=\"og:type\" content=\"article\" \/>\n<meta property=\"og:title\" content=\"Qui\u00e9nes somos - ImproActif\" \/>\n<meta property=\"og:url\" content=\"https:\/\/improactif.com\/es\/quienes-somos\/\" \/>\n<meta property=\"og:site_name\" content=\"ImproActif\" \/>\n<meta property=\"article:modified_time\" content=\"2024-11-15T13:39:55+00:00\" \/>\n<meta property=\"og:image\" content=\"https:\/\/improactif.com\/wp-content\/uploads\/2024\/11\/logo-improactif.webp\" \/>\n\t<meta property=\"og:image:width\" content=\"1105\" \/>\n\t<meta property=\"og:image:height\" content=\"606\" \/>\n\t<meta property=\"og:image:type\" content=\"image\/webp\" \/>\n<meta name=\"twitter:card\" content=\"summary_large_image\" \/>\n<meta name=\"twitter:description\" content=\"[ba_animated_text prefix=&quot;APASIONADOS DEL SECTOR&quot; animated_text=&quot;%91{%22valor%22:%22%22,%22comprobado%22:0,%22dragID%22:-1}%93&quot; animation_type=&quot;slide&quot; slide_animation=&quot;fadeIn&quot; slide_gap=&quot;2000ms&quot; text_alignment=&quot;center&quot; layout=&quot;block&quot; prefix_padding=&quot;10px|10px|10px|0px|true|false&quot; animated_padding=&quot;10px|10px|10px|10px|true|true&quot; animated_bg=&quot;RGBA(255,255,255,0)&quot; text_alignment_tablet=&quot;left&quot; text_alignment_phone=&quot;left&quot; text_alignment_last_edited=&quot;on|tablet&quot; animated_padding_tablet=&quot;10px|10px|0px|10px|false|true&quot; animated_padding_phone=&quot;10px|10px|0px|10px|false|true&quot; animated_padding_last_edited=&quot;on|tablet&quot; disabled_on=&quot;off|off|off&quot; _builder_version=&quot;4.27.0&quot; _module_preset=&quot;default&quot; animated_level=&quot;h1&quot; animated_font=&quot;|700||on|||||&quot; animated_text_color=&quot;#000000&quot; animated_font_size=&quot;36px&quot; prefix_font=&quot;|800|||||||&quot; custom_margin=&quot;||-3%||false|false&quot; custom_margin_tablet=&quot;||-3%||false|false&quot; custom_margin_phone=&quot;||-6%||false|false&quot; custom_margin_last_edited=&quot;on|phone&quot; custom_padding=&quot;||||false|false&quot; animated_font_size_tablet=&quot;30px&quot; animated_font_size_phone=&quot;20px&quot; animated_font_size_last_edited=&quot;on|phone&quot; global_colors_info=&quot;{}&quot;][\/ba_animated_text][ba_animated_text animated_text=&quot;%91{%22valor%22:%22escuchar tus necesidades%22,%22comprobado%22:0,%22dragID%22:-1,%22value%22:%22a la escucha de sus necesidades%22,%22checked%22:0}%93&quot; animation_type=&quot;slide&quot; slide_animation=&quot;fadeIn&quot; slide_gap=&quot;2000ms&quot; text_alignment=&quot;center&quot; prefix_padding=&quot;10px|10px|10px|0px|true|false&quot; animated_padding=&quot;10px|10px|10px|10px|true|true&quot; animated_bg=&quot;#000000&quot; animated_stroke_color=&quot;#FFFFFF&quot; text_alignment_tablet=&quot;left&quot; text_alignment_phone=&quot;left&quot; text_alignment_last_edited=&quot;on|tablet&quot; [&hellip;]\" \/>\n<meta name=\"twitter:label1\" content=\"Tiempo de lectura\" \/>\n\t<meta name=\"twitter:data1\" content=\"82 minutos\" \/>\n<script type=\"application\/ld+json\" class=\"yoast-schema-graph\">{\"@context\":\"https:\\\/\\\/schema.org\",\"@graph\":[{\"@type\":\"WebPage\",\"@id\":\"https:\\\/\\\/improactif.com\\\/es\\\/quienes-somos\\\/\",\"url\":\"https:\\\/\\\/improactif.com\\\/es\\\/quienes-somos\\\/\",\"name\":\"Qui\u00e9nes somos - ImproActif\",\"isPartOf\":{\"@id\":\"https:\\\/\\\/improactif.com\\\/es\\\/#website\"},\"primaryImageOfPage\":{\"@id\":\"https:\\\/\\\/improactif.com\\\/es\\\/quienes-somos\\\/#primaryimage\"},\"image\":{\"@id\":\"https:\\\/\\\/improactif.com\\\/es\\\/quienes-somos\\\/#primaryimage\"},\"thumbnailUrl\":\"https:\\\/\\\/improactif.com\\\/wp-content\\\/uploads\\\/2024\\\/01\\\/ImproActif-Icone-20-14.svg\",\"datePublished\":\"2023-11-23T16:41:27+00:00\",\"dateModified\":\"2024-11-15T13:39:55+00:00\",\"breadcrumb\":{\"@id\":\"https:\\\/\\\/improactif.com\\\/es\\\/quienes-somos\\\/#breadcrumb\"},\"inLanguage\":\"es\",\"potentialAction\":[{\"@type\":\"ReadAction\",\"target\":[\"https:\\\/\\\/improactif.com\\\/es\\\/quienes-somos\\\/\"]}]},{\"@type\":\"ImageObject\",\"inLanguage\":\"es\",\"@id\":\"https:\\\/\\\/improactif.com\\\/es\\\/quienes-somos\\\/#primaryimage\",\"url\":\"https:\\\/\\\/improactif.com\\\/wp-content\\\/uploads\\\/2024\\\/01\\\/ImproActif-Icone-20-14.svg\",\"contentUrl\":\"https:\\\/\\\/improactif.com\\\/wp-content\\\/uploads\\\/2024\\\/01\\\/ImproActif-Icone-20-14.svg\"},{\"@type\":\"BreadcrumbList\",\"@id\":\"https:\\\/\\\/improactif.com\\\/es\\\/quienes-somos\\\/#breadcrumb\",\"itemListElement\":[{\"@type\":\"ListItem\",\"position\":1,\"name\":\"Accueil\",\"item\":\"https:\\\/\\\/improactif.com\\\/es\\\/\"},{\"@type\":\"ListItem\",\"position\":2,\"name\":\"Qui\u00e9nes somos\"}]},{\"@type\":\"WebSite\",\"@id\":\"https:\\\/\\\/improactif.com\\\/es\\\/#website\",\"url\":\"https:\\\/\\\/improactif.com\\\/es\\\/\",\"name\":\"ImproActif\",\"description\":\"\",\"potentialAction\":[{\"@type\":\"SearchAction\",\"target\":{\"@type\":\"EntryPoint\",\"urlTemplate\":\"https:\\\/\\\/improactif.com\\\/es\\\/?s={search_term_string}\"},\"query-input\":{\"@type\":\"PropertyValueSpecification\",\"valueRequired\":true,\"valueName\":\"search_term_string\"}}],\"inLanguage\":\"es\"}]}<\/script>\n<!-- \/ Yoast SEO plugin. -->","yoast_head_json":{"title":"Qui\u00e9nes somos - ImproActif","robots":{"index":"index","follow":"follow","max-snippet":"max-snippet:-1","max-image-preview":"max-image-preview:large","max-video-preview":"max-video-preview:-1"},"canonical":"https:\/\/improactif.com\/es\/quienes-somos\/","og_locale":"es_ES","og_type":"article","og_title":"Qui\u00e9nes somos - ImproActif","og_url":"https:\/\/improactif.com\/es\/quienes-somos\/","og_site_name":"ImproActif","article_modified_time":"2024-11-15T13:39:55+00:00","og_image":[{"width":1105,"height":606,"url":"https:\/\/improactif.com\/wp-content\/uploads\/2024\/11\/logo-improactif.webp","type":"image\/webp"}],"twitter_card":"summary_large_image","twitter_description":"[ba_animated_text prefix=\"APASIONADOS DEL SECTOR\" animated_text=\"%91{%22valor%22:%22%22,%22comprobado%22:0,%22dragID%22:-1}%93\" animation_type=\"slide\" slide_animation=\"fadeIn\" slide_gap=\"2000ms\" text_alignment=\"center\" layout=\"block\" prefix_padding=\"10px|10px|10px|0px|true|false\" animated_padding=\"10px|10px|10px|10px|true|true\" animated_bg=\"RGBA(255,255,255,0)\" text_alignment_tablet=\"left\" text_alignment_phone=\"left\" text_alignment_last_edited=\"on|tablet\" animated_padding_tablet=\"10px|10px|0px|10px|false|true\" animated_padding_phone=\"10px|10px|0px|10px|false|true\" animated_padding_last_edited=\"on|tablet\" disabled_on=\"off|off|off\" _builder_version=\"4.27.0\" _module_preset=\"default\" animated_level=\"h1\" animated_font=\"|700||on|||||\" animated_text_color=\"#000000\" animated_font_size=\"36px\" prefix_font=\"|800|||||||\" custom_margin=\"||-3%||false|false\" custom_margin_tablet=\"||-3%||false|false\" custom_margin_phone=\"||-6%||false|false\" custom_margin_last_edited=\"on|phone\" custom_padding=\"||||false|false\" animated_font_size_tablet=\"30px\" animated_font_size_phone=\"20px\" animated_font_size_last_edited=\"on|phone\" global_colors_info=\"{}\"][\/ba_animated_text][ba_animated_text animated_text=\"%91{%22valor%22:%22escuchar tus necesidades%22,%22comprobado%22:0,%22dragID%22:-1,%22value%22:%22a la escucha de sus necesidades%22,%22checked%22:0}%93\" animation_type=\"slide\" slide_animation=\"fadeIn\" slide_gap=\"2000ms\" text_alignment=\"center\" prefix_padding=\"10px|10px|10px|0px|true|false\" animated_padding=\"10px|10px|10px|10px|true|true\" animated_bg=\"#000000\" animated_stroke_color=\"#FFFFFF\" text_alignment_tablet=\"left\" text_alignment_phone=\"left\" text_alignment_last_edited=\"on|tablet\" [&hellip;]","twitter_misc":{"Tiempo de lectura":"82 minutos"},"schema":{"@context":"https:\/\/schema.org","@graph":[{"@type":"WebPage","@id":"https:\/\/improactif.com\/es\/quienes-somos\/","url":"https:\/\/improactif.com\/es\/quienes-somos\/","name":"Qui\u00e9nes somos - ImproActif","isPartOf":{"@id":"https:\/\/improactif.com\/es\/#website"},"primaryImageOfPage":{"@id":"https:\/\/improactif.com\/es\/quienes-somos\/#primaryimage"},"image":{"@id":"https:\/\/improactif.com\/es\/quienes-somos\/#primaryimage"},"thumbnailUrl":"https:\/\/improactif.com\/wp-content\/uploads\/2024\/01\/ImproActif-Icone-20-14.svg","datePublished":"2023-11-23T16:41:27+00:00","dateModified":"2024-11-15T13:39:55+00:00","breadcrumb":{"@id":"https:\/\/improactif.com\/es\/quienes-somos\/#breadcrumb"},"inLanguage":"es","potentialAction":[{"@type":"ReadAction","target":["https:\/\/improactif.com\/es\/quienes-somos\/"]}]},{"@type":"ImageObject","inLanguage":"es","@id":"https:\/\/improactif.com\/es\/quienes-somos\/#primaryimage","url":"https:\/\/improactif.com\/wp-content\/uploads\/2024\/01\/ImproActif-Icone-20-14.svg","contentUrl":"https:\/\/improactif.com\/wp-content\/uploads\/2024\/01\/ImproActif-Icone-20-14.svg"},{"@type":"BreadcrumbList","@id":"https:\/\/improactif.com\/es\/quienes-somos\/#breadcrumb","itemListElement":[{"@type":"ListItem","position":1,"name":"Accueil","item":"https:\/\/improactif.com\/es\/"},{"@type":"ListItem","position":2,"name":"Qui\u00e9nes somos"}]},{"@type":"WebSite","@id":"https:\/\/improactif.com\/es\/#website","url":"https:\/\/improactif.com\/es\/","name":"ImproActif","description":"","potentialAction":[{"@type":"SearchAction","target":{"@type":"EntryPoint","urlTemplate":"https:\/\/improactif.com\/es\/?s={search_term_string}"},"query-input":{"@type":"PropertyValueSpecification","valueRequired":true,"valueName":"search_term_string"}}],"inLanguage":"es"}]}},"_links":{"self":[{"href":"https:\/\/improactif.com\/es\/wp-json\/wp\/v2\/pages\/21247043","targetHints":{"allow":["GET"]}}],"collection":[{"href":"https:\/\/improactif.com\/es\/wp-json\/wp\/v2\/pages"}],"about":[{"href":"https:\/\/improactif.com\/es\/wp-json\/wp\/v2\/types\/page"}],"author":[{"embeddable":true,"href":"https:\/\/improactif.com\/es\/wp-json\/wp\/v2\/users\/18"}],"replies":[{"embeddable":true,"href":"https:\/\/improactif.com\/es\/wp-json\/wp\/v2\/comments?post=21247043"}],"version-history":[{"count":6,"href":"https:\/\/improactif.com\/es\/wp-json\/wp\/v2\/pages\/21247043\/revisions"}],"predecessor-version":[{"id":21248505,"href":"https:\/\/improactif.com\/es\/wp-json\/wp\/v2\/pages\/21247043\/revisions\/21248505"}],"wp:attachment":[{"href":"https:\/\/improactif.com\/es\/wp-json\/wp\/v2\/media?parent=21247043"}],"wp:term":[{"taxonomy":"dipi_cpt_category","embeddable":true,"href":"https:\/\/improactif.com\/es\/wp-json\/wp\/v2\/dipi_cpt_category?post=21247043"},{"taxonomy":"folder","embeddable":true,"href":"https:\/\/improactif.com\/es\/wp-json\/wp\/v2\/folder?post=21247043"}],"curies":[{"name":"wp","href":"https:\/\/api.w.org\/{rel}","templated":true}]}}